{"id":651,"date":"2022-02-11T18:20:21","date_gmt":"2022-02-11T17:20:21","guid":{"rendered":"https:\/\/agrafa.asp.katowice.pl\/?post_type=person&#038;p=651"},"modified":"2026-04-15T10:39:06","modified_gmt":"2026-04-15T09:39:06","slug":"gregor-strutz","status":"publish","type":"person","link":"https:\/\/agrafa.asp.katowice.pl\/en\/osoba\/gregor-strutz\/","title":{"rendered":"Gregor Strutz"},"content":{"rendered":"\n<p class=\"is-style-indent\">Po uko\u0144czeniu studi\u00f3w Gregor Strutz pocz\u0105tkowo specjalizowa\u0142 si\u0119 w rozwi\u0105zaniach projektowych dla os\u00f3b niewidomych i niedowidz\u0105cych. W 2013 roku otrzyma\u0142 presti\u017cow\u0105 nagrod\u0119 Design for All Foundation Award za ksi\u0105\u017ck\u0119 <em>The Golden Age<\/em>. Wraz z za\u0142o\u017ceniem studia inkl. Design w 2015 roku we wsp\u00f3\u0142pracy z ekspertami zacz\u0105\u0142 pog\u0142\u0119bia\u0107 kompetencje z zakresu projektowania w\u0142\u0105czaj\u0105cego. Strutz od 2015 roku wyk\u0142ada na kierunku wzornictwa przemys\u0142owego na HTW w Berlinie, a od 2017 roku uczy go\u015bcinnie w National Institute of Design w Bangalore w Indiach.<br \/><br \/><mark class=\"has-inline-color has-brand-color\"><a href=\"http:\/\/www.inkl.design\" target=\"_blank\" rel=\"noreferrer noopener\">www.inkl.design<\/a><\/mark><\/p>\n\n<h2 class=\"wp-block-heading\" id=\"projektowanie-wlaczajace-jako-wyzwanie-dostepnosc-dla-wszystkich\">Projektowanie w\u0142\u0105czaj\u0105ce jako wyzwanie: Dost\u0119pno\u015b\u0107 dla wszystkich!<\/h2>\n\n<p class=\"is-style-indent\">Design for All, Universal Design, Inclusive Design \u2014 nazwij to jak chcesz. Dop\u00f3ki za\u0142o\u017cenie jest w\u0142a\u015bciwe, wszystkie te terminy \u0142\u0105czy odmienna koncepcja projektowania. Projektowania skierowanego na ludzi, takich jakimi s\u0105 wprowadzaj\u0105cego w \u017cycie ide\u0119 w\u0142\u0105czania.<\/p>\n\n<p class=\"is-style-indent\">Projektowanie w\u0142\u0105czaj\u0105ce stawia u\u017cytkownika w centrum procesu projektowania. Rozpoznaje i uwzgl\u0119dnia r\u00f3\u017cnorodno\u015b\u0107 os\u00f3b niepe\u0142nosprawnych i pe\u0142nosprawnych, ich zr\u00f3\u017cnicowane potrzeby i oczekiwania. Dla projektanta to du\u017ce wyzwanie. W przypadku powstaj\u0105cych produkt\u00f3w, wn\u0119trz czy us\u0142ug mamy do czynienia z projektowaniem dla spo\u0142ecze\u0144stwa przysz\u0142o\u015bci.<\/p>\n","protected":false},"featured_media":649,"template":"","meta":{"_acf_changed":false,"footnotes":"","_agrafa_person_website":"","_agrafa_person_firstname":"","_agrafa_person_lastname":"","_agrafa_person_origin":"","_agrafa_person_instagram":"","_agrafa_person_behance":"","_agrafa_person_description":""},"edition":[],"class_list":["post-651","person","type-person","status-publish","has-post-thumbnail","hentry"],"acf":[],"yoast_head":"<!-- This site is optimized with the Yoast SEO plugin v27.3 - https:\/\/yoast.com\/product\/yoast-seo-wordpress\/ -->\n<title>Gregor Strutz - AGRAFA<\/title>\n<meta name=\"robots\" content=\"index, follow, max-snippet:-1, max-image-preview:large, max-video-preview:-1\" \/>\n<link rel=\"canonical\" href=\"https:\/\/agrafa.asp.katowice.pl\/en\/osoba\/gregor-strutz\/\" \/>\n<meta property=\"og:locale\" content=\"en_US\" \/>\n<meta property=\"og:type\" content=\"article\" \/>\n<meta property=\"og:title\" content=\"Gregor Strutz - AGRAFA\" \/>\n<meta property=\"og:description\" content=\"Po uko\u0144czeniu studi\u00f3w Gregor Strutz pocz\u0105tkowo specjalizowa\u0142 si\u0119 w rozwi\u0105zaniach projektowych dla os\u00f3b niewidomych i niedowidz\u0105cych. W 2013 roku otrzyma\u0142 presti\u017cow\u0105 nagrod\u0119 Design for All Foundation Award za ksi\u0105\u017ck\u0119 The Golden Age. Wraz z za\u0142o\u017ceniem studia inkl. Design w 2015 roku we wsp\u00f3\u0142pracy z ekspertami zacz\u0105\u0142 pog\u0142\u0119bia\u0107 kompetencje z zakresu projektowania w\u0142\u0105czaj\u0105cego. Strutz od 2015 roku wyk\u0142ada na kierunku wzornictwa przemys\u0142owego na HTW w Berlinie, a od 2017 roku uczy go\u015bcinnie w National Institute of Design w Bangalore w Indiach. www.inkl.design Projektowanie w\u0142\u0105czaj\u0105ce jako wyzwanie: Dost\u0119pno\u015b\u0107 dla wszystkich! Design for All, Universal Design, Inclusive Design \u2014 nazwij to jak chcesz. [&hellip;]\" \/>\n<meta property=\"og:url\" content=\"https:\/\/agrafa.asp.katowice.pl\/en\/osoba\/gregor-strutz\/\" \/>\n<meta property=\"og:site_name\" content=\"AGRAFA\" \/>\n<meta property=\"article:modified_time\" content=\"2026-04-15T09:39:06+00:00\" \/>\n<meta property=\"og:image\" content=\"https:\/\/i0.wp.com\/agrafa.asp.katowice.pl\/wp-content\/uploads\/2022\/02\/Gregor-Strutz.png?fit=1000%2C1000&ssl=1\" \/>\n\t<meta property=\"og:image:width\" content=\"1000\" \/>\n\t<meta property=\"og:image:height\" content=\"1000\" \/>\n\t<meta property=\"og:image:type\" content=\"image\/png\" \/>\n<meta name=\"twitter:card\" content=\"summary_large_image\" \/>\n<meta name=\"twitter:label1\" content=\"Est. reading time\" \/>\n\t<meta name=\"twitter:data1\" content=\"2 minutes\" \/>\n<script type=\"application\/ld+json\" class=\"yoast-schema-graph\">{\"@context\":\"https:\\\/\\\/schema.org\",\"@graph\":[{\"@type\":\"WebPage\",\"@id\":\"https:\\\/\\\/agrafa.asp.katowice.pl\\\/en\\\/osoba\\\/gregor-strutz\\\/\",\"url\":\"https:\\\/\\\/agrafa.asp.katowice.pl\\\/en\\\/osoba\\\/gregor-strutz\\\/\",\"name\":\"Gregor Strutz - AGRAFA\",\"isPartOf\":{\"@id\":\"https:\\\/\\\/agrafa.asp.katowice.pl\\\/#website\"},\"primaryImageOfPage\":{\"@id\":\"https:\\\/\\\/agrafa.asp.katowice.pl\\\/en\\\/osoba\\\/gregor-strutz\\\/#primaryimage\"},\"image\":{\"@id\":\"https:\\\/\\\/agrafa.asp.katowice.pl\\\/en\\\/osoba\\\/gregor-strutz\\\/#primaryimage\"},\"thumbnailUrl\":\"https:\\\/\\\/i0.wp.com\\\/agrafa.asp.katowice.pl\\\/wp-content\\\/uploads\\\/2022\\\/02\\\/Gregor-Strutz.png?fit=1000%2C1000&ssl=1\",\"datePublished\":\"2022-02-11T17:20:21+00:00\",\"dateModified\":\"2026-04-15T09:39:06+00:00\",\"breadcrumb\":{\"@id\":\"https:\\\/\\\/agrafa.asp.katowice.pl\\\/en\\\/osoba\\\/gregor-strutz\\\/#breadcrumb\"},\"inLanguage\":\"en-US\",\"potentialAction\":[{\"@type\":\"ReadAction\",\"target\":[\"https:\\\/\\\/agrafa.asp.katowice.pl\\\/en\\\/osoba\\\/gregor-strutz\\\/\"]}]},{\"@type\":\"ImageObject\",\"inLanguage\":\"en-US\",\"@id\":\"https:\\\/\\\/agrafa.asp.katowice.pl\\\/en\\\/osoba\\\/gregor-strutz\\\/#primaryimage\",\"url\":\"https:\\\/\\\/i0.wp.com\\\/agrafa.asp.katowice.pl\\\/wp-content\\\/uploads\\\/2022\\\/02\\\/Gregor-Strutz.png?fit=1000%2C1000&ssl=1\",\"contentUrl\":\"https:\\\/\\\/i0.wp.com\\\/agrafa.asp.katowice.pl\\\/wp-content\\\/uploads\\\/2022\\\/02\\\/Gregor-Strutz.png?fit=1000%2C1000&ssl=1\",\"width\":1000,\"height\":1000,\"caption\":\"zdj\u0119cie Gregor Strutz\"},{\"@type\":\"BreadcrumbList\",\"@id\":\"https:\\\/\\\/agrafa.asp.katowice.pl\\\/en\\\/osoba\\\/gregor-strutz\\\/#breadcrumb\",\"itemListElement\":[{\"@type\":\"ListItem\",\"position\":1,\"name\":\"Home\",\"item\":\"https:\\\/\\\/agrafa.asp.katowice.pl\\\/en\\\/\"},{\"@type\":\"ListItem\",\"position\":2,\"name\":\"Gregor Strutz\"}]},{\"@type\":\"WebSite\",\"@id\":\"https:\\\/\\\/agrafa.asp.katowice.pl\\\/#website\",\"url\":\"https:\\\/\\\/agrafa.asp.katowice.pl\\\/\",\"name\":\"AGRAFA\",\"description\":\"International design conference &amp; review\",\"potentialAction\":[{\"@type\":\"SearchAction\",\"target\":{\"@type\":\"EntryPoint\",\"urlTemplate\":\"https:\\\/\\\/agrafa.asp.katowice.pl\\\/?s={search_term_string}\"},\"query-input\":{\"@type\":\"PropertyValueSpecification\",\"valueRequired\":true,\"valueName\":\"search_term_string\"}}],\"inLanguage\":\"en-US\"}]}<\/script>\n<!-- \/ Yoast SEO plugin. -->","yoast_head_json":{"title":"Gregor Strutz - AGRAFA","robots":{"index":"index","follow":"follow","max-snippet":"max-snippet:-1","max-image-preview":"max-image-preview:large","max-video-preview":"max-video-preview:-1"},"canonical":"https:\/\/agrafa.asp.katowice.pl\/en\/osoba\/gregor-strutz\/","og_locale":"en_US","og_type":"article","og_title":"Gregor Strutz - AGRAFA","og_description":"Po uko\u0144czeniu studi\u00f3w Gregor Strutz pocz\u0105tkowo specjalizowa\u0142 si\u0119 w rozwi\u0105zaniach projektowych dla os\u00f3b niewidomych i niedowidz\u0105cych. W 2013 roku otrzyma\u0142 presti\u017cow\u0105 nagrod\u0119 Design for All Foundation Award za ksi\u0105\u017ck\u0119 The Golden Age. Wraz z za\u0142o\u017ceniem studia inkl. Design w 2015 roku we wsp\u00f3\u0142pracy z ekspertami zacz\u0105\u0142 pog\u0142\u0119bia\u0107 kompetencje z zakresu projektowania w\u0142\u0105czaj\u0105cego. Strutz od 2015 roku wyk\u0142ada na kierunku wzornictwa przemys\u0142owego na HTW w Berlinie, a od 2017 roku uczy go\u015bcinnie w National Institute of Design w Bangalore w Indiach. www.inkl.design Projektowanie w\u0142\u0105czaj\u0105ce jako wyzwanie: Dost\u0119pno\u015b\u0107 dla wszystkich! Design for All, Universal Design, Inclusive Design \u2014 nazwij to jak chcesz. [&hellip;]","og_url":"https:\/\/agrafa.asp.katowice.pl\/en\/osoba\/gregor-strutz\/","og_site_name":"AGRAFA","article_modified_time":"2026-04-15T09:39:06+00:00","og_image":[{"width":1000,"height":1000,"url":"https:\/\/i0.wp.com\/agrafa.asp.katowice.pl\/wp-content\/uploads\/2022\/02\/Gregor-Strutz.png?fit=1000%2C1000&ssl=1","type":"image\/png"}],"twitter_card":"summary_large_image","twitter_misc":{"Est. reading time":"2 minutes"},"schema":{"@context":"https:\/\/schema.org","@graph":[{"@type":"WebPage","@id":"https:\/\/agrafa.asp.katowice.pl\/en\/osoba\/gregor-strutz\/","url":"https:\/\/agrafa.asp.katowice.pl\/en\/osoba\/gregor-strutz\/","name":"Gregor Strutz - AGRAFA","isPartOf":{"@id":"https:\/\/agrafa.asp.katowice.pl\/#website"},"primaryImageOfPage":{"@id":"https:\/\/agrafa.asp.katowice.pl\/en\/osoba\/gregor-strutz\/#primaryimage"},"image":{"@id":"https:\/\/agrafa.asp.katowice.pl\/en\/osoba\/gregor-strutz\/#primaryimage"},"thumbnailUrl":"https:\/\/i0.wp.com\/agrafa.asp.katowice.pl\/wp-content\/uploads\/2022\/02\/Gregor-Strutz.png?fit=1000%2C1000&ssl=1","datePublished":"2022-02-11T17:20:21+00:00","dateModified":"2026-04-15T09:39:06+00:00","breadcrumb":{"@id":"https:\/\/agrafa.asp.katowice.pl\/en\/osoba\/gregor-strutz\/#breadcrumb"},"inLanguage":"en-US","potentialAction":[{"@type":"ReadAction","target":["https:\/\/agrafa.asp.katowice.pl\/en\/osoba\/gregor-strutz\/"]}]},{"@type":"ImageObject","inLanguage":"en-US","@id":"https:\/\/agrafa.asp.katowice.pl\/en\/osoba\/gregor-strutz\/#primaryimage","url":"https:\/\/i0.wp.com\/agrafa.asp.katowice.pl\/wp-content\/uploads\/2022\/02\/Gregor-Strutz.png?fit=1000%2C1000&ssl=1","contentUrl":"https:\/\/i0.wp.com\/agrafa.asp.katowice.pl\/wp-content\/uploads\/2022\/02\/Gregor-Strutz.png?fit=1000%2C1000&ssl=1","width":1000,"height":1000,"caption":"zdj\u0119cie Gregor Strutz"},{"@type":"BreadcrumbList","@id":"https:\/\/agrafa.asp.katowice.pl\/en\/osoba\/gregor-strutz\/#breadcrumb","itemListElement":[{"@type":"ListItem","position":1,"name":"Home","item":"https:\/\/agrafa.asp.katowice.pl\/en\/"},{"@type":"ListItem","position":2,"name":"Gregor Strutz"}]},{"@type":"WebSite","@id":"https:\/\/agrafa.asp.katowice.pl\/#website","url":"https:\/\/agrafa.asp.katowice.pl\/","name":"AGRAFA","description":"International design conference &amp; review","potentialAction":[{"@type":"SearchAction","target":{"@type":"EntryPoint","urlTemplate":"https:\/\/agrafa.asp.katowice.pl\/?s={search_term_string}"},"query-input":{"@type":"PropertyValueSpecification","valueRequired":true,"valueName":"search_term_string"}}],"inLanguage":"en-US"}]}},"_links":{"self":[{"href":"https:\/\/agrafa.asp.katowice.pl\/en\/wp-json\/wp\/v2\/person\/651","targetHints":{"allow":["GET"]}}],"collection":[{"href":"https:\/\/agrafa.asp.katowice.pl\/en\/wp-json\/wp\/v2\/person"}],"about":[{"href":"https:\/\/agrafa.asp.katowice.pl\/en\/wp-json\/wp\/v2\/types\/person"}],"version-history":[{"count":15,"href":"https:\/\/agrafa.asp.katowice.pl\/en\/wp-json\/wp\/v2\/person\/651\/revisions"}],"predecessor-version":[{"id":10827,"href":"https:\/\/agrafa.asp.katowice.pl\/en\/wp-json\/wp\/v2\/person\/651\/revisions\/10827"}],"wp:featuredmedia":[{"embeddable":true,"href":"https:\/\/agrafa.asp.katowice.pl\/en\/wp-json\/wp\/v2\/media\/649"}],"wp:attachment":[{"href":"https:\/\/agrafa.asp.katowice.pl\/en\/wp-json\/wp\/v2\/media?parent=651"}],"wp:term":[{"taxonomy":"edition","embeddable":true,"href":"https:\/\/agrafa.asp.katowice.pl\/en\/wp-json\/wp\/v2\/edition?post=651"}],"curies":[{"name":"wp","href":"https:\/\/api.w.org\/{rel}","templated":true}]}}