{"id":12080,"date":"2026-04-18T12:00:03","date_gmt":"2026-04-18T11:00:03","guid":{"rendered":"https:\/\/agrafa.asp.katowice.pl\/?page_id=12080"},"modified":"2026-04-29T05:35:58","modified_gmt":"2026-04-29T04:35:58","slug":"conference-26-etap-3","status":"publish","type":"page","link":"https:\/\/agrafa.asp.katowice.pl\/en\/","title":{"rendered":"Conference AGRAFA"},"content":{"rendered":"\n<div class=\"wp-block-group alignwide\"><div class=\"wp-block-group__inner-container is-layout-constrained wp-block-group-is-layout-constrained\">\n<div class=\"wp-block-columns is-layout-flex wp-container-core-columns-is-layout-9d6595d7 wp-block-columns-is-layout-flex\">\n<div class=\"wp-block-column is-layout-flow wp-block-column-is-layout-flow\" style=\"flex-basis:100%\">\n<div class=\"wp-block-group alignfull\"><div class=\"wp-block-group__inner-container is-layout-constrained wp-block-group-is-layout-constrained\">\n<div class=\"wp-block-group\"><div class=\"wp-block-group__inner-container is-layout-constrained wp-block-group-is-layout-constrained\">\n<div class=\"wp-block-columns alignwide is-layout-flex wp-container-core-columns-is-layout-9d6595d7 wp-block-columns-is-layout-flex\">\n<div class=\"wp-block-column is-layout-flow wp-block-column-is-layout-flow\" style=\"flex-basis:100%\"><section class=\"c-main-image wp-block alignwide \">\n  <div class=\"c-main-image__inner\" style=\"margin-bottom: -3%\">\n          <picture>\n                <img loading=\"lazy\" decoding=\"async\" class=\"c-main-image__image\" src=\"https:\/\/i0.wp.com\/agrafa.asp.katowice.pl\/wp-content\/uploads\/2025\/10\/agrafa-baner-czarny-GIF.gif?fit=576%2C324&amp;ssl=1\" width=\"576\" height=\"324\" alt=\"alt=&quot;cycles.&quot;\">\n      <\/picture>\n      <\/div>\n<\/section>\n<\/div>\n<\/div>\n<\/div><\/div>\n<\/div><\/div>\n<\/div>\n<\/div>\n<\/div><\/div>\n\n\n\n<div class=\"wp-block-columns is-layout-flex wp-container-core-columns-is-layout-9d6595d7 wp-block-columns-is-layout-flex\">\n<div class=\"wp-block-column is-layout-flow wp-block-column-is-layout-flow\" style=\"flex-basis:100%\"><section class=\"c-main-image wp-block alignwide \">\n  <div class=\"c-main-image__inner\" style=\"margin-bottom: -3%\">\n          <picture>\n                \n      <\/picture>\n      <\/div>\n<\/section>\n<\/div>\n<\/div>\n\n\n<div class=\"c-sidebar-navigation wp-block-buttons-wrapper o-wrapper\">\n<div class=\"wp-block-buttons is-style-navigation is-vertical is-content-justification-left is-layout-flex wp-container-core-buttons-is-layout-c0ca7d81 wp-block-buttons-is-layout-flex\">\n<div class=\"wp-block-button\" id=\"agrafa-cycles\"><a class=\"wp-block-button__link wp-element-button\" href=\"#7th-international-design-conference-8-04-2022\">About event<\/a><\/div>\n\n\n\n<div class=\"wp-block-button\"><a class=\"wp-block-button__link wp-element-button\" href=\"#program\">Programme<\/a><\/div>\n\n\n\n<div class=\"wp-block-button\"><a class=\"wp-block-button__link wp-element-button\" href=\"#speakers\">Speakers<\/a><\/div>\n\n\n\n<div class=\"wp-block-button\"><a class=\"wp-block-button__link wp-element-button\" href=\"#review\">Review<\/a><\/div>\n\n\n\n<div class=\"wp-block-button\"><a class=\"wp-block-button__link wp-element-button\" href=\"#youngagrafa\">Young Agrafa<\/a><\/div>\n\n\n\n<div class=\"wp-block-button is-style-default\"><a class=\"wp-block-button__link wp-element-button\" href=\"#agrafateam\">Team<\/a><\/div>\n\n\n\n<div class=\"wp-block-button\"><a class=\"wp-block-button__link wp-element-button\" href=\"#map\">Map &amp; contact<\/a><\/div>\n\n\n\n<div class=\"wp-block-button is-style-primary\"><a class=\"wp-block-button__link wp-element-button\" data-registration-form-overlay href=\"https:\/\/agrafa.asp.katowice.pl\/en\/entry-form\/\">Register to the Conference<\/a><\/div>\n\n\n\n<div class=\"wp-block-button is-style-secondary\"><a class=\"wp-block-button__link wp-element-button\" href=\"https:\/\/agrafa.asp.katowice.pl\/praca\/conference-photos-24\/\">Photo gallery 2024<\/a><\/div>\n<\/div>\n<\/div>\n\n<aside class=\"c-aside-image wp-block alignfull  is-style-right\">\n      <div class=\"c-aside-image__inner\" style=\"\">\n    <img loading=\"lazy\" decoding=\"async\" class=\"c-aside-image__image\" src=\"https:\/\/i0.wp.com\/agrafa.asp.katowice.pl\/wp-content\/uploads\/2025\/10\/drobna_grafika1.png?fit=428%2C914&amp;ssl=1\" width=\"428\" height=\"914\" alt=\"alt=&quot;&quot;\"srcset=\"https:\/\/i0.wp.com\/agrafa.asp.katowice.pl\/wp-content\/uploads\/2025\/10\/drobna_grafika1.png?w=428&#038;ssl=1 428w, https:\/\/i0.wp.com\/agrafa.asp.katowice.pl\/wp-content\/uploads\/2025\/10\/drobna_grafika1.png?resize=320%2C683&#038;ssl=1 320w, https:\/\/i0.wp.com\/agrafa.asp.katowice.pl\/wp-content\/uploads\/2025\/10\/drobna_grafika1.png?resize=360%2C769&#038;ssl=1 360w\"sizes=\"auto, calc(50vw - 350px)\" style=\"height: 400px\">\n  <\/div>\n<\/aside>\n\n\n\n<div class=\"wp-block-columns is-layout-flex wp-container-core-columns-is-layout-9d6595d7 wp-block-columns-is-layout-flex\">\n<div class=\"wp-block-column is-layout-flow wp-block-column-is-layout-flow\" style=\"flex-basis:100%\"><\/div>\n<\/div>\n\n\n\n<h1 class=\"wp-block-heading\" id=\"7th-international-design-conference-8-04-2022\"><mark style=\"background-color:rgba(0, 0, 0, 0);color:#00ffce\" class=\"has-inline-color\">14.5.\u201315.5. 2026<br><\/mark>9th International Design Conference &amp; 16th Review of Student Design <\/h1>\n\n\n\n\n<aside class=\"c-aside-image wp-block alignfull \">\n      <div class=\"c-aside-image__inner\" style=\"margin-top: 170px;\">\n    <img loading=\"lazy\" decoding=\"async\" class=\"c-aside-image__image\" src=\"https:\/\/i0.wp.com\/agrafa.asp.katowice.pl\/wp-content\/uploads\/2025\/10\/drobna_grafika4.png?fit=594%2C811&amp;ssl=1\" width=\"594\" height=\"811\" alt=\"alt=&quot;&quot;\"srcset=\"https:\/\/i0.wp.com\/agrafa.asp.katowice.pl\/wp-content\/uploads\/2025\/10\/drobna_grafika4.png?w=594&#038;ssl=1 594w, https:\/\/i0.wp.com\/agrafa.asp.katowice.pl\/wp-content\/uploads\/2025\/10\/drobna_grafika4.png?resize=320%2C437&#038;ssl=1 320w, https:\/\/i0.wp.com\/agrafa.asp.katowice.pl\/wp-content\/uploads\/2025\/10\/drobna_grafika4.png?resize=360%2C492&#038;ssl=1 360w\"sizes=\"auto, calc(50vw - 350px)\" style=\"height: 470px\">\n  <\/div>\n<\/aside>\n\n\n\n<h2 class=\"wp-block-heading has-h-3-font-size\" id=\"agrafa-cycles\" style=\"font-style:normal;font-weight:800;text-transform:capitalize\">AGRAFA 2026 \u2013 Cycles<\/h2>\n\n\n\n<p>This time, we would like to invite you to explore the multidimensional meaning of cycles in the world of design. We focus on a systemic approach to design, where every action generates complex reactions in interconnected areas. Our attention is centered on sustainable development and the circular economy, as well as natural cycles as a source of inspiration for contemporary design. The event reflects on the iterative nature of the design process and the role of time in design, exploring the tension between linear and cyclical perceptions of reality. We pay particular attention to the balance between technology and nature, and the role of the designer as a conscious agent of social change.<\/p>\n\n\n\n<p>The event will consist of:<\/p>\n\n\n\n<ul class=\"wp-block-list\">\n<li>an international conference<\/li>\n\n\n\n<li>an international review of student design<\/li>\n\n\n\n<li>a conference for young designers \u2013 students and doctoral students<\/li>\n\n\n\n<li>consultations, exhibitions, and workshops<\/li>\n<\/ul>\n\n\n\n<div style=\"height:100px\" aria-hidden=\"true\" class=\"wp-block-spacer\"><\/div>\n\n\n\n<h2 class=\"wp-block-heading has-h-1-font-size\" id=\"program\">AGRAFA&#8217;26 programme <\/h2>\n\n\n\n<div style=\"height:47px\" aria-hidden=\"true\" class=\"wp-block-spacer\"><\/div>\n\n\n\n<h2 class=\"wp-block-heading\" id=\"warsztatyprzedkonferencja\">Workshop before conference<\/h2>\n\n\n\n<div style=\"height:31px\" aria-hidden=\"true\" class=\"wp-block-spacer\"><\/div>\n\n\n<aside class=\"c-aside-image wp-block alignfull \">\n      <div class=\"c-aside-image__inner\" style=\"margin-top: 393px;\">\n    <img loading=\"lazy\" decoding=\"async\" class=\"c-aside-image__image\" src=\"https:\/\/i0.wp.com\/agrafa.asp.katowice.pl\/wp-content\/uploads\/2025\/10\/AGRAFA-www-kolor.png?fit=890%2C1904&amp;ssl=1\" width=\"890\" height=\"1904\" alt=\"AGRAFA www kolor\"srcset=\"https:\/\/i0.wp.com\/agrafa.asp.katowice.pl\/wp-content\/uploads\/2025\/10\/AGRAFA-www-kolor.png?w=890&#038;ssl=1 890w, https:\/\/i0.wp.com\/agrafa.asp.katowice.pl\/wp-content\/uploads\/2025\/10\/AGRAFA-www-kolor.png?resize=320%2C685&#038;ssl=1 320w, https:\/\/i0.wp.com\/agrafa.asp.katowice.pl\/wp-content\/uploads\/2025\/10\/AGRAFA-www-kolor.png?resize=768%2C1643&#038;ssl=1 768w, https:\/\/i0.wp.com\/agrafa.asp.katowice.pl\/wp-content\/uploads\/2025\/10\/AGRAFA-www-kolor.png?resize=718%2C1536&#038;ssl=1 718w, https:\/\/i0.wp.com\/agrafa.asp.katowice.pl\/wp-content\/uploads\/2025\/10\/AGRAFA-www-kolor.png?resize=360%2C770&#038;ssl=1 360w\"sizes=\"auto, calc(50vw - 350px)\" style=\"height: 640px\">\n  <\/div>\n<\/aside>\n\n\n\n<p id=\"22-04\"><strong>11.5.\u201314.5.2026<\/strong> | ASP Katowice, ul. Raciborska 50, Kino<\/p>\n\n\n\n<p>Workshops for students enrolled at the Academy of Fine Arts in Katowice or on a design course at another university within the Upper Silesian-Zag\u0142\u0119bie Metropolis.<\/p>\n\n\n<aside class=\"c-aside-image wp-block alignfull  is-style-right\">\n      <div class=\"c-aside-image__inner\" style=\"\">\n    \n  <\/div>\n<\/aside>\n\n\n\n<div class=\"wp-block-group is-nowrap is-layout-flex wp-container-core-group-is-layout-ad2f72ca wp-block-group-is-layout-flex\"><aside class=\"c-aside-image wp-block alignfull \">\n      <div class=\"c-aside-image__inner\" style=\"margin-top: 393px;\">\n    <img loading=\"lazy\" decoding=\"async\" class=\"c-aside-image__image\" src=\"https:\/\/i0.wp.com\/agrafa.asp.katowice.pl\/wp-content\/uploads\/2025\/10\/drobna_grafika3.png?fit=595%2C811&amp;ssl=1\" width=\"595\" height=\"811\" alt=\"drobna_grafika3\"srcset=\"https:\/\/i0.wp.com\/agrafa.asp.katowice.pl\/wp-content\/uploads\/2025\/10\/drobna_grafika3.png?w=595&#038;ssl=1 595w, https:\/\/i0.wp.com\/agrafa.asp.katowice.pl\/wp-content\/uploads\/2025\/10\/drobna_grafika3.png?resize=320%2C436&#038;ssl=1 320w, https:\/\/i0.wp.com\/agrafa.asp.katowice.pl\/wp-content\/uploads\/2025\/10\/drobna_grafika3.png?resize=360%2C491&#038;ssl=1 360w\"sizes=\"auto, calc(50vw - 350px)\" style=\"height: 800px\">\n  <\/div>\n<\/aside>\n\n\n<section class=\"c-accordion wp-block-agrafa-accordion\">\n  \n<div class=\"c-accordion__item wp-block-agrafa-accordion-item\">\n  <button type=\"button\" class=\"c-accordion__item-title\">\n    <strong>Workshop \u201eData Narratives: From data to stories\u201d | Jan Kubasiewicz <\/strong><br>      <mark style=\"background-color:rgba(0, 0, 0, 0)\" class=\"has-inline-color has-gray-color\"><\/mark>\n    <span class=\"c-accordion__item-icon\"><\/span>\n  <\/button>\n  <div class=\"c-accordion__item-content-wrapper\">\n    <div class=\"c-accordion__item-content u-text-smaller\">\n      \n\n<p><strong>3-days workshop<\/strong><\/p>\n\n\n\n<p>11.05 Monday 9.00\u201314.00<\/p>\n\n\n\n<p>12.05 Tuesday 9.00\u201314.00<\/p>\n\n\n\n<p>13.05 Wednesday 9.00\u201314.00<\/p>\n\n\n\n\n\n<p>The aim of the \u201cData Narratives: From data to stories\u201d workshop is to inspire students to create stories based on data analysis. Workshop participants should demonstrate an interest in data visualisation and storytelling, as well as possess basic experience and knowledge of video editing tools. <\/p>\n\n\n\n<p>During the workshop, students may work individually or in small teams of up to three people. The choice of workshop project topic is left to individual students or teams and should align with their interests, passions and current activities. <\/p>\n\n\n\n<p>The challenge for workshop participants is to tell a unique story based on data. The exploration begins with finding an interesting and compelling set of data on a chosen topic. During the data analysis, participants must uncover the unique story hidden within it and tell it in the form of a short film.<\/p>\n\n\n\n<p>ASP in Katowice, ul. Koszarowa 19, room 111\/112<\/p>\n\n\n\n<p>Registration: <a href=\"https:\/\/forms.gle\/MjsYYJ7qCKdvcLtZ7\" target=\"_blank\" rel=\"noreferrer noopener\">https:\/\/forms.gle\/MjsYYJ7qCKdvcLtZ7<\/a><\/p>\n\n\n\n<figure class=\"wp-block-image size-large\"><img data-recalc-dims=\"1\" loading=\"lazy\" decoding=\"async\" width=\"1024\" height=\"159\" src=\"https:\/\/i0.wp.com\/agrafa.asp.katowice.pl\/wp-content\/uploads\/2026\/04\/agrafa_26_GZM_3.png?resize=1024%2C159\" alt=\"\" class=\"wp-image-12178\" srcset=\"https:\/\/i0.wp.com\/agrafa.asp.katowice.pl\/wp-content\/uploads\/2026\/04\/agrafa_26_GZM_3.png?resize=1024%2C159&amp;ssl=1 1024w, https:\/\/i0.wp.com\/agrafa.asp.katowice.pl\/wp-content\/uploads\/2026\/04\/agrafa_26_GZM_3.png?resize=320%2C50&amp;ssl=1 320w, https:\/\/i0.wp.com\/agrafa.asp.katowice.pl\/wp-content\/uploads\/2026\/04\/agrafa_26_GZM_3.png?resize=768%2C120&amp;ssl=1 768w, https:\/\/i0.wp.com\/agrafa.asp.katowice.pl\/wp-content\/uploads\/2026\/04\/agrafa_26_GZM_3.png?resize=360%2C56&amp;ssl=1 360w, https:\/\/i0.wp.com\/agrafa.asp.katowice.pl\/wp-content\/uploads\/2026\/04\/agrafa_26_GZM_3.png?w=1400&amp;ssl=1 1400w\" sizes=\"auto, (max-width: 1000px) 100vw, 1000px\" \/><\/figure>\n\n\n\n<p><mark style=\"background-color:rgba(0, 0, 0, 0)\" class=\"has-inline-color has-gray-color\">The project \u201cJan Kubasiewicz. Technological Determinism | Educational Series\u201d was co-financed by the Upper Silesian-Zag\u0142\u0119bie Metropolis as part of the <em>Metropolitan Science Support Fund<\/em> programme.<\/mark><\/p>\n\n\n\n<p><a href=\"https:\/\/agrafa.asp.katowice.pl\/en\/osoba\/jan-kubasiewicz\/\">About Jan Kubasiewicz<\/a><\/p>\n\n\n    <\/div>\n  <\/div>\n<\/div>\n\n\n<\/section>\n<\/div>\n\n\n\n<div class=\"wp-block-buttons is-layout-flex wp-block-buttons-is-layout-flex\">\n<div class=\"wp-block-button is-style-primary\"><a class=\"wp-block-button__link wp-element-button\" href=\"https:\/\/forms.gle\/MjsYYJ7qCKdvcLtZ7\">Register<\/a><\/div>\n<\/div>\n\n\n\n<div style=\"height:100px\" aria-hidden=\"true\" class=\"wp-block-spacer\"><\/div>\n\n\n\n<h2 class=\"wp-block-heading\">Young Agrafa \u2013 14.05. 2026 <\/h2>\n\n\n\n<p><strong>14.05.2026 12 p.m.\u20133.45 p.m. <\/strong>| ASP Katowice, ul. Raciborska 50, Kino<\/p>\n\n\n\n<p>Please note! The event is open to everyone; no registration is required. The lectures will be delivered in English. All lectures will also be interpreted into Polish and Polish Sign Language.<\/p>\n\n\n<section class=\"c-accordion wp-block-agrafa-accordion\">\n  \n<div class=\"c-accordion__item wp-block-agrafa-accordion-item\">\n  <button type=\"button\" class=\"c-accordion__item-title\">\n    <strong>Konferencja Young Agrafa \u2013 program <span style=\"font-size: inherit;\">      <\/span><\/strong><mark style=\"background-color:rgba(0, 0, 0, 0)\" class=\"has-inline-color has-gray-color\"><\/mark>\n    <span class=\"c-accordion__item-icon\"><\/span>\n  <\/button>\n  <div class=\"c-accordion__item-content-wrapper\">\n    <div class=\"c-accordion__item-content u-text-smaller\">\n      \n\n<p>12 p.m. Introduction<\/p>\n\n\n\n<p><a href=\"https:\/\/agrafa.asp.katowice.pl\/en\/osoba\/kinga-klisz-2\/\">12.05 p.m.\u201312.15 p.m. <\/a><br><a href=\"https:\/\/agrafa.asp.katowice.pl\/en\/osoba\/kinga-klisz-2\/\"><strong>How to be a designer in the world of uncertainty? Liminality<\/strong><\/a><br><a href=\"https:\/\/agrafa.asp.katowice.pl\/en\/osoba\/kinga-klisz-2\/\"><strong>Kinga Klisz<\/strong><\/a><\/p>\n\n\n\n<p><a href=\"https:\/\/agrafa.asp.katowice.pl\/en\/osoba\/marianna-czwojdrak\/\">12.15 p.m.\u201312.25 p.m. <\/a><br><a href=\"https:\/\/agrafa.asp.katowice.pl\/en\/osoba\/marianna-czwojdrak\/\"><strong>Tool or catalyst? A critical analysis of AI agency in project-based teaching<\/strong><\/a><br><a href=\"https:\/\/agrafa.asp.katowice.pl\/en\/osoba\/marianna-czwojdrak\/\"><strong>Marianna Czwojdrak<\/strong><\/a><\/p>\n\n\n\n<p><a href=\"https:\/\/agrafa.asp.katowice.pl\/en\/osoba\/david-normington\/\">12.25 p.m.\u201312.35 p.m. <strong>Predictive Cycles: Generative AI \u2018hacking\u2019 as a design-tool to envision possible futures \u2013 David Normington<\/strong><\/a><\/p>\n\n\n\n<p>discussion<\/p>\n\n\n\n<p><a href=\"https:\/\/agrafa.asp.katowice.pl\/en\/osoba\/aleksandra-kortas\/\">12.40 p.m.\u201312.50p.m. <\/a><br><a href=\"https:\/\/agrafa.asp.katowice.pl\/en\/osoba\/aleksandra-kortas\/\"><strong>Beyond the 100 x 70<\/strong><\/a><br><a href=\"https:\/\/agrafa.asp.katowice.pl\/en\/osoba\/aleksandra-kortas\/\"><strong>Aleksandra Kortas<\/strong><\/a><\/p>\n\n\n\n<p><a href=\"https:\/\/agrafa.asp.katowice.pl\/en\/osoba\/tadeusz-niziolek\/\">12.50 p.m.\u20131 p.m. <\/a><br><a href=\"https:\/\/agrafa.asp.katowice.pl\/en\/osoba\/tadeusz-niziolek\/\"><strong>The Cycle of Doom of State Design \u2013 how does design\u2019s reputation make you wait longer for a doctor appointment?<\/strong><\/a><br><a href=\"https:\/\/agrafa.asp.katowice.pl\/en\/osoba\/tadeusz-niziolek\/\"><strong>Tadeusz Nizio\u0142ek<\/strong><\/a><\/p>\n\n\n\n<p><a href=\"https:\/\/agrafa.asp.katowice.pl\/en\/osoba\/wiktoria-slowik\/\">1 p.m.\u20131.10 p.m. <\/a><br><a href=\"https:\/\/agrafa.asp.katowice.pl\/en\/osoba\/wiktoria-slowik\/\"><strong>Interrupting the silence: the cycles of feminist interventions in public space<\/strong><\/a><br><a href=\"https:\/\/agrafa.asp.katowice.pl\/en\/osoba\/wiktoria-slowik\/\"><strong>Wiktoria S\u0142owik<\/strong><\/a><\/p>\n\n\n\n<p>discussion<\/p>\n\n\n\n<p><a href=\"https:\/\/agrafa.asp.katowice.pl\/en\/osoba\/agnieszka-kolodziejczak\/\">1.15 p.m.\u20131.45 p.m. <\/a><br><a href=\"https:\/\/agrafa.asp.katowice.pl\/en\/osoba\/agnieszka-kolodziejczak\/\"><strong>Rebellion as a strategy for visibility. Can art raise public awareness of the situation faced by deaf and hearing-impaired people?<\/strong><\/a><br><a href=\"https:\/\/agrafa.asp.katowice.pl\/en\/osoba\/agnieszka-kolodziejczak\/\"><strong>Agnieszka Ko\u0142odziejczak<\/strong><\/a><\/p>\n\n\n\n<p>coffee break<\/p>\n\n\n\n<p><a href=\"https:\/\/agrafa.asp.katowice.pl\/en\/osoba\/ziw-zespol-interwencji-wizualnej\/\">2.10 p.m.\u20132.20 p.m. <\/a><br><a href=\"https:\/\/agrafa.asp.katowice.pl\/en\/osoba\/ziw-zespol-interwencji-wizualnej\/\"><strong>Re-design in the real world<\/strong><\/a><br><a href=\"https:\/\/agrafa.asp.katowice.pl\/en\/osoba\/ziw-zespol-interwencji-wizualnej\/\"><strong><a href=\"https:\/\/agrafa.asp.katowice.pl\/en\/osoba\/ziw-zespol-interwencji-wizualnej\/\"><strong>ZIW \u2013 Zesp\u00f3\u0142 Interwencji Wizualnej<\/strong><\/a><\/strong><\/a><\/p>\n\n\n\n<p><a href=\"https:\/\/agrafa.asp.katowice.pl\/en\/osoba\/julia-korzec-2\/\">2.20 p.m.\u20132.30 p.m. <\/a><br><a href=\"https:\/\/agrafa.asp.katowice.pl\/en\/osoba\/julia-korzec-2\/\"><strong>Symbiotic design. Can furniture grow roots?<\/strong><\/a><br><a href=\"https:\/\/agrafa.asp.katowice.pl\/en\/osoba\/julia-korzec-2\/\"><strong>Julia Korzec<\/strong><\/a><\/p>\n\n\n\n<p><a href=\"https:\/\/agrafa.asp.katowice.pl\/en\/osoba\/yaroslava-onokhina\/\">2.30 p.m.\u20132.40 p.m. <\/a><br><a href=\"https:\/\/agrafa.asp.katowice.pl\/en\/osoba\/yaroslava-onokhina\/\"><strong>Creating a Welcoming Student Guide: Between Legibility and Emotion<\/strong><\/a><br><a href=\"https:\/\/agrafa.asp.katowice.pl\/en\/osoba\/yaroslava-onokhina\/\"><strong>Jaroslava Onokhina<\/strong><\/a><\/p>\n\n\n\n<p>discussion<\/p>\n\n\n\n<p><a href=\"https:\/\/agrafa.asp.katowice.pl\/en\/osoba\/agnieszka-wagner\/\">2.45 p.m.\u20132.55 p.m. <\/a><br><a href=\"https:\/\/agrafa.asp.katowice.pl\/en\/osoba\/agnieszka-wagner\/\"><strong>Designing Your Path \u2013&nbsp;Insights from Working Abroad<\/strong><\/a><br><a href=\"https:\/\/agrafa.asp.katowice.pl\/en\/osoba\/agnieszka-wagner\/\"><strong>Agnieszka Wagner<\/strong><\/a><\/p>\n\n\n\n<p><a href=\"https:\/\/agrafa.asp.katowice.pl\/en\/osoba\/oliwia-zypser\/\">2.55 p.m.\u20133.05 p.m. <\/a><br><a href=\"https:\/\/agrafa.asp.katowice.pl\/en\/osoba\/oliwia-zypser\/\"><strong>From Ideas to Impact: Social Design &amp; Collaboration<\/strong><\/a><br><a href=\"https:\/\/agrafa.asp.katowice.pl\/en\/osoba\/oliwia-zypser\/\"><strong>Oliwia Zypser<\/strong><\/a><\/p>\n\n\n\n<p><a href=\"https:\/\/agrafa.asp.katowice.pl\/en\/osoba\/amelia-trzaska\/\">3.05 p.m.\u20133.15 p.m. <\/a><br><a href=\"https:\/\/agrafa.asp.katowice.pl\/en\/osoba\/amelia-trzaska\/\"><strong>Back to the Future: How Design Reinvents Itself<\/strong><\/a><br><a href=\"https:\/\/agrafa.asp.katowice.pl\/en\/osoba\/amelia-trzaska\/\"><strong>Amelia Trzaska<\/strong><\/a><\/p>\n\n\n\n<p>dyskusja<\/p>\n\n\n\n<p>3.45 p.m. Closing of the Conference<br><\/p>\n\n\n    <\/div>\n  <\/div>\n<\/div>\n\n\n<\/section>\n\n\n\n<h2 class=\"wp-block-heading\">Opening of 16. review AGRAFA&#8217;26 \u2013 14.05.2026<\/h2>\n\n\n\n<p><strong>Galeria Rondo Sztuki<\/strong>, Rondo im. gen. Jerzego Zi\u0119tka 1, Katowice | 6 p.m.<\/p>\n\n\n\n<div style=\"height:61px\" aria-hidden=\"true\" class=\"wp-block-spacer\"><\/div>\n\n\n\n<h2 class=\"wp-block-heading\" id=\"konferencja\">Conference Agrafa&#8217;26 Cycles \u2013 15.05.2026<\/h2>\n\n\n\n<p>Please note! The lectures will be delivered in English and Polish. Simultaneous interpreting will be provided. All lectures will also be interpreted into Polish Sign Language.<\/p>\n\n\n\n<p id=\"26-04\"><strong>Conference Agrafa&#8217;26 Cycles | ASP Katowice, ul. Raciborska 50<\/strong>, Sala Otwarta<\/p>\n\n\n\n<figure class=\"wp-block-table is-style-program\"><table><tbody><tr><td><strong>8 a.m.<\/strong><\/td><td>Registration<\/td><\/tr><tr><td><strong>9<\/strong> <strong>a.m.<\/strong><\/td><td>Opening of the conference<\/td><\/tr><tr><td><strong>9.15<\/strong> <strong>a.m.<\/strong><\/td><td><strong><mark style=\"background-color:rgba(0, 0, 0, 0)\" class=\"has-inline-color has-brand-color\"><a href=\"https:\/\/agrafa.asp.katowice.pl\/en\/osoba\/guillermo-flores-pacheco-mx\/\" type=\"link\" id=\"https:\/\/agrafa.asp.katowice.pl\/osoba\/guillermo-flores-pacheco-mx\"><strong><strong><strong>From Brief to Image: The creative process behind a global project<\/strong><\/strong><\/strong><br>Guillermo Flores Pacheco<\/a><\/mark><\/strong><br><mark style=\"background-color:rgba(0, 0, 0, 0)\" class=\"has-inline-color has-gray-color\">illustrator | MX<\/mark><\/td><\/tr><tr><td><strong>9.45<\/strong> <strong>a.m.<\/strong><\/td><td><strong><mark style=\"background-color:rgba(0, 0, 0, 0)\" class=\"has-inline-color has-brand-color\"><a href=\"https:\/\/agrafa.asp.katowice.pl\/osoba\/sheila-hollins\/\">Storytelling in Pictures \u2013 realism in practice. Attending to <\/a><\/mark><\/strong><a href=\"https:\/\/agrafa.asp.katowice.pl\/osoba\/sheila-hollins-gb\/\"><strong><mark style=\"background-color:rgba(0, 0, 0, 0)\" class=\"has-inline-color has-brand-color\">feelings and relationships throughout people\u2019s lives<\/mark><\/strong><br><strong><mark style=\"background-color:rgba(0, 0, 0, 0)\" class=\"has-inline-color has-brand-color\">Sheila Hollins<\/mark><\/strong><\/a><a href=\"https:\/\/agrafa.asp.katowice.pl\/osoba\/sheila-hollins\/\"><br><mark style=\"background-color:rgba(0, 0, 0, 0)\" class=\"has-inline-color has-gray-color\">London University, <span style=\"background-color: rgba(0, 0, 0, 0); letter-spacing: 0px; font-family: inherit; font-weight: inherit;\">Books Beyond Words<\/span> | GB<\/mark><\/a><a href=\"https:\/\/agrafa.asp.katowice.pl\/osoba\/lucyna-talejko-kwiatkowska-pl\/\"><strong><mark style=\"background-color:rgba(0, 0, 0, 0)\" class=\"has-inline-color has-brand-color\">Lucyna Talejko-Kwiatkowska<\/mark><\/strong><br><mark style=\"background-color:rgba(0, 0, 0, 0)\" class=\"has-inline-color has-gray-color\">University of the Arts in Pozna\u0144 | PL<\/mark><\/a><\/td><\/tr><tr><td><strong>10.15 a.m.<\/strong><\/td><td><strong><mark style=\"background-color:rgba(0, 0, 0, 0)\" class=\"has-inline-color has-brand-color\"><a href=\"https:\/\/agrafa.asp.katowice.pl\/en\/osoba\/stella-lee-prowse\/\">Observing the invisible (with Al\u00e9a Work)<br>Stella Lee Prowse<\/a><\/mark><\/strong><br><mark style=\"background-color:rgba(0, 0, 0, 0)\" class=\"has-inline-color has-gray-color\"><mark style=\"background-color:rgba(0, 0, 0, 0)\" class=\"has-inline-color has-gray-color\">Al\u00e9a Work | AU<\/mark><\/mark><\/td><\/tr><tr><td><strong>10.45 a.m<\/strong>.<br><br><\/td><td><strong><mark style=\"background-color:rgba(0, 0, 0, 0)\" class=\"has-inline-color has-brand-color\"><a href=\"https:\/\/agrafa.asp.katowice.pl\/en\/osoba\/anna-orska-pl\/\"><strong><mark style=\"background-color:rgba(0, 0, 0, 0)\" class=\"has-inline-color has-brand-color\"><strong><mark style=\"background-color:rgba(0, 0, 0, 0)\" class=\"has-inline-color has-brand-color\"><strong><mark style=\"background-color:rgba(0, 0, 0, 0)\" class=\"has-inline-color has-brand-color\"><a href=\"https:\/\/agrafa.asp.katowice.pl\/osoba\/anna-orska\/\">Design Nomad<\/a><\/mark><\/strong><\/mark><\/strong><\/mark><\/strong><\/a><\/mark><\/strong><br><strong><mark style=\"background-color:rgba(0, 0, 0, 0)\" class=\"has-inline-color has-brand-color\"><a href=\"https:\/\/agrafa.asp.katowice.pl\/en\/osoba\/anna-orska-pl\/\"><strong><mark style=\"background-color:rgba(0, 0, 0, 0)\" class=\"has-inline-color has-brand-color\"><strong><mark style=\"background-color:rgba(0, 0, 0, 0)\" class=\"has-inline-color has-brand-color\"><strong><mark style=\"background-color:rgba(0, 0, 0, 0)\" class=\"has-inline-color has-brand-color\"><a href=\"https:\/\/agrafa.asp.katowice.pl\/osoba\/anna-orska\/\">A<\/a><\/mark><\/strong><\/mark><\/strong><\/mark><\/strong>nna Orska<\/a><\/mark><\/strong><br><mark style=\"background-color:rgba(0, 0, 0, 0)\" class=\"has-inline-color has-gray-color\"><mark style=\"background-color:rgba(0, 0, 0, 0)\" class=\"has-inline-color has-gray-color\">jewellery designer | PL<\/mark><\/mark><\/td><\/tr><tr><td><strong>11.15\u201311.30<\/strong> <strong>a.m.<\/strong><\/td><td>discussion led by Justyna Szklarczyk-Lauer<\/td><\/tr><tr><td><strong>11.30 a.m.<\/strong><\/td><td>\u2014&nbsp;coffee break \u2014&nbsp;<\/td><\/tr><tr><td><strong>12.15 p.m.<\/strong><\/td><td><strong><mark style=\"background-color:rgba(0, 0, 0, 0)\" class=\"has-inline-color has-brand-color\"><strong><mark style=\"background-color:rgba(0, 0, 0, 0)\" class=\"has-inline-color has-brand-color\"><a href=\"https:\/\/agrafa.asp.katowice.pl\/en\/osoba\/enrico-bravi-it\/\"><strong><mark style=\"background-color:rgba(0, 0, 0, 0)\" class=\"has-inline-color has-brand-color\">Shaping understanding: an iterative approach<br>Enrico Bravi<\/mark><\/strong> <\/a><\/mark><\/strong><a href=\"https:\/\/agrafa.asp.katowice.pl\/en\/osoba\/anna-orska-pl\/\"><br><\/a><strong><mark style=\"background-color:rgba(0, 0, 0, 0)\" class=\"has-inline-color has-brand-color\"><\/mark><\/strong><\/mark><\/strong><mark style=\"background-color:rgba(0, 0, 0, 0)\" class=\"has-inline-color has-gray-color\"><mark style=\"background-color:rgba(0, 0, 0, 0)\" class=\"has-inline-color has-gray-color\"><span style=\"background-color: rgba(0, 0, 0, 0); letter-spacing: 0px; font-family: inherit; font-weight: inherit;\">University of Arts, Linz | IT<\/span><\/mark><\/mark><\/td><\/tr><tr><td><strong>12.45 p.m.<\/strong><br><mark style=\"background-color:rgba(0, 0, 0, 0)\" class=\"has-inline-color has-gray-color\"><mark style=\"background-color:rgba(0, 0, 0, 0)\" class=\"has-inline-color has-gray-color\"><\/mark><\/mark><\/td><td><a href=\"https:\/\/agrafa.asp.katowice.pl\/en\/osoba\/andreas-uebele\/\"><strong><mark style=\"background-color:rgba(0, 0, 0, 0)\" class=\"has-inline-color has-brand-color\"><\/mark><\/strong><\/a><strong><a href=\"https:\/\/agrafa.asp.katowice.pl\/en\/osoba\/andreas-uebele\/\"><strong><mark style=\"background-color:rgba(0, 0, 0, 0)\" class=\"has-inline-color has-brand-color\">\u00bbb+c+d=a\u00ab<\/mark><\/strong><\/a><\/strong><br><strong><mark style=\"background-color:rgba(0, 0, 0, 0)\" class=\"has-inline-color has-brand-color\">A<a href=\"https:\/\/agrafa.asp.katowice.pl\/en\/osoba\/andreas-uebele\/\"><strong><mark style=\"background-color:rgba(0, 0, 0, 0)\" class=\"has-inline-color has-brand-color\">ndreas Uebele<\/mark><\/strong><\/a><\/mark><\/strong><br><span style=\"background-color: rgba(0, 0, 0, 0); color: rgb(141, 141, 141); font-size: 13px; letter-spacing: 0px; font-family: inherit; font-weight: inherit;\">B\u00fcro Uebele | DE<\/span><br>\u2014<br><span style=\"background-color: rgba(0, 0, 0, 0); color: rgb(141, 141, 141); font-size: 13px; letter-spacing: 0px; font-family: inherit; font-weight: inherit;\">Andreas Uebele\u2019s participation in the AGRAFA\u201926 Cycles conference is funded by the Goethe-Institut<\/span><br><img decoding=\"async\" class=\"wp-image-1509\" style=\"width: 120px;\" src=\"http:\/\/agrafa.asp.katowice.pl\/wp-content\/uploads\/2022\/03\/Goethe-institut-logo.svg\" alt=\"Goethe Institut logo\"><br><mark style=\"background-color:rgba(0, 0, 0, 0)\" class=\"has-inline-color has-gray-color\"><mark style=\"background-color:rgba(0, 0, 0, 0)\" class=\"has-inline-color has-gray-color\"><\/mark><\/mark><\/td><\/tr><tr><td><strong>1.15 p.m.<\/strong><br><br><strong>1.45 p.m.<\/strong><\/td><td><strong><mark style=\"background-color:rgba(0, 0, 0, 0)\" class=\"has-inline-color has-brand-color\"><strong><mark style=\"background-color:rgba(0, 0, 0, 0)\" class=\"has-inline-color has-brand-color\"><a href=\"https:\/\/agrafa.asp.katowice.pl\/en\/osoba\/marianna-paszkowska\/\">Marianna Paszkowska<\/a><\/mark><\/strong><\/mark><\/strong><br><br>discussion led by Zofia Oslislo-Piekarska<\/td><\/tr><tr><td><strong>2.15 p.m.<\/strong><\/td><td>\u2014 lunch \u2014&nbsp;<\/td><\/tr><tr><td><strong>3 p.m.<\/strong><\/td><td><mark style=\"background-color:rgba(0, 0, 0, 0)\" class=\"has-inline-color has-brand-color\"><a href=\"https:\/\/agrafa.asp.katowice.pl\/en\/osoba\/jan-kubasiewicz\/\"><strong><strong><strong>Communication design and its discontents<\/strong><\/strong><\/strong> \u2013 <\/a><\/mark><a href=\"https:\/\/agrafa.asp.katowice.pl\/en\/osoba\/jan-kubasiewicz\/\"><mark style=\"background-color:rgba(0, 0, 0, 0)\" class=\"has-inline-color has-brand-color\">a lecture free of charge, open to everyone<\/mark><\/a><br><strong><a href=\"https:\/\/agrafa.asp.katowice.pl\/en\/osoba\/jan-kubasiewicz\/\"><mark style=\"background-color:rgba(0, 0, 0, 0)\" class=\"has-inline-color has-brand-color\">Jan Kubasiewicz<\/mark><\/a><\/strong><br><mark style=\"background-color:rgba(0, 0, 0, 0)\" class=\"has-inline-color has-gray-color\"><mark style=\"background-color:rgba(0, 0, 0, 0)\" class=\"has-inline-color has-gray-color\"><mark style=\"background-color:rgba(0, 0, 0, 0)\" class=\"has-inline-color has-gray-color\"><mark style=\"background-color:rgba(0, 0, 0, 0)\" class=\"has-inline-color has-gray-color\">Dynamic Media Institute, Massachusetts College of Art and Design | US<\/mark><\/mark><\/mark><\/mark>\u2014<mark style=\"background-color:rgba(0, 0, 0, 0)\" class=\"has-inline-color has-gray-color\"><mark style=\"background-color:rgba(0, 0, 0, 0)\" class=\"has-inline-color has-gray-color\"><mark style=\"background-color:rgba(0, 0, 0, 0)\" class=\"has-inline-color has-gray-color\"><mark style=\"background-color:rgba(0, 0, 0, 0)\" class=\"has-inline-color has-gray-color\"><span style=\"background-color: rgba(0, 0, 0, 0); letter-spacing: 0px; font-family: inherit; font-weight: inherit;\">The project \u201cJan Kubasiewicz. Technological Determinism | Educational Series\u201d was co-financed by the Upper Silesian-Zag\u0142\u0119bie Metropolis as part of the <\/span><em style=\"background-color: rgba(0, 0, 0, 0); letter-spacing: 0px; font-family: inherit; font-weight: inherit;\">Metropolitan Science Support Fund<\/em><span style=\"background-color: rgba(0, 0, 0, 0); letter-spacing: 0px; font-family: inherit; font-weight: inherit;\">programme.<\/span><\/mark><\/mark><\/mark><\/mark><br><img data-recalc-dims=\"1\" loading=\"lazy\" decoding=\"async\" width=\"320\" height=\"64\" class=\"wp-image-13716\" style=\"width: 320px;\" src=\"https:\/\/i0.wp.com\/agrafa.asp.katowice.pl\/wp-content\/uploads\/2025\/12\/MFWN_bialy.png?resize=320%2C64\" alt=\"\" srcset=\"https:\/\/i0.wp.com\/agrafa.asp.katowice.pl\/wp-content\/uploads\/2025\/12\/MFWN_bialy.png?w=854&amp;ssl=1 854w, https:\/\/i0.wp.com\/agrafa.asp.katowice.pl\/wp-content\/uploads\/2025\/12\/MFWN_bialy.png?resize=320%2C64&amp;ssl=1 320w, https:\/\/i0.wp.com\/agrafa.asp.katowice.pl\/wp-content\/uploads\/2025\/12\/MFWN_bialy.png?resize=768%2C153&amp;ssl=1 768w, https:\/\/i0.wp.com\/agrafa.asp.katowice.pl\/wp-content\/uploads\/2025\/12\/MFWN_bialy.png?resize=360%2C72&amp;ssl=1 360w\" sizes=\"auto, (max-width: 320px) 100vw, 320px\" \/><br><br><mark style=\"background-color:rgba(0, 0, 0, 0)\" class=\"has-inline-color has-gray-color\"><mark style=\"background-color:rgba(0, 0, 0, 0)\" class=\"has-inline-color has-gray-color\"><mark style=\"background-color:rgba(0, 0, 0, 0)\" class=\"has-inline-color has-gray-color\"><mark style=\"background-color:rgba(0, 0, 0, 0)\" class=\"has-inline-color has-gray-color\"><\/mark><\/mark><\/mark><mark style=\"background-color:rgba(0, 0, 0, 0)\" class=\"has-inline-color has-gray-color\"><\/mark><\/mark><\/td><\/tr><\/tbody><\/table><\/figure>\n\n\n\n<h2 class=\"wp-block-heading\" id=\"warsztatykonferencyjne\">Workshops after conference \u2013 15.05.2026<\/h2>\n\n\n\n<p><strong>15.05.2026 4\u20136 p.m. <\/strong>| ASP Katowice, different locations<\/p>\n\n\n\n<p>The workshops are free of charge, but places are limited. Priority will be given to those registered for the AGRAFA&#8217;26 Cycles conference. Others will be able to register after 31 April 2026.<\/p>\n\n\n<section class=\"c-accordion wp-block-agrafa-accordion\">\n  \n<div class=\"c-accordion__item wp-block-agrafa-accordion-item\">\n  <button type=\"button\" class=\"c-accordion__item-title\">\n    <strong style=\"font-size: inherit; display: inline !important;\"><strong>Micro-practices of Care, Grounding, and Composting<\/strong><\/strong>\n    <span class=\"c-accordion__item-icon\"><\/span>\n  <\/button>\n  <div class=\"c-accordion__item-content-wrapper\">\n    <div class=\"c-accordion__item-content u-text-smaller\">\n      \n\n<p><strong>w<strong>orkshop<\/strong><\/strong><\/p>\n\n\n\n<p>Anna Pohl | ASP Katowice<\/p>\n\n\n\n<p>15.05. Friday 4\u20136 p.m.<\/p>\n\n\n\n<p>This is an invitation to come together through movement, breath and presence \u2014 a meeting in which the body becomes a space for listening, and relationship becomes a space for renewal. Drawing on the wisdom of mycelium and a regenerative approach to being, we will use body-based practice to explore empathy, interdependence and flow. We will sit with what is sometimes uncomfortable, so that it may transform and nourish something new. Embracing the cyclical nature of experience, we will create a space in which tension, stillness and change can become sources of knowledge, connection and vitality. This is a workshop about being in relation \u2014 with your body, with others, and within a process \u2014 where we learn from one another and renew our energy through mindfulness, movement and shared experience.<\/p>\n\n\n\n<p><em>Please bring comfortable clothing!<\/em><\/p>\n\n\n\n\n\n<p>ASP w Katowicach, ul. Raciborska 50, <em>courtyard<\/em><\/p>\n\n\n\n<p><a href=\"https:\/\/agrafa.asp.katowice.pl\/en\/osoba\/anna-pohl-3\/\">About Anna Pohl<\/a><\/p>\n\n\n    <\/div>\n  <\/div>\n<\/div>\n\n\n<div class=\"c-accordion__item wp-block-agrafa-accordion-item\">\n  <button type=\"button\" class=\"c-accordion__item-title\">\n    Mindfulness \u2013 Body. Breath. Sound\n    <span class=\"c-accordion__item-icon\"><\/span>\n  <\/button>\n  <div class=\"c-accordion__item-content-wrapper\">\n    <div class=\"c-accordion__item-content u-text-smaller\">\n      \n\n<p><strong>w<strong>orkshop<\/strong><\/strong><\/p>\n\n\n\n<p>Piotr Ku\u017ami\u0144ski | MiSacrum<\/p>\n\n\n\n<p>Ma\u0142gorzata Rozenau | ASP Katowice<\/p>\n\n\n\n<p>15.05. Friday 4\u20136 p.m.<\/p>\n\n\n\n<p>This two-hour session brings together conscious breathing techniques \u2014 drawing on pranayama and yoga \u2014 with the sounds of therapeutic relaxation instruments. Led by Ma\u0142gorzata Rozenau in collaboration with Piotr Ku\u017ami\u0144ski (MiSacrum), the workshop aims to deepen participants&#8217; relationship with the breath as the simplest and most accessible tool for relaxation and self-regulation. Expect breathing exercises, guided relaxation, and a visual reflection exercise \u2014 as well as stress reduction and a state of deep calm during the sound bath.<\/p>\n\n\n\n<p>ASP w Katowicach, ul. Raciborska 50, <em>room 217<\/em><\/p>\n\n\n\n\n\n<p><a href=\"https:\/\/agrafa.asp.katowice.pl\/en\/osoba\/piotr-kuzminski\/\">About Piotr Ku\u017ami\u0144ski<\/a><\/p>\n\n\n\n<p><a href=\"https:\/\/agrafa.asp.katowice.pl\/en\/osoba\/malgorzata-rozenau\/\">About Ma\u0142gosia Rozenau<\/a><\/p>\n\n\n    <\/div>\n  <\/div>\n<\/div>\n\n\n<div class=\"c-accordion__item wp-block-agrafa-accordion-item\">\n  <button type=\"button\" class=\"c-accordion__item-title\">\n    <strong>Recykling &amp; eco-design<\/strong>\n    <span class=\"c-accordion__item-icon\"><\/span>\n  <\/button>\n  <div class=\"c-accordion__item-content-wrapper\">\n    <div class=\"c-accordion__item-content u-text-smaller\">\n      \n\n<p><strong>workshop<\/strong><\/p>\n\n\n\n<p>Piotr Paca\u0142owski, Joanna Pastusi\u0144ska | ASP Katowice<\/p>\n\n\n\n<p>15.05. Friday 4\u20136 p.m.<\/p>\n\n\n\n<p>This workshop explores the creative potential of waste materials in the design of new products. Participants will have the opportunity to produce their own reclaimed material from scratch, which they will then use to make a small, biodegradable plant pot. Along the way, they will discover the properties of these kinds of materials \u2014 including their capacity to retain moisture. The workshop also invites reflection on the alternatives to widely-used plastic plant covers and their environmental impact. The finished pots can be used to grow plants, giving participants a tangible sense of the full cycle \u2014 from waste material to a functional, biodegradable object.<\/p>\n\n\n\n<p>ASP w Katowicach, ul. Raciborska 50, <em>Model Workshop<\/em><\/p>\n\n\n\n<p><a href=\"https:\/\/agrafa.asp.katowice.pl\/en\/osoba\/piotr-pacalowski\/\">About Piotr Paca\u0142owski<\/a><\/p>\n\n\n\n<p><a href=\"https:\/\/agrafa.asp.katowice.pl\/en\/osoba\/joanna-pastusinska-2\/\">About Joanna Pastusi\u0144ska<\/a><\/p>\n\n\n    <\/div>\n  <\/div>\n<\/div>\n\n\n<div class=\"c-accordion__item wp-block-agrafa-accordion-item\">\n  <button type=\"button\" class=\"c-accordion__item-title\">\n    <strong><strong>Subjective Ceramics \u2013 The Experience of M\u0113tis<\/strong><\/strong><br>\n    <span class=\"c-accordion__item-icon\"><\/span>\n  <\/button>\n  <div class=\"c-accordion__item-content-wrapper\">\n    <div class=\"c-accordion__item-content u-text-smaller\">\n      \n\n<p><strong><strong>w<\/strong>orkshop<\/strong><\/p>\n\n\n\n<p>Bogdan Kosak | ASP Katowice<\/p>\n\n\n\n<p>15.05. Friday 4\u20136 p.m.<\/p>\n\n\n\n<p>The tangible outcome of this workshop will be a vessel \u2014 though not necessarily one whose form makes its purpose immediately obvious. The real aim is to experience the application of one&#8217;s own inner, embodied knowledge. After being introduced to five different types of clay and selecting the one that speaks to them, participants will spend an hour modelling a vessel with their eyes closed, guided purely by intuition. They will discover how important it is to work <em>with<\/em> a material \u2014 to truly &#8220;listen&#8221; to the clay rather than imposing a preconceived idea or shape upon it. The workshop invites reflection on the potter&#8217;s practice and on the concept of <em>m\u0113tis<\/em> itself: that moment when it is the hands alone \u2014 with their own memory, directed solely by touch \u2014 that do the knowing.&nbsp;<br><\/p>\n\n\n\n\n\n<p>ASP w Katowicach, ul. Raciborska 50, <em>outdoor workshop space<\/em><\/p>\n\n\n\n<p><a href=\"https:\/\/agrafa.asp.katowice.pl\/en\/osoba\/bogdan-kosak\/\">About Bogdan Kosak<\/a><\/p>\n\n\n    <\/div>\n  <\/div>\n<\/div>\n\n\n<div class=\"c-accordion__item wp-block-agrafa-accordion-item\">\n  <button type=\"button\" class=\"c-accordion__item-title\">\n    <strong style=\"font-size: inherit; display: inline !important;\">Your Own Notebook<\/strong>\n    <span class=\"c-accordion__item-icon\"><\/span>\n  <\/button>\n  <div class=\"c-accordion__item-content-wrapper\">\n    <div class=\"c-accordion__item-content u-text-smaller\">\n      \n\n<p><strong>w<strong>orkshop<\/strong><\/strong><\/p>\n\n\n\n<p>Jadwiga Lema\u0144ska | ASP Katowice<\/p>\n\n\n\n<p>15.05. Friday 4\u20136 p.m.<\/p>\n\n\n\n<p>Participants will have the chance to bind their own A5 notebook from start to finish. You&#8217;ll be able to choose from a variety of papers and create either a soft cover from card or a sturdier textured cover, before stitching the whole thing together with thread in the traditional booklet style. To finish, you&#8217;ll use a type-setting press to emboss or print selected typefaces \u2014 or a short text of your own choosing \u2014 onto the cover of your finished notebook.<\/p>\n\n\n\n<p>ASP w Katowicach ul. Koszarowa 19, <em>Bookbinding &amp; Typesetting Studio<\/em><\/p>\n\n\n\n<p><a href=\"https:\/\/agrafa.asp.katowice.pl\/en\/osoba\/jadwiga-lemanska\/\">About Jadwiga Lema\u0144ska<\/a><\/p>\n\n\n    <\/div>\n  <\/div>\n<\/div>\n\n\n<div class=\"c-accordion__item wp-block-agrafa-accordion-item\">\n  <button type=\"button\" class=\"c-accordion__item-title\">\n    <strong>Calligraphy<\/strong>\n    <span class=\"c-accordion__item-icon\"><\/span>\n  <\/button>\n  <div class=\"c-accordion__item-content-wrapper\">\n    <div class=\"c-accordion__item-content u-text-smaller\">\n      \n\n<p><strong>w<strong>orkshop<\/strong><\/strong><\/p>\n\n\n\n<p>Filip Ci\u015blak | ASP Katowice<\/p>\n\n\n\n<p>15.05. Friday 4\u20136 p.m.<\/p>\n\n\n\n<p>A workshop dedicated to calligraphy and lettering using a <em>brush pen<\/em>. During the sessions, we will focus on an original and contemporary interpretation of script, rooted in the foundations of Western calligraphy. We will analyse the structural relationships between letterforms, visual rhythm, and the question of formal consistency, comparing the characteristics of a flexible brush with those of a traditional broad-edged tool. The workshop will give you a solid foundation for further work, whilst also serving as a form of creative play and a chance to breathe.<\/p>\n\n\n\n\n\n<p>ASP w Katowicach ul. Koszarowa 19, room 207<\/p>\n\n\n\n<p><a href=\"https:\/\/agrafa.asp.katowice.pl\/en\/osoba\/filip-cislak\/\">About Filip Ci\u015blak<\/a><\/p>\n\n\n    <\/div>\n  <\/div>\n<\/div>\n\n\n<\/section>\n\n\n\n<h2 class=\"wp-block-heading\" id=\"warsztatyprzedkonferencja\">Related events<\/h2>\n\n\n<aside class=\"c-aside-image wp-block alignfull \">\n      <div class=\"c-aside-image__inner\" style=\"margin-top: 393px;\">\n    <img loading=\"lazy\" decoding=\"async\" class=\"c-aside-image__image\" src=\"https:\/\/i0.wp.com\/agrafa.asp.katowice.pl\/wp-content\/uploads\/2025\/10\/AGRAFA-www-kolor.png?fit=890%2C1904&amp;ssl=1\" width=\"890\" height=\"1904\" alt=\"AGRAFA www kolor\"srcset=\"https:\/\/i0.wp.com\/agrafa.asp.katowice.pl\/wp-content\/uploads\/2025\/10\/AGRAFA-www-kolor.png?w=890&#038;ssl=1 890w, https:\/\/i0.wp.com\/agrafa.asp.katowice.pl\/wp-content\/uploads\/2025\/10\/AGRAFA-www-kolor.png?resize=320%2C685&#038;ssl=1 320w, https:\/\/i0.wp.com\/agrafa.asp.katowice.pl\/wp-content\/uploads\/2025\/10\/AGRAFA-www-kolor.png?resize=768%2C1643&#038;ssl=1 768w, https:\/\/i0.wp.com\/agrafa.asp.katowice.pl\/wp-content\/uploads\/2025\/10\/AGRAFA-www-kolor.png?resize=718%2C1536&#038;ssl=1 718w, https:\/\/i0.wp.com\/agrafa.asp.katowice.pl\/wp-content\/uploads\/2025\/10\/AGRAFA-www-kolor.png?resize=360%2C770&#038;ssl=1 360w\"sizes=\"auto, calc(50vw - 350px)\" style=\"height: 640px\">\n  <\/div>\n<\/aside>\n\n\n\n<p id=\"22-04\">Guest workshops and presentations<\/p>\n\n\n<aside class=\"c-aside-image wp-block alignfull  is-style-right\">\n      <div class=\"c-aside-image__inner\" style=\"\">\n    \n  <\/div>\n<\/aside>\n\n\n\n<div class=\"wp-block-group is-nowrap is-layout-flex wp-container-core-group-is-layout-ad2f72ca wp-block-group-is-layout-flex\"><aside class=\"c-aside-image wp-block alignfull \">\n      <div class=\"c-aside-image__inner\" style=\"margin-top: 393px;\">\n    <img loading=\"lazy\" decoding=\"async\" class=\"c-aside-image__image\" src=\"https:\/\/i0.wp.com\/agrafa.asp.katowice.pl\/wp-content\/uploads\/2025\/10\/drobna_grafika3.png?fit=595%2C811&amp;ssl=1\" width=\"595\" height=\"811\" alt=\"drobna_grafika3\"srcset=\"https:\/\/i0.wp.com\/agrafa.asp.katowice.pl\/wp-content\/uploads\/2025\/10\/drobna_grafika3.png?w=595&#038;ssl=1 595w, https:\/\/i0.wp.com\/agrafa.asp.katowice.pl\/wp-content\/uploads\/2025\/10\/drobna_grafika3.png?resize=320%2C436&#038;ssl=1 320w, https:\/\/i0.wp.com\/agrafa.asp.katowice.pl\/wp-content\/uploads\/2025\/10\/drobna_grafika3.png?resize=360%2C491&#038;ssl=1 360w\"sizes=\"auto, calc(50vw - 350px)\" style=\"height: 800px\">\n  <\/div>\n<\/aside>\n\n\n<section class=\"c-accordion wp-block-agrafa-accordion\">\n  \n<div class=\"c-accordion__item wp-block-agrafa-accordion-item\">\n  <button type=\"button\" class=\"c-accordion__item-title\">\n    <strong>Small, large and cosmic cycles | lecture | \u0141ukasz Lam\u017ca<\/strong>\u00a0     <mark style=\"background-color:rgba(0, 0, 0, 0)\" class=\"has-inline-color has-gray-color\"><\/mark>\n    <span class=\"c-accordion__item-icon\"><\/span>\n  <\/button>\n  <div class=\"c-accordion__item-content-wrapper\">\n    <div class=\"c-accordion__item-content u-text-smaller\">\n      \n\n<p><strong>4.11.2025 <\/strong>| ASP Katowice, ul. Raciborska 50, <em>cinema<\/em><\/p>\n\n\n\n<p>A very broad, sweeping lecture, designed to cover as many topics as possible. It begined by stating that everything was a cycle, moved on to list activities that were not cycles, and concluded by asserting that, in fact, nothing was a cycle. On cycles within cycles, unknown and fabricated cycles, forced and metaphysical cycles.<\/p>\n\n\n\n\n\n<p><a href=\"https:\/\/agrafa.asp.katowice.pl\/en\/osoba\/lukasz-lamza\/\">About \u0141ukasz Lam\u017ca<\/a><\/p>\n\n\n    <\/div>\n  <\/div>\n<\/div>\n\n\n<div class=\"c-accordion__item wp-block-agrafa-accordion-item\">\n  <button type=\"button\" class=\"c-accordion__item-title\">\n    Seeing words, reading images | lecture <br>Illustrated data as narrative loop | workshop<br>Thales Molina\n    <span class=\"c-accordion__item-icon\"><\/span>\n  <\/button>\n  <div class=\"c-accordion__item-content-wrapper\">\n    <div class=\"c-accordion__item-content u-text-smaller\">\n      \n\n<p><strong>8.12.2025 lecture <\/strong>| ASP Katowice, ul. Raciborska 50, <em>cinema<\/em><\/p>\n\n\n\n<p><strong>8.\u20139.12.2025 workshop <\/strong>| ASP Katowice, ul. Raciborska 50, <em>library<\/em><\/p>\n\n\n\n<p>During his lecture and workshop, Thales Molina presented techniques for visualising data and combining units with visual elements to create narratives. Participants learnt how to apply best design practices through illustrations, collages, patterns, charts and other elements, whilst maintaining their own style and character.<\/p>\n\n\n\n\n\n<p><a href=\"https:\/\/agrafa.asp.katowice.pl\/en\/osoba\/thales-molina\/\" target=\"_blank\" rel=\"noreferrer noopener\">About Thales Molina<\/a><\/p>\n\n\n    <\/div>\n  <\/div>\n<\/div>\n\n\n<div class=\"c-accordion__item wp-block-agrafa-accordion-item\">\n  <button type=\"button\" class=\"c-accordion__item-title\">\n    <br><strong>The old dies, the new cannot be born. The emotional pitfalls of future-oriented design | lecture | Jeremiasz Rzenno<\/strong><br> \n    <span class=\"c-accordion__item-icon\"><\/span>\n  <\/button>\n  <div class=\"c-accordion__item-content-wrapper\">\n    <div class=\"c-accordion__item-content u-text-smaller\">\n      \n\n<p><strong>18.3.2026 <\/strong>| ASP Katowice, ul. Raciborska 50, <em>cinema<\/em><\/p>\n\n\n\n<p>This talk explores how the concept of the future functions today as an affective trap in design and the culture of change. Rather than opening up space for genuine transformation, the figure of the future acts as an object of promise that sustains exhaustion, postpones responsibility and stabilises existing arrangements.<\/p>\n\n\n\n<p>Drawing on Lauren Berlant\u2019s category of \u2018cruel optimism\u2019, \u00c9mile Durkheim\u2019s \u2018anomie\u2019 and the permanent \u2018shock of the future\u2019, the talk demonstrates how a linear orientation towards the future diverts attention from the tensions of the present.<\/p>\n\n\n\n<p>As an alternative, it proposes magical realism understood not aesthetically but epistemologically: as a way of thinking and designing that suspends the vision of progress, allows for contradictions, and permits the coexistence of the rational, the affective, and the inexplicable. Magical realism thus becomes a tool for contesting the present \u2013 a strategy for emerging from<em> the interregnum<\/em>.<\/p>\n\n\n\n<p><a href=\"https:\/\/agrafa.asp.katowice.pl\/en\/osoba\/jeremiasz-rzenno\/\" target=\"_blank\" rel=\"noreferrer noopener\">About Jeremiasz Rzenno<\/a><\/p>\n\n\n    <\/div>\n  <\/div>\n<\/div>\n\n\n<div class=\"c-accordion__item wp-block-agrafa-accordion-item\">\n  <button type=\"button\" class=\"c-accordion__item-title\">\n    Design beyond circularity: cyclicality and social change |  lecture | Tomasz Bierkowski\n    <span class=\"c-accordion__item-icon\"><\/span>\n  <\/button>\n  <div class=\"c-accordion__item-content-wrapper\">\n    <div class=\"c-accordion__item-content u-text-smaller\">\n      \n\n<p><strong>20.4.2026 12.30 p.m. <\/strong>| ASP Katowice, ul. Raciborska 50, <em>cinema<\/em><\/p>\n\n\n\n<p>The lecture challenges the comparison of the design process to a circular process. It draws on empirical evidence from a variety of methodological approaches, which share cyclical and iterative characteristics but differ in their methods of planning and shaping the course of processes. Cyclicality and the negative consequences of circularity are discussed using examples. An analysis of selected cases provides further evidence that design is not merely about providing answers, but also about the ability to ask questions. This is particularly significant in the context of designers\u2019 new roles: moderating and initiating social change.<\/p>\n\n\n\n<p><a href=\"https:\/\/agrafa.asp.katowice.pl\/en\/osoba\/tomasz-bierkowski\/\" target=\"_blank\" rel=\"noreferrer noopener\">About Tomasz Bierkowski<\/a><\/p>\n\n\n    <\/div>\n  <\/div>\n<\/div>\n\n\n<\/section>\n<\/div>\n\n\n\n<p id=\"program\"><\/p>\n\n\n\n<div style=\"height:100px\" aria-hidden=\"true\" class=\"wp-block-spacer\"><\/div>\n\n\n\n<div style=\"height:100px\" aria-hidden=\"true\" class=\"wp-block-spacer\"><\/div>\n\n\n\n<h2 class=\"wp-block-heading\" id=\"speakers\">Speakers<\/h2>\n\n\n\n<section class=\"wp-block-agrafa-people c-people o-wrapper-right-small alignfull u-text-smaller\"><div class=\"c-people__items\"><a class=\"c-people__item\" href=\"https:\/\/agrafa.asp.katowice.pl\/en\/osoba\/enrico-bravi-it\/\">\n<div class=\"c-people__item-media\">\n    <img decoding=\"async\" class=\"c-people__item-image\" alt=\"Enrico Bravi (IT)\" loading=\"lazy\" src=\"https:\/\/i0.wp.com\/agrafa.asp.katowice.pl\/wp-content\/uploads\/2026\/01\/Enrico_Bravi_Portrait-scaled.jpg?fit=2274%2C2560&#038;ssl=1\" srcset=\"https:\/\/i0.wp.com\/agrafa.asp.katowice.pl\/wp-content\/uploads\/2026\/01\/Enrico_Bravi_Portrait-scaled.jpg?w=2274&#038;ssl=1 2274w, https:\/\/i0.wp.com\/agrafa.asp.katowice.pl\/wp-content\/uploads\/2026\/01\/Enrico_Bravi_Portrait-scaled.jpg?resize=320%2C360&#038;ssl=1 320w, https:\/\/i0.wp.com\/agrafa.asp.katowice.pl\/wp-content\/uploads\/2026\/01\/Enrico_Bravi_Portrait-scaled.jpg?resize=1024%2C1153&#038;ssl=1 1024w, https:\/\/i0.wp.com\/agrafa.asp.katowice.pl\/wp-content\/uploads\/2026\/01\/Enrico_Bravi_Portrait-scaled.jpg?resize=768%2C865&#038;ssl=1 768w, https:\/\/i0.wp.com\/agrafa.asp.katowice.pl\/wp-content\/uploads\/2026\/01\/Enrico_Bravi_Portrait-scaled.jpg?resize=1364%2C1536&#038;ssl=1 1364w, https:\/\/i0.wp.com\/agrafa.asp.katowice.pl\/wp-content\/uploads\/2026\/01\/Enrico_Bravi_Portrait-scaled.jpg?resize=1819%2C2048&#038;ssl=1 1819w, https:\/\/i0.wp.com\/agrafa.asp.katowice.pl\/wp-content\/uploads\/2026\/01\/Enrico_Bravi_Portrait-scaled.jpg?resize=1600%2C1801&#038;ssl=1 1600w, https:\/\/i0.wp.com\/agrafa.asp.katowice.pl\/wp-content\/uploads\/2026\/01\/Enrico_Bravi_Portrait-scaled.jpg?resize=360%2C405&#038;ssl=1 360w, https:\/\/i0.wp.com\/agrafa.asp.katowice.pl\/wp-content\/uploads\/2026\/01\/Enrico_Bravi_Portrait-scaled.jpg?w=2000 2000w\" sizes=\"(max-width: 479px) 100vw, 230px\">\n  <\/div>\n<h3 class=\"c-people__item-title\">Enrico Bravi (IT)<\/h3>\n<\/a>\n\n\n<a class=\"c-people__item\" href=\"https:\/\/agrafa.asp.katowice.pl\/en\/osoba\/guillermo-flores-pacheco-mx\/\">\n<div class=\"c-people__item-media\">\n    <img decoding=\"async\" class=\"c-people__item-image\" alt=\"Guillermo Flores Pacheco (MX)\" loading=\"lazy\" src=\"https:\/\/i0.wp.com\/agrafa.asp.katowice.pl\/wp-content\/uploads\/2026\/01\/Guillermo-Flores-01-picture_bw-e1768942048141.jpg?fit=1264%2C1726&#038;ssl=1\" srcset=\"\" sizes=\"(max-width: 479px) 100vw, 230px\">\n  <\/div>\n<h3 class=\"c-people__item-title\">Guillermo Flores Pacheco (MX)<\/h3>\n<\/a>\n\n\n<a class=\"c-people__item\" href=\"https:\/\/agrafa.asp.katowice.pl\/en\/osoba\/sheila-hollins-gb\/\">\n<div class=\"c-people__item-media\">\n    <img decoding=\"async\" class=\"c-people__item-image\" alt=\"Sheila Hollins (GB)\" loading=\"lazy\" src=\"https:\/\/i0.wp.com\/agrafa.asp.katowice.pl\/wp-content\/uploads\/2026\/02\/Sheila_Hollins_czb-e1771574145193.jpg?fit=291%2C388&#038;ssl=1\" srcset=\"\" sizes=\"(max-width: 479px) 100vw, 230px\">\n  <\/div>\n<h3 class=\"c-people__item-title\">Sheila Hollins (GB)<\/h3>\n<\/a>\n\n\n<a class=\"c-people__item\" href=\"https:\/\/agrafa.asp.katowice.pl\/en\/osoba\/jan-kubasiewicz\/\">\n<div class=\"c-people__item-media\">\n    <img decoding=\"async\" class=\"c-people__item-image\" alt=\"Jan Kubasiewicz (US)\" loading=\"lazy\" src=\"https:\/\/i0.wp.com\/agrafa.asp.katowice.pl\/wp-content\/uploads\/2025\/12\/Jan_K_Harvard-e1765560150884.jpg?fit=1567%2C1686&#038;ssl=1\" srcset=\"\" sizes=\"(max-width: 479px) 100vw, 230px\">\n  <\/div>\n<h3 class=\"c-people__item-title\">Jan Kubasiewicz (US)<\/h3>\n<\/a>\n\n\n<a class=\"c-people__item\" href=\"https:\/\/agrafa.asp.katowice.pl\/en\/osoba\/stella-lee-prowse\/\">\n<div class=\"c-people__item-media\">\n    <img decoding=\"async\" class=\"c-people__item-image\" alt=\"Stella Lee Prowse (AU)\" loading=\"lazy\" src=\"https:\/\/i0.wp.com\/agrafa.asp.katowice.pl\/wp-content\/uploads\/2025\/12\/ALEA-1-May-2025-by-Liza-Voloshin-0783-e1765560059584.jpg?fit=1331%2C1502&#038;ssl=1\" srcset=\"\" sizes=\"(max-width: 479px) 100vw, 230px\">\n  <\/div>\n<h3 class=\"c-people__item-title\">Stella Lee Prowse (AU)<\/h3>\n<\/a>\n\n\n<a class=\"c-people__item\" href=\"https:\/\/agrafa.asp.katowice.pl\/en\/osoba\/anna-orska-pl\/\">\n<div class=\"c-people__item-media\">\n    <img decoding=\"async\" class=\"c-people__item-image\" alt=\"Anna Orska (PL)\" loading=\"lazy\" src=\"https:\/\/i0.wp.com\/agrafa.asp.katowice.pl\/wp-content\/uploads\/2026\/01\/ANNA_ORSKA_cz_b-e1767954011912.jpg?fit=1113%2C1370&#038;ssl=1\" srcset=\"https:\/\/i0.wp.com\/agrafa.asp.katowice.pl\/wp-content\/uploads\/2026\/01\/ANNA_ORSKA_cz_b-e1767954011912.jpg?w=1113&#038;ssl=1 1113w, https:\/\/i0.wp.com\/agrafa.asp.katowice.pl\/wp-content\/uploads\/2026\/01\/ANNA_ORSKA_cz_b-e1767954011912.jpg?resize=320%2C394&#038;ssl=1 320w, https:\/\/i0.wp.com\/agrafa.asp.katowice.pl\/wp-content\/uploads\/2026\/01\/ANNA_ORSKA_cz_b-e1767954011912.jpg?resize=1024%2C1260&#038;ssl=1 1024w, https:\/\/i0.wp.com\/agrafa.asp.katowice.pl\/wp-content\/uploads\/2026\/01\/ANNA_ORSKA_cz_b-e1767954011912.jpg?resize=768%2C945&#038;ssl=1 768w, https:\/\/i0.wp.com\/agrafa.asp.katowice.pl\/wp-content\/uploads\/2026\/01\/ANNA_ORSKA_cz_b-e1767954011912.jpg?resize=360%2C443&#038;ssl=1 360w\" sizes=\"(max-width: 479px) 100vw, 230px\">\n  <\/div>\n<h3 class=\"c-people__item-title\">Anna Orska (PL)<\/h3>\n<\/a>\n\n\n<a class=\"c-people__item\" href=\"https:\/\/agrafa.asp.katowice.pl\/en\/osoba\/marianna-paszkowska\/\">\n<div class=\"c-people__item-media\">\n    <img decoding=\"async\" class=\"c-people__item-image\" alt=\"Marianna Paszkowska (PL)\" loading=\"lazy\" src=\"https:\/\/i0.wp.com\/agrafa.asp.katowice.pl\/wp-content\/uploads\/2026\/04\/portrait_czb_fot_Malgorzata_Popinigis.jpg?fit=894%2C894&#038;ssl=1\" srcset=\"https:\/\/i0.wp.com\/agrafa.asp.katowice.pl\/wp-content\/uploads\/2026\/04\/portrait_czb_fot_Malgorzata_Popinigis.jpg?w=894&#038;ssl=1 894w, https:\/\/i0.wp.com\/agrafa.asp.katowice.pl\/wp-content\/uploads\/2026\/04\/portrait_czb_fot_Malgorzata_Popinigis.jpg?resize=320%2C320&#038;ssl=1 320w, https:\/\/i0.wp.com\/agrafa.asp.katowice.pl\/wp-content\/uploads\/2026\/04\/portrait_czb_fot_Malgorzata_Popinigis.jpg?resize=150%2C150&#038;ssl=1 150w, https:\/\/i0.wp.com\/agrafa.asp.katowice.pl\/wp-content\/uploads\/2026\/04\/portrait_czb_fot_Malgorzata_Popinigis.jpg?resize=768%2C768&#038;ssl=1 768w, https:\/\/i0.wp.com\/agrafa.asp.katowice.pl\/wp-content\/uploads\/2026\/04\/portrait_czb_fot_Malgorzata_Popinigis.jpg?resize=360%2C360&#038;ssl=1 360w\" sizes=\"(max-width: 479px) 100vw, 230px\">\n  <\/div>\n<h3 class=\"c-people__item-title\">Marianna Paszkowska (PL)<\/h3>\n<\/a>\n\n\n<a class=\"c-people__item\" href=\"https:\/\/agrafa.asp.katowice.pl\/en\/osoba\/lucyna-talejko-kwiatkowska-pl\/\">\n<div class=\"c-people__item-media\">\n    <img decoding=\"async\" class=\"c-people__item-image\" alt=\"Lucyna Talejko-Kwiatkowska (PL)\" loading=\"lazy\" src=\"https:\/\/i0.wp.com\/agrafa.asp.katowice.pl\/wp-content\/uploads\/2026\/03\/Lucyna_Talejko_Kwiatkowska-scaled-e1774203082844.jpg?fit=1715%2C2202&#038;ssl=1\" srcset=\"https:\/\/i0.wp.com\/agrafa.asp.katowice.pl\/wp-content\/uploads\/2026\/03\/Lucyna_Talejko_Kwiatkowska-scaled-e1774203082844.jpg?w=1715&#038;ssl=1 1715w, https:\/\/i0.wp.com\/agrafa.asp.katowice.pl\/wp-content\/uploads\/2026\/03\/Lucyna_Talejko_Kwiatkowska-scaled-e1774203082844.jpg?resize=320%2C411&#038;ssl=1 320w, https:\/\/i0.wp.com\/agrafa.asp.katowice.pl\/wp-content\/uploads\/2026\/03\/Lucyna_Talejko_Kwiatkowska-scaled-e1774203082844.jpg?resize=1024%2C1315&#038;ssl=1 1024w, https:\/\/i0.wp.com\/agrafa.asp.katowice.pl\/wp-content\/uploads\/2026\/03\/Lucyna_Talejko_Kwiatkowska-scaled-e1774203082844.jpg?resize=768%2C986&#038;ssl=1 768w, https:\/\/i0.wp.com\/agrafa.asp.katowice.pl\/wp-content\/uploads\/2026\/03\/Lucyna_Talejko_Kwiatkowska-scaled-e1774203082844.jpg?resize=1196%2C1536&#038;ssl=1 1196w, https:\/\/i0.wp.com\/agrafa.asp.katowice.pl\/wp-content\/uploads\/2026\/03\/Lucyna_Talejko_Kwiatkowska-scaled-e1774203082844.jpg?resize=1595%2C2048&#038;ssl=1 1595w, https:\/\/i0.wp.com\/agrafa.asp.katowice.pl\/wp-content\/uploads\/2026\/03\/Lucyna_Talejko_Kwiatkowska-scaled-e1774203082844.jpg?resize=1600%2C2054&#038;ssl=1 1600w, https:\/\/i0.wp.com\/agrafa.asp.katowice.pl\/wp-content\/uploads\/2026\/03\/Lucyna_Talejko_Kwiatkowska-scaled-e1774203082844.jpg?resize=360%2C462&#038;ssl=1 360w\" sizes=\"(max-width: 479px) 100vw, 230px\">\n  <\/div>\n<h3 class=\"c-people__item-title\">Lucyna Talejko-Kwiatkowska (PL)<\/h3>\n<\/a>\n\n\n<a class=\"c-people__item\" href=\"https:\/\/agrafa.asp.katowice.pl\/en\/osoba\/andreas-uebele\/\">\n<div class=\"c-people__item-media\">\n    <img decoding=\"async\" class=\"c-people__item-image\" alt=\"Andreas Uebele (DE)\" loading=\"lazy\" src=\"https:\/\/i0.wp.com\/agrafa.asp.katowice.pl\/wp-content\/uploads\/2025\/12\/ANDREAS_UEBELE_photo-by-joachim-baldauf.jpg?fit=961%2C1261&#038;ssl=1\" srcset=\"https:\/\/i0.wp.com\/agrafa.asp.katowice.pl\/wp-content\/uploads\/2025\/12\/ANDREAS_UEBELE_photo-by-joachim-baldauf.jpg?w=961&#038;ssl=1 961w, https:\/\/i0.wp.com\/agrafa.asp.katowice.pl\/wp-content\/uploads\/2025\/12\/ANDREAS_UEBELE_photo-by-joachim-baldauf.jpg?resize=320%2C420&#038;ssl=1 320w, https:\/\/i0.wp.com\/agrafa.asp.katowice.pl\/wp-content\/uploads\/2025\/12\/ANDREAS_UEBELE_photo-by-joachim-baldauf.jpg?resize=768%2C1008&#038;ssl=1 768w, https:\/\/i0.wp.com\/agrafa.asp.katowice.pl\/wp-content\/uploads\/2025\/12\/ANDREAS_UEBELE_photo-by-joachim-baldauf.jpg?resize=360%2C472&#038;ssl=1 360w\" sizes=\"(max-width: 479px) 100vw, 230px\">\n  <\/div>\n<h3 class=\"c-people__item-title\">Andreas Uebele (DE)<\/h3>\n<\/a>\n<\/div><\/section>\n\n\n\n\n<p>The organisers of the AGRAFA&#8217;26 CONFERENCE would like to thank everyone who responded to our invitation and submitted proposals for presentations on the topic of CYCLES. Applications came from various parts of Poland, Europe and the world \u2013 Austria, Italy, the United Kingdom, the United States and Mexico. We were impressed by your professionalism and your unique and inspiring approach to visual communication and design.<\/p>\n\n\n\n<p>The conference&#8217;s scientific committee, consisting of:<\/p>\n\n\n\n<p>Dr hab. Justyna Kucharczyk, Prof. ASP<\/p>\n\n\n\n<p>Dr hab. Jacek Mrowczyk, Prof. ASP<\/p>\n\n\n\n<p>Dr hab. Agnieszka Nawrocka, Prof. ASP<\/p>\n\n\n\n<p>Dr hab. Zofia Oslislo-Piekarska, Prof. ASP<\/p>\n\n\n\n<p>Dr hab. Anna Pohl, Prof. ASP<\/p>\n\n\n\n<p>Dr hab. Justyna Szklarczyk-Lauer, Prof. ASP<\/p>\n\n\n\n<p>selected two speakers based on the close relationship between the proposed topic and our main themes, as well as taking into account the need to present a variety of topics, media and methods. They are: Enrico Bravi and Guillermo Flores Pacheco.<\/p>\n\n\n\n<div style=\"height:31px\" aria-hidden=\"true\" class=\"wp-block-spacer\"><\/div>\n\n\n\n<div class=\"wp-block-buttons is-layout-flex wp-block-buttons-is-layout-flex\">\n<div class=\"wp-block-button is-style-primary\"><a class=\"wp-block-button__link wp-element-button\" data-registration-form-overlay href=\"https:\/\/agrafa.asp.katowice.pl\/en\/entry-form\/\">Register to the Conference<\/a><\/div>\n<\/div>\n\n\n\n<div style=\"height:39px\" aria-hidden=\"true\" class=\"wp-block-spacer\"><\/div>\n\n\n<section class=\"c-accordion wp-block-agrafa-accordion\">\n  \n<div class=\"c-accordion__item wp-block-agrafa-accordion-item\">\n  <button type=\"button\" class=\"c-accordion__item-title\">\n    Useful information (accommodation, location, etc.)\n    <span class=\"c-accordion__item-icon\"><\/span>\n  <\/button>\n  <div class=\"c-accordion__item-content-wrapper\">\n    <div class=\"c-accordion__item-content u-text-smaller\">\n      \n\n<p><strong>Discounted accommodation with our partner Hotele Diament:<\/strong><\/p>\n\n\n\n<p><a href=\"https:\/\/reservations.travelclick.com\/100138?identifier=AGRAFA26&amp;LanguageID=27#\/guestsandrooms\" target=\"_blank\" rel=\"noreferrer noopener\">Hotel Plaza Diament Katowice****<\/a><\/p>\n\n\n\n<p><a href=\"https:\/\/reservations.travelclick.com\/100142?identifier=AGRAFA26&amp;LanguageID=27#\/guestsandrooms\" target=\"_blank\" rel=\"noreferrer noopener\">Park Hotel Diament Katowice****<\/a><\/p>\n\n\n\n<p><a href=\"https:\/\/reservations.travelclick.com\/100156?identifier=AGRAFA26&amp;LanguageID=27#\/guestsandrooms\" target=\"_blank\" rel=\"noreferrer noopener\">Hotel Diament Arsenal Palace****<\/a><\/p>\n\n\n\n<p><a href=\"https:\/\/reservations.travelclick.com\/100158?identifier=AGRAFA26&amp;LanguageID=27#\/guestsandrooms\">Hotel Diament Bella Notte***<\/a><\/p>\n\n\n\n\n\n<p><strong>Location:<\/strong> the conference will be held <a href=\"https:\/\/maps.app.goo.gl\/FprrcFn7rXzMcVxG9\">at the Academy of Fine Arts in Katowice, in the Open Hall in the building at 50 Raciborska Street<\/a>.<\/p>\n\n\n\n\n    <\/div>\n  <\/div>\n<\/div>\n\n\n<\/section>\n\n\n\n<div style=\"height:100px\" aria-hidden=\"true\" class=\"wp-block-spacer\"><\/div>\n\n\n\n<h2 class=\"wp-block-heading\" id=\"review\">Review<\/h2>\n\n\n\n<p>Thank you to everyone for your submissions! From the 190 entries received, <strong>we have selected 48 projects<\/strong> to be showcased at the exhibition at Rondo Sztuki. The jury will select the winners from this group.<\/p>\n\n\n\n<p>In the selection process, we focused on <strong>design as a tool for solving real-world problems<\/strong>. We appreciated projects based on <strong>solid analytical foundations and an interesting process<\/strong>, which emphasise practical implementation within the social fabric. In the submitted works, we noticed <strong>a great deal of curiosity in taking on new challenges<\/strong> and the courage to develop <strong>a unique visual language<\/strong>.<\/p>\n\n\n\n<p>We highlighted, among other things, <strong>excellent examples of waste utilisation<\/strong>. <strong>Witty projects engaging people<\/strong> also received recognition, where simple form is combined with craftsmanship, and <strong>the physical object is well-made<\/strong>.<\/p>\n\n\n\n<p>In graphic design and digital systems, we prioritised <strong>maturity, a systematic approach and openness to experimentation<\/strong>, which allows one to move <strong>beyond repetitive patterns <\/strong>whilst maintaining the utmost attention to detail.<\/p>\n\n\n\n<p>Congratulations to all. <strong>See you soon!<\/strong><\/p>\n\n\n\n<p><strong><a href=\"https:\/\/agrafa.asp.katowice.pl\/en\/review-regulations\/\">Review regulations<\/a><\/strong><\/p>\n\n\n\n<div style=\"height:100px\" aria-hidden=\"true\" class=\"wp-block-spacer\"><\/div>\n\n\n\n<h2 class=\"wp-block-heading\" id=\"speakers\">Selection jury<\/h2>\n\n\n\n<section class=\"wp-block-agrafa-people c-people o-wrapper-right-small alignfull u-text-smaller\"><div class=\"c-people__items\"><a class=\"c-people__item\" href=\"https:\/\/agrafa.asp.katowice.pl\/en\/osoba\/muflon-studio-pl\/\">\n<div class=\"c-people__item-media\">\n    <img decoding=\"async\" class=\"c-people__item-image\" alt=\"Muflon Studio (PL)\" loading=\"lazy\" src=\"https:\/\/i0.wp.com\/agrafa.asp.katowice.pl\/wp-content\/uploads\/2026\/01\/muflon_studio_bw.jpg?fit=690%2C733&#038;ssl=1\" srcset=\"https:\/\/i0.wp.com\/agrafa.asp.katowice.pl\/wp-content\/uploads\/2026\/01\/muflon_studio_bw.jpg?w=690&#038;ssl=1 690w, https:\/\/i0.wp.com\/agrafa.asp.katowice.pl\/wp-content\/uploads\/2026\/01\/muflon_studio_bw.jpg?resize=320%2C340&#038;ssl=1 320w, https:\/\/i0.wp.com\/agrafa.asp.katowice.pl\/wp-content\/uploads\/2026\/01\/muflon_studio_bw.jpg?resize=360%2C382&#038;ssl=1 360w\" sizes=\"(max-width: 479px) 100vw, 230px\">\n  <\/div>\n<h3 class=\"c-people__item-title\">Muflon Studio (PL)<\/h3>\n<\/a>\n\n\n<a class=\"c-people__item\" href=\"https:\/\/agrafa.asp.katowice.pl\/en\/osoba\/jacek-nosila-pl\/\">\n<div class=\"c-people__item-media\">\n    <img decoding=\"async\" class=\"c-people__item-image\" alt=\"Jacek Nosi\u0142a (PL)\" loading=\"lazy\" src=\"https:\/\/i0.wp.com\/agrafa.asp.katowice.pl\/wp-content\/uploads\/2026\/01\/Jacek_Nosila-scaled.jpeg?fit=1925%2C2560&#038;ssl=1\" srcset=\"https:\/\/i0.wp.com\/agrafa.asp.katowice.pl\/wp-content\/uploads\/2026\/01\/Jacek_Nosila-scaled.jpeg?w=1925&#038;ssl=1 1925w, https:\/\/i0.wp.com\/agrafa.asp.katowice.pl\/wp-content\/uploads\/2026\/01\/Jacek_Nosila-scaled.jpeg?resize=320%2C426&#038;ssl=1 320w, https:\/\/i0.wp.com\/agrafa.asp.katowice.pl\/wp-content\/uploads\/2026\/01\/Jacek_Nosila-scaled.jpeg?resize=1024%2C1362&#038;ssl=1 1024w, https:\/\/i0.wp.com\/agrafa.asp.katowice.pl\/wp-content\/uploads\/2026\/01\/Jacek_Nosila-scaled.jpeg?resize=768%2C1021&#038;ssl=1 768w, https:\/\/i0.wp.com\/agrafa.asp.katowice.pl\/wp-content\/uploads\/2026\/01\/Jacek_Nosila-scaled.jpeg?resize=1155%2C1536&#038;ssl=1 1155w, https:\/\/i0.wp.com\/agrafa.asp.katowice.pl\/wp-content\/uploads\/2026\/01\/Jacek_Nosila-scaled.jpeg?resize=1540%2C2048&#038;ssl=1 1540w, https:\/\/i0.wp.com\/agrafa.asp.katowice.pl\/wp-content\/uploads\/2026\/01\/Jacek_Nosila-scaled.jpeg?resize=1600%2C2128&#038;ssl=1 1600w, https:\/\/i0.wp.com\/agrafa.asp.katowice.pl\/wp-content\/uploads\/2026\/01\/Jacek_Nosila-scaled.jpeg?resize=360%2C479&#038;ssl=1 360w\" sizes=\"(max-width: 479px) 100vw, 230px\">\n  <\/div>\n<h3 class=\"c-people__item-title\">Jacek Nosi\u0142a (PL)<\/h3>\n<\/a>\n\n\n<a class=\"c-people__item\" href=\"https:\/\/agrafa.asp.katowice.pl\/en\/osoba\/piotr-wojtczak-pl\/\">\n<div class=\"c-people__item-media\">\n    <img decoding=\"async\" class=\"c-people__item-image\" alt=\"Piotr Wojtczak (PL)\" loading=\"lazy\" src=\"https:\/\/i0.wp.com\/agrafa.asp.katowice.pl\/wp-content\/uploads\/2026\/01\/Piotr_Wojtczak-e1769075005896.jpeg?fit=2382%2C2382&#038;ssl=1\" srcset=\"\" sizes=\"(max-width: 479px) 100vw, 230px\">\n  <\/div>\n<h3 class=\"c-people__item-title\">Piotr Wojtczak (PL)<\/h3>\n<\/a>\n<\/div><\/section>\n\n\n\n\n<div style=\"height:100px\" aria-hidden=\"true\" class=\"wp-block-spacer\"><\/div>\n\n\n\n<div data-wp-context=\"{ &quot;autoclose&quot;: false, &quot;accordionItems&quot;: [] }\" data-wp-interactive=\"core\/accordion\" role=\"group\" class=\"wp-block-accordion is-layout-flow wp-block-accordion-is-layout-flow\">\n<div data-wp-class--is-open=\"state.isOpen\" data-wp-context=\"{ &quot;id&quot;: &quot;accordion-item-1&quot;, &quot;openByDefault&quot;: false }\" data-wp-init=\"callbacks.initAccordionItems\" data-wp-on-window--hashchange=\"callbacks.hashChange\" class=\"wp-block-accordion-item is-layout-flow wp-block-accordion-item-is-layout-flow\">\n<h3 class=\"wp-block-accordion-heading has-h-2-font-size\"><button aria-expanded=\"false\" aria-controls=\"accordion-item-1-panel\" data-wp-bind--aria-expanded=\"state.isOpen\" data-wp-on--click=\"actions.toggle\" data-wp-on--keydown=\"actions.handleKeyDown\" id=\"accordion-item-1\" type=\"button\" class=\"wp-block-accordion-heading__toggle\"><span class=\"wp-block-accordion-heading__toggle-title\">List of entries accepted for the exhibition<\/span><span class=\"wp-block-accordion-heading__toggle-icon\" aria-hidden=\"true\">+<\/span><\/button><\/h3>\n\n\n\n<div inert aria-labelledby=\"accordion-item-1\" data-wp-bind--inert=\"!state.isOpen\" id=\"accordion-item-1-panel\" role=\"region\" class=\"wp-block-accordion-panel is-layout-flow wp-block-accordion-panel-is-layout-flow\">\n<figure class=\"wp-block-table has-small-font-size\"><table class=\"has-fixed-layout\"><thead><tr><th>name<\/th><th>name \u2013 cooperation<\/th><th>school \/ university<\/th><th>title<\/th><\/tr><\/thead><tbody><tr><td>Bia\u0142o\u0144 Wojciech<\/td><td>Alicja Ha\u0142at, Jadwiga Dardzi\u0144ska<\/td><td>Akademia Sztuk Pi\u0119knych im. Jana Matejki w Krakowie<\/td><td>\u201eToolup\u201d \u2013 kamizelka dla konserwatora malarstwa<\/td><\/tr><tr><td>Bo\u0142towicz Pawe\u0142<\/td><td><\/td><td>Akademia Sztuki w Szczecinie<\/td><td>Opracowanie graficzne wayfinding\u2019u i identyfikacji wizualnej Instytucji Kooperatywa \u0141a\u017ania.<\/td><\/tr><tr><td>Borusi\u0144ski Jan<\/td><td><\/td><td>Akademia Sztuk Pi\u0119knych w Katowicach<\/td><td>Karmnik kula<\/td><\/tr><tr><td>Bugaryn Bartosz<\/td><td><\/td><td>Akademia Sztuk Pi\u0119knych w Warszawie<\/td><td>Seria ok\u0142adek do ksi\u0105\u017cek polskich pisarzy science-fiction<\/td><\/tr><tr><td>Bury Kamila<\/td><td><\/td><td>Uniwersytet im. Komisji Edukacji Narodowej<\/td><td>Identyfikacja Wizualna oraz Strona WWW zespo\u0142u \u201eHulajniki&#8221;<\/td><\/tr><tr><td>D\u0105browska Wiktoria<\/td><td><\/td><td>Uniwersytet Komisji Edukacji Narodowej w Krakowie<\/td><td>Zwolnij Oddech<\/td><\/tr><tr><td>Dmytrenko Dawid<\/td><td><\/td><td>Akademia Sztuk Pi\u0119knych im. Jana Matejki<\/td><td>MODULAR TYPE SYSTEM<\/td><\/tr><tr><td>Dykszak Emilia<\/td><td><\/td><td>Uniwersytet Artystyczny im. Magdaleny Abakanowicz w Poznaniu<\/td><td>Epidemia samotno\u015bci<\/td><\/tr><tr><td>G\u0142adysz Aleksandra<\/td><td><\/td><td>Akademia Sztuk Pi\u0119knych im. Eugeniusza Gepperta we Wroc\u0142awiu<\/td><td>Dlaczego w Hiszpanii porzuca si\u0119 tysi\u0105ce chart\u00f3w? Ilustracja reporta\u017cu podcastu Dzia\u0142u Zagranicznego w formie zina<\/td><\/tr><tr><td>H\u0142ond Laura<\/td><td>Laura H\u0142ond, Dominika Afeltowicz, Miko\u0142aj \u015awi\u0119tochowski, Nikola Przymus, Paulina Bara\u0144ska, Pola Misiun, Weronika Korzep<\/td><td>Akademia Sztuk Pi\u0119knych w Gda\u0144sku<\/td><td>Projekt pokrywy studzienki kanalizacji sanitarnej lub deszczowej dla miasta Gda\u0144ska<\/td><\/tr><tr><td>Hornowska Maja<\/td><td><\/td><td>Uniwersytet Artystyczny im. Magdaleny Abakanowicz w Poznaniu<\/td><td>Magazyn a\/z<\/td><\/tr><tr><td>Hornowska Maja<\/td><td><\/td><td>Uniwersytet Artystyczny im. Magdaleny Abakanowicz w Poznaniu<\/td><td>Magazyn dkf<\/td><\/tr><tr><td>Juchnik Marta<\/td><td>Edyta Honkisz<\/td><td>Akademia Sztuk Pi\u0119knych w Katowicach<\/td><td>TravelBuddy \u2013 projekt aplikacji mobilnej do zakupu bilet\u00f3w autobusowych.<\/td><\/tr><tr><td>Juchnik Marta<\/td><td>Volha Vaitovich, Anastazja Zelenskaya<\/td><td>Akademia Sztuk Pi\u0119knych w Katowicach<\/td><td>Projekt trzech kaset zespo\u0142u System Of A Down, w kt\u00f3rym kaligrafia i alfabet ormia\u0144ski staj\u0105 si\u0119 punktem wyj\u015bcia do zwizualizowania muzyki.<\/td><\/tr><tr><td>Khamashta Lamar<\/td><td><\/td><td>Bezalel Academy of Arts and Design, Jerusalem<\/td><td>Way of the Chair<\/td><\/tr><tr><td>Klisz Kinga<\/td><td>Muzyka: Krzysztof i Jonasz Iwaniccy, Marcin Ole\u015b<\/td><td>Akademia Sztuk Pi\u0119knych w Katowicach<\/td><td>Sto lat! \u2013 animacja (mapping) na budynku Muzeum Etnograficznego w Krakowie<\/td><\/tr><tr><td>Koczy Marta<\/td><td>Kamila Grela, Martyna Hamryszczak, Martyna Tyszko<\/td><td>Akademia Sztuk Pi\u0119knych im. Jana Matejki<\/td><td>Logostworek \u2013 system pomocy logopedycznej<\/td><\/tr><tr><td>Koczy Marta<\/td><td><br>Kamila Grela, Martyna Hamryszczak<\/td><td>Akademia Sztuk Pi\u0119knych im. Jana Matejki<\/td><td>Konstrukcja wszech\u015bwiata i harmonia \u017cycia wg Timajosa Platona. Interpretacja typograficzno-papieroplastyczna w formie broszurowej<\/td><\/tr><tr><td>Kortas Aleksandra<\/td><td><\/td><td>Uniwersytet Artystyczny im. Magdaleny Abakanowicz w Poznaniu<\/td><td>Figle<\/td><\/tr><tr><td>Kortas Aleksandra<\/td><td><\/td><td>Uniwersytet Artystyczny im. Magdaleny Abakanowicz w Poznaniu<\/td><td>POSTHER<\/td><\/tr><tr><td>Kowalska Zuzanna<\/td><td><\/td><td>Uniwersytet Artystyczny im. Magdaleny Abakanowicz w Poznaniu<\/td><td>Espamory \u2013 karty do nauki hiszpa\u0144skiego<\/td><\/tr><tr><td>Kubala Martyna<\/td><td><\/td><td>Akademia Sztuk Pi\u0119knych im. Jana Matejki w Krakowie<\/td><td>Ci\u0105g\u0142o\u015b\u0107 Konstrukcji<\/td><\/tr><tr><td>Kufel Aleksandra<\/td><td><\/td><td>Uniwersytet Artystyczny im. Magdaleny Abakanowicz w Poznaniu<\/td><td>Opracowanie wydawnicze ksi\u0105\u017cki \u201eHisteria sztuki. Niemy krzyk obraz\u00f3w\u201d autorstwa Soni Kiszy<\/td><\/tr><tr><td>Makowska Adrianna<\/td><td><\/td><td>Akademia Sztuk Pi\u0119knych w Katowicach<\/td><td>INDIVIDUAL CAREER DEVELOPMENT PLAN<\/td><\/tr><tr><td>Matecka Aleksandra<\/td><td><\/td><td>Uniwersytet im. Miko\u0142aja Kopernika w Toruniu<\/td><td>Nowoczesna definicja \u015bliwki \u2013 system identyfikacji dla przetwor\u00f3w \u015bliwkowych Dary Lasu<\/td><\/tr><tr><td>Michno Olga<\/td><td>Ignacy Bia\u0142as<\/td><td>Akademia Sztuk Pi\u0119knych im. Jana Matejki<\/td><td>Woolnut<\/td><\/tr><tr><td>Mietlowska Martyna<\/td><td>Klaudia Machera, Angelika Gr\u0119da<\/td><td>Akademia Sztuk Pi\u0119knych w Katowicach<\/td><td>Projekt gry edukacyjnej dla dzieci wspieraj\u0105cej warsztaty nauki wyj\u0105tkowego haftu z Jaworzynki.<\/td><\/tr><tr><td>Mi\u0142ek Anna<\/td><td><\/td><td>Politechnika \u0141\u00f3dzka<\/td><td>\u201eNord&#8221; czasopismo o Norwegii i j\u0119zyku norweskim dla ca\u0142ej rodziny<\/td><\/tr><tr><td>Mordeja Pawe\u0142<\/td><td><\/td><td>Politechnika Wroc\u0142awska<\/td><td>PRZESTRZE\u0143 ZASTANA<\/td><\/tr><tr><td>Mucha Paulina<\/td><td><\/td><td>Akademia Sztuk Pi\u0119knych we Wroc\u0142awiu<\/td><td>Czuj\u0119 to!<\/td><\/tr><tr><td>Omelkov\u00e1 Michaela<\/td><td><\/td><td>Faculty of Fine Arts University of Ostrava<\/td><td>shepoth<\/td><\/tr><tr><td>Rolbiecka Jagoda<\/td><td><\/td><td>Akademia Sztuki w Szczecinie<\/td><td>Poza Sezonem<\/td><\/tr><tr><td>Rolbiecka Jagoda<\/td><td><\/td><td>Akademia Sztuki w Szczecinie<\/td><td>Elementy \u2013 Kalendarz<\/td><\/tr><tr><td>Sacha Aleksandra<\/td><td><\/td><td>Akademia Sztuk Pi\u0119knych w Katowicach<\/td><td>Quirkquill<\/td><\/tr><tr><td>Sacha Aleksandra<\/td><td>Karasi\u0144ska Anna<\/td><td>Akademia Sztuk Pi\u0119knych w Katowicach<\/td><td>THE END OF THE FUTURE. Projekt identyfikacji wizualnej TEDxKatowice 2025.<\/td><\/tr><tr><td>Skublewski Mateusz<\/td><td><\/td><td>Uniwersytet Artystyczny im. Magdaleny Abakanowicz w Poznaniu<\/td><td>Projekt magazynu Odzysk<\/td><\/tr><tr><td>Stanio Emilia<\/td><td><\/td><td>Akademia Sztuk Pi\u0119knych im. Jana Matejki w Krakowie<\/td><td>Redizajn opakowa\u0144 na karm\u0119 dla ptak\u00f3w marki Garden&amp;Fun<\/td><\/tr><tr><td>Stecewicz Ewa<\/td><td>Agata Germian, Liza Nalewajko, Anna Safuryn<\/td><td>School of Form USWPS<\/td><td>BAJA<\/td><\/tr><tr><td>Stsiatsova Alina<\/td><td><\/td><td>Akademia Sztuki w Szczecinie<\/td><td>Fabryka absolutu<\/td><\/tr><tr><td>Swoszowska Marta<\/td><td><\/td><td>Akademia Sztuk Pi\u0119knych Katowice<\/td><td>Font \u201eKnitting&#8221;<\/td><\/tr><tr><td>Szymula Melita<\/td><td><\/td><td>Akademia Sztuk Pi\u0119knych im. Jana Matejki<\/td><td>Projekt lektury szkolnej \u2013 Potop<\/td><\/tr><tr><td>\u015alachci\u0144ska Wiktoria<\/td><td><\/td><td>Uniwersytet Artystyczny im. Magdaleny Abakanowicz w Poznaniu<\/td><td>BUJU<\/td><\/tr><tr><td>Wagner Agnieszka<\/td><td>Oliwia Zypser<\/td><td>SWPS<\/td><td>Poklask<\/td><\/tr><tr><td>Wagner Agnieszka<\/td><td><\/td><td>SWPS<\/td><td>Amager<\/td><\/tr><tr><td>Wielgosz Katarzyna<\/td><td><\/td><td>Uniwersytet Artystyczny im. Magdaleny Abakanowicz w Poznaniu<\/td><td>K\u00c9N\u00c9 Magazyn mody afryka\u0144skiej<\/td><\/tr><tr><td>Zaranek Oskar<\/td><td><\/td><td>Akademia Sztuki w Szczecinie<\/td><td>Projekt graficzny ksi\u0105\u017cki \u201eDoktor Jekyll i pan Hyde\u201d<\/td><\/tr><tr><td>Zi\u00f3\u0142kowska Julia<\/td><td><\/td><td>Uniwersytet Artystyczny im. Magdaleny Abakanowicz w Poznaniu<\/td><td>Balladyna<\/td><\/tr><tr><td>Zypser Oliwia<\/td><td>Agnieszka Wagner<\/td><td>Uniwersytet Komisji Edukacji Narodowej<\/td><td>Polski Kunszt<\/td><\/tr><\/tbody><\/table><\/figure>\n<\/div>\n<\/div>\n<\/div>\n\n\n\n<div class=\"wp-block-buttons is-layout-flex wp-block-buttons-is-layout-flex\">\n<div class=\"wp-block-button is-style-primary\"><a class=\"wp-block-button__link wp-element-button\" href=\"https:\/\/agrafa.asp.katowice.pl\/en\/galeria\/cycles26-przeglad\/\">See the gallery of works<\/a><\/div>\n<\/div>\n\n\n\n<div style=\"height:100px\" aria-hidden=\"true\" class=\"wp-block-spacer\"><\/div>\n\n\n\n<h2 class=\"wp-block-heading\" id=\"speakers\">Main jury<\/h2>\n\n\n\n<section class=\"wp-block-agrafa-people c-people o-wrapper-right-small alignfull u-text-smaller\"><div class=\"c-people__items\"><a class=\"c-people__item\" href=\"https:\/\/agrafa.asp.katowice.pl\/en\/osoba\/enrico-bravi-it\/\">\n<div class=\"c-people__item-media\">\n    <img decoding=\"async\" class=\"c-people__item-image\" alt=\"Enrico Bravi (IT)\" loading=\"lazy\" src=\"https:\/\/i0.wp.com\/agrafa.asp.katowice.pl\/wp-content\/uploads\/2026\/01\/Enrico_Bravi_Portrait-scaled.jpg?fit=2274%2C2560&#038;ssl=1\" srcset=\"https:\/\/i0.wp.com\/agrafa.asp.katowice.pl\/wp-content\/uploads\/2026\/01\/Enrico_Bravi_Portrait-scaled.jpg?w=2274&#038;ssl=1 2274w, https:\/\/i0.wp.com\/agrafa.asp.katowice.pl\/wp-content\/uploads\/2026\/01\/Enrico_Bravi_Portrait-scaled.jpg?resize=320%2C360&#038;ssl=1 320w, https:\/\/i0.wp.com\/agrafa.asp.katowice.pl\/wp-content\/uploads\/2026\/01\/Enrico_Bravi_Portrait-scaled.jpg?resize=1024%2C1153&#038;ssl=1 1024w, https:\/\/i0.wp.com\/agrafa.asp.katowice.pl\/wp-content\/uploads\/2026\/01\/Enrico_Bravi_Portrait-scaled.jpg?resize=768%2C865&#038;ssl=1 768w, https:\/\/i0.wp.com\/agrafa.asp.katowice.pl\/wp-content\/uploads\/2026\/01\/Enrico_Bravi_Portrait-scaled.jpg?resize=1364%2C1536&#038;ssl=1 1364w, https:\/\/i0.wp.com\/agrafa.asp.katowice.pl\/wp-content\/uploads\/2026\/01\/Enrico_Bravi_Portrait-scaled.jpg?resize=1819%2C2048&#038;ssl=1 1819w, https:\/\/i0.wp.com\/agrafa.asp.katowice.pl\/wp-content\/uploads\/2026\/01\/Enrico_Bravi_Portrait-scaled.jpg?resize=1600%2C1801&#038;ssl=1 1600w, https:\/\/i0.wp.com\/agrafa.asp.katowice.pl\/wp-content\/uploads\/2026\/01\/Enrico_Bravi_Portrait-scaled.jpg?resize=360%2C405&#038;ssl=1 360w, https:\/\/i0.wp.com\/agrafa.asp.katowice.pl\/wp-content\/uploads\/2026\/01\/Enrico_Bravi_Portrait-scaled.jpg?w=2000 2000w\" sizes=\"(max-width: 479px) 100vw, 230px\">\n  <\/div>\n<h3 class=\"c-people__item-title\">Enrico Bravi (IT)<\/h3>\n<\/a>\n\n\n<a class=\"c-people__item\" href=\"https:\/\/agrafa.asp.katowice.pl\/en\/osoba\/jan-kubasiewicz\/\">\n<div class=\"c-people__item-media\">\n    <img decoding=\"async\" class=\"c-people__item-image\" alt=\"Jan Kubasiewicz (US)\" loading=\"lazy\" src=\"https:\/\/i0.wp.com\/agrafa.asp.katowice.pl\/wp-content\/uploads\/2025\/12\/Jan_K_Harvard-e1765560150884.jpg?fit=1567%2C1686&#038;ssl=1\" srcset=\"\" sizes=\"(max-width: 479px) 100vw, 230px\">\n  <\/div>\n<h3 class=\"c-people__item-title\">Jan Kubasiewicz (US)<\/h3>\n<\/a>\n\n\n<a class=\"c-people__item\" href=\"https:\/\/agrafa.asp.katowice.pl\/en\/osoba\/marianna-paszkowska\/\">\n<div class=\"c-people__item-media\">\n    <img decoding=\"async\" class=\"c-people__item-image\" alt=\"Marianna Paszkowska (PL)\" loading=\"lazy\" src=\"https:\/\/i0.wp.com\/agrafa.asp.katowice.pl\/wp-content\/uploads\/2026\/04\/portrait_czb_fot_Malgorzata_Popinigis.jpg?fit=894%2C894&#038;ssl=1\" srcset=\"https:\/\/i0.wp.com\/agrafa.asp.katowice.pl\/wp-content\/uploads\/2026\/04\/portrait_czb_fot_Malgorzata_Popinigis.jpg?w=894&#038;ssl=1 894w, https:\/\/i0.wp.com\/agrafa.asp.katowice.pl\/wp-content\/uploads\/2026\/04\/portrait_czb_fot_Malgorzata_Popinigis.jpg?resize=320%2C320&#038;ssl=1 320w, https:\/\/i0.wp.com\/agrafa.asp.katowice.pl\/wp-content\/uploads\/2026\/04\/portrait_czb_fot_Malgorzata_Popinigis.jpg?resize=150%2C150&#038;ssl=1 150w, https:\/\/i0.wp.com\/agrafa.asp.katowice.pl\/wp-content\/uploads\/2026\/04\/portrait_czb_fot_Malgorzata_Popinigis.jpg?resize=768%2C768&#038;ssl=1 768w, https:\/\/i0.wp.com\/agrafa.asp.katowice.pl\/wp-content\/uploads\/2026\/04\/portrait_czb_fot_Malgorzata_Popinigis.jpg?resize=360%2C360&#038;ssl=1 360w\" sizes=\"(max-width: 479px) 100vw, 230px\">\n  <\/div>\n<h3 class=\"c-people__item-title\">Marianna Paszkowska (PL)<\/h3>\n<\/a>\n\n\n<a class=\"c-people__item\" href=\"https:\/\/agrafa.asp.katowice.pl\/en\/osoba\/bogna-polanska-pl\/\">\n<div class=\"c-people__item-media\">\n    <img decoding=\"async\" class=\"c-people__item-image\" alt=\"Bogna Pola\u0144ska (PL)\" loading=\"lazy\" src=\"https:\/\/i0.wp.com\/agrafa.asp.katowice.pl\/wp-content\/uploads\/2026\/04\/BognaPolanska.jpg?fit=1678%2C2002&#038;ssl=1\" srcset=\"https:\/\/i0.wp.com\/agrafa.asp.katowice.pl\/wp-content\/uploads\/2026\/04\/BognaPolanska.jpg?w=1678&#038;ssl=1 1678w, https:\/\/i0.wp.com\/agrafa.asp.katowice.pl\/wp-content\/uploads\/2026\/04\/BognaPolanska.jpg?resize=320%2C382&#038;ssl=1 320w, https:\/\/i0.wp.com\/agrafa.asp.katowice.pl\/wp-content\/uploads\/2026\/04\/BognaPolanska.jpg?resize=1024%2C1222&#038;ssl=1 1024w, https:\/\/i0.wp.com\/agrafa.asp.katowice.pl\/wp-content\/uploads\/2026\/04\/BognaPolanska.jpg?resize=768%2C916&#038;ssl=1 768w, https:\/\/i0.wp.com\/agrafa.asp.katowice.pl\/wp-content\/uploads\/2026\/04\/BognaPolanska.jpg?resize=1287%2C1536&#038;ssl=1 1287w, https:\/\/i0.wp.com\/agrafa.asp.katowice.pl\/wp-content\/uploads\/2026\/04\/BognaPolanska.jpg?resize=1600%2C1909&#038;ssl=1 1600w, https:\/\/i0.wp.com\/agrafa.asp.katowice.pl\/wp-content\/uploads\/2026\/04\/BognaPolanska.jpg?resize=360%2C430&#038;ssl=1 360w\" sizes=\"(max-width: 479px) 100vw, 230px\">\n  <\/div>\n<h3 class=\"c-people__item-title\">Bogna Pola\u0144ska (PL)<\/h3>\n<\/a>\n\n\n<a class=\"c-people__item\" href=\"https:\/\/agrafa.asp.katowice.pl\/en\/osoba\/lucyna-talejko-kwiatkowska-pl\/\">\n<div class=\"c-people__item-media\">\n    <img decoding=\"async\" class=\"c-people__item-image\" alt=\"Lucyna Talejko-Kwiatkowska (PL)\" loading=\"lazy\" src=\"https:\/\/i0.wp.com\/agrafa.asp.katowice.pl\/wp-content\/uploads\/2026\/03\/Lucyna_Talejko_Kwiatkowska-scaled-e1774203082844.jpg?fit=1715%2C2202&#038;ssl=1\" srcset=\"https:\/\/i0.wp.com\/agrafa.asp.katowice.pl\/wp-content\/uploads\/2026\/03\/Lucyna_Talejko_Kwiatkowska-scaled-e1774203082844.jpg?w=1715&#038;ssl=1 1715w, https:\/\/i0.wp.com\/agrafa.asp.katowice.pl\/wp-content\/uploads\/2026\/03\/Lucyna_Talejko_Kwiatkowska-scaled-e1774203082844.jpg?resize=320%2C411&#038;ssl=1 320w, https:\/\/i0.wp.com\/agrafa.asp.katowice.pl\/wp-content\/uploads\/2026\/03\/Lucyna_Talejko_Kwiatkowska-scaled-e1774203082844.jpg?resize=1024%2C1315&#038;ssl=1 1024w, https:\/\/i0.wp.com\/agrafa.asp.katowice.pl\/wp-content\/uploads\/2026\/03\/Lucyna_Talejko_Kwiatkowska-scaled-e1774203082844.jpg?resize=768%2C986&#038;ssl=1 768w, https:\/\/i0.wp.com\/agrafa.asp.katowice.pl\/wp-content\/uploads\/2026\/03\/Lucyna_Talejko_Kwiatkowska-scaled-e1774203082844.jpg?resize=1196%2C1536&#038;ssl=1 1196w, https:\/\/i0.wp.com\/agrafa.asp.katowice.pl\/wp-content\/uploads\/2026\/03\/Lucyna_Talejko_Kwiatkowska-scaled-e1774203082844.jpg?resize=1595%2C2048&#038;ssl=1 1595w, https:\/\/i0.wp.com\/agrafa.asp.katowice.pl\/wp-content\/uploads\/2026\/03\/Lucyna_Talejko_Kwiatkowska-scaled-e1774203082844.jpg?resize=1600%2C2054&#038;ssl=1 1600w, https:\/\/i0.wp.com\/agrafa.asp.katowice.pl\/wp-content\/uploads\/2026\/03\/Lucyna_Talejko_Kwiatkowska-scaled-e1774203082844.jpg?resize=360%2C462&#038;ssl=1 360w\" sizes=\"(max-width: 479px) 100vw, 230px\">\n  <\/div>\n<h3 class=\"c-people__item-title\">Lucyna Talejko-Kwiatkowska (PL)<\/h3>\n<\/a>\n<\/div><\/section>\n\n\n\n\n<div style=\"height:33px\" aria-hidden=\"true\" class=\"wp-block-spacer\"><\/div>\n\n\n\n<div style=\"height:100px\" aria-hidden=\"true\" class=\"wp-block-spacer\"><\/div>\n\n\n\n<h2 class=\"wp-block-heading\" id=\"youngagrafa\">Young Agrafa<\/h2>\n\n\n\n<p>Young Agrafa 2026 is an event accompanying the Agrafa 2026 conference \u2013 a platform dedicated to young designers, offering them the opportunity to present their ideas and reflections to a wider audience. We are currently inviting applications from students of design-related universities, as well as graduates who defended their BA, MA, or PhD no earlier than 2024.<\/p>\n\n\n\n<p>The event will take place on&nbsp;<strong>14 May 2026 (12:00\u201315:00) at the Academy of Fine Arts in Katowice<\/strong>. Each selected speaker will deliver a 10-minute presentation in English, supported by a visual presentation.<\/p>\n\n\n\n<p>Participation is free of charge; however, we do not provide honoraria. We recommend that speakers seek possible travel reimbursement from their home institutions.<\/p>\n\n\n\n<p>We have the speakers!<\/p>\n\n\n\n<section class=\"wp-block-agrafa-people c-people o-wrapper-right-small alignfull u-text-smaller\"><div class=\"c-people__items\"><a class=\"c-people__item\" href=\"https:\/\/agrafa.asp.katowice.pl\/en\/osoba\/marianna-czwojdrak\/\">\n<div class=\"c-people__item-media\">\n    <img decoding=\"async\" class=\"c-people__item-image\" alt=\"Marianna Czwojdrak\" loading=\"lazy\" src=\"https:\/\/i0.wp.com\/agrafa.asp.katowice.pl\/wp-content\/uploads\/2026\/03\/Marianna_Czwojdrak.jpg?fit=461%2C592&#038;ssl=1\" srcset=\"https:\/\/i0.wp.com\/agrafa.asp.katowice.pl\/wp-content\/uploads\/2026\/03\/Marianna_Czwojdrak.jpg?w=461&#038;ssl=1 461w, https:\/\/i0.wp.com\/agrafa.asp.katowice.pl\/wp-content\/uploads\/2026\/03\/Marianna_Czwojdrak.jpg?resize=320%2C411&#038;ssl=1 320w, https:\/\/i0.wp.com\/agrafa.asp.katowice.pl\/wp-content\/uploads\/2026\/03\/Marianna_Czwojdrak.jpg?resize=360%2C462&#038;ssl=1 360w\" sizes=\"(max-width: 479px) 100vw, 230px\">\n  <\/div>\n<h3 class=\"c-people__item-title\">Marianna Czwojdrak<\/h3>\n<\/a>\n\n\n<a class=\"c-people__item\" href=\"https:\/\/agrafa.asp.katowice.pl\/en\/osoba\/kinga-klisz\/\">\n<div class=\"c-people__item-media\">\n    <img decoding=\"async\" class=\"c-people__item-image\" alt=\"Kinga Klisz\" loading=\"lazy\" src=\"https:\/\/i0.wp.com\/agrafa.asp.katowice.pl\/wp-content\/uploads\/2024\/06\/kinga-klisz-zdjecie.jpg?fit=933%2C933&#038;ssl=1\" srcset=\"https:\/\/i0.wp.com\/agrafa.asp.katowice.pl\/wp-content\/uploads\/2024\/06\/kinga-klisz-zdjecie.jpg?w=933&#038;ssl=1 933w, https:\/\/i0.wp.com\/agrafa.asp.katowice.pl\/wp-content\/uploads\/2024\/06\/kinga-klisz-zdjecie.jpg?resize=320%2C320&#038;ssl=1 320w, https:\/\/i0.wp.com\/agrafa.asp.katowice.pl\/wp-content\/uploads\/2024\/06\/kinga-klisz-zdjecie.jpg?resize=150%2C150&#038;ssl=1 150w, https:\/\/i0.wp.com\/agrafa.asp.katowice.pl\/wp-content\/uploads\/2024\/06\/kinga-klisz-zdjecie.jpg?resize=768%2C768&#038;ssl=1 768w, https:\/\/i0.wp.com\/agrafa.asp.katowice.pl\/wp-content\/uploads\/2024\/06\/kinga-klisz-zdjecie.jpg?resize=360%2C360&#038;ssl=1 360w\" sizes=\"(max-width: 479px) 100vw, 230px\">\n  <\/div>\n<h3 class=\"c-people__item-title\">Kinga Klisz<\/h3>\n<\/a>\n\n\n<a class=\"c-people__item\" href=\"https:\/\/agrafa.asp.katowice.pl\/en\/osoba\/agnieszka-kolodziejczak\/\">\n<div class=\"c-people__item-media\">\n    <img decoding=\"async\" class=\"c-people__item-image\" alt=\"Agnieszka Ko\u0142odziejczak\" loading=\"lazy\" src=\"https:\/\/i0.wp.com\/agrafa.asp.katowice.pl\/wp-content\/uploads\/2026\/03\/Agnieszka_Kolodziejczak.jpg?fit=648%2C952&#038;ssl=1\" srcset=\"https:\/\/i0.wp.com\/agrafa.asp.katowice.pl\/wp-content\/uploads\/2026\/03\/Agnieszka_Kolodziejczak.jpg?w=648&#038;ssl=1 648w, https:\/\/i0.wp.com\/agrafa.asp.katowice.pl\/wp-content\/uploads\/2026\/03\/Agnieszka_Kolodziejczak.jpg?resize=320%2C470&#038;ssl=1 320w, https:\/\/i0.wp.com\/agrafa.asp.katowice.pl\/wp-content\/uploads\/2026\/03\/Agnieszka_Kolodziejczak.jpg?resize=360%2C529&#038;ssl=1 360w\" sizes=\"(max-width: 479px) 100vw, 230px\">\n  <\/div>\n<h3 class=\"c-people__item-title\">Agnieszka Ko\u0142odziejczak<\/h3>\n<\/a>\n\n\n<a class=\"c-people__item\" href=\"https:\/\/agrafa.asp.katowice.pl\/en\/osoba\/aleksandra-kortas\/\">\n<div class=\"c-people__item-media\">\n    <img decoding=\"async\" class=\"c-people__item-image\" alt=\"Aleksandra Kortas\" loading=\"lazy\" src=\"https:\/\/i0.wp.com\/agrafa.asp.katowice.pl\/wp-content\/uploads\/2026\/03\/Aleksandra_Kortas-scaled.jpg?fit=2087%2C2560&#038;ssl=1\" srcset=\"https:\/\/i0.wp.com\/agrafa.asp.katowice.pl\/wp-content\/uploads\/2026\/03\/Aleksandra_Kortas-scaled.jpg?w=2087&#038;ssl=1 2087w, https:\/\/i0.wp.com\/agrafa.asp.katowice.pl\/wp-content\/uploads\/2026\/03\/Aleksandra_Kortas-scaled.jpg?resize=320%2C393&#038;ssl=1 320w, https:\/\/i0.wp.com\/agrafa.asp.katowice.pl\/wp-content\/uploads\/2026\/03\/Aleksandra_Kortas-scaled.jpg?resize=1024%2C1256&#038;ssl=1 1024w, https:\/\/i0.wp.com\/agrafa.asp.katowice.pl\/wp-content\/uploads\/2026\/03\/Aleksandra_Kortas-scaled.jpg?resize=768%2C942&#038;ssl=1 768w, https:\/\/i0.wp.com\/agrafa.asp.katowice.pl\/wp-content\/uploads\/2026\/03\/Aleksandra_Kortas-scaled.jpg?resize=1252%2C1536&#038;ssl=1 1252w, https:\/\/i0.wp.com\/agrafa.asp.katowice.pl\/wp-content\/uploads\/2026\/03\/Aleksandra_Kortas-scaled.jpg?resize=1670%2C2048&#038;ssl=1 1670w, https:\/\/i0.wp.com\/agrafa.asp.katowice.pl\/wp-content\/uploads\/2026\/03\/Aleksandra_Kortas-scaled.jpg?resize=1600%2C1963&#038;ssl=1 1600w, https:\/\/i0.wp.com\/agrafa.asp.katowice.pl\/wp-content\/uploads\/2026\/03\/Aleksandra_Kortas-scaled.jpg?resize=360%2C442&#038;ssl=1 360w, https:\/\/i0.wp.com\/agrafa.asp.katowice.pl\/wp-content\/uploads\/2026\/03\/Aleksandra_Kortas-scaled.jpg?w=2000 2000w\" sizes=\"(max-width: 479px) 100vw, 230px\">\n  <\/div>\n<h3 class=\"c-people__item-title\">Aleksandra Kortas<\/h3>\n<\/a>\n\n\n<a class=\"c-people__item\" href=\"https:\/\/agrafa.asp.katowice.pl\/en\/osoba\/julia-korzec-2\/\">\n<div class=\"c-people__item-media\">\n    <img decoding=\"async\" class=\"c-people__item-image\" alt=\"Julia Korzec\" loading=\"lazy\" src=\"https:\/\/i0.wp.com\/agrafa.asp.katowice.pl\/wp-content\/uploads\/2026\/03\/Julia_Korzec-scaled.jpg?fit=2185%2C2560&#038;ssl=1\" srcset=\"https:\/\/i0.wp.com\/agrafa.asp.katowice.pl\/wp-content\/uploads\/2026\/03\/Julia_Korzec-scaled.jpg?w=2185&#038;ssl=1 2185w, https:\/\/i0.wp.com\/agrafa.asp.katowice.pl\/wp-content\/uploads\/2026\/03\/Julia_Korzec-scaled.jpg?resize=320%2C375&#038;ssl=1 320w, https:\/\/i0.wp.com\/agrafa.asp.katowice.pl\/wp-content\/uploads\/2026\/03\/Julia_Korzec-scaled.jpg?resize=1024%2C1200&#038;ssl=1 1024w, https:\/\/i0.wp.com\/agrafa.asp.katowice.pl\/wp-content\/uploads\/2026\/03\/Julia_Korzec-scaled.jpg?resize=768%2C900&#038;ssl=1 768w, https:\/\/i0.wp.com\/agrafa.asp.katowice.pl\/wp-content\/uploads\/2026\/03\/Julia_Korzec-scaled.jpg?resize=1311%2C1536&#038;ssl=1 1311w, https:\/\/i0.wp.com\/agrafa.asp.katowice.pl\/wp-content\/uploads\/2026\/03\/Julia_Korzec-scaled.jpg?resize=1748%2C2048&#038;ssl=1 1748w, https:\/\/i0.wp.com\/agrafa.asp.katowice.pl\/wp-content\/uploads\/2026\/03\/Julia_Korzec-scaled.jpg?resize=1600%2C1875&#038;ssl=1 1600w, https:\/\/i0.wp.com\/agrafa.asp.katowice.pl\/wp-content\/uploads\/2026\/03\/Julia_Korzec-scaled.jpg?resize=360%2C422&#038;ssl=1 360w, https:\/\/i0.wp.com\/agrafa.asp.katowice.pl\/wp-content\/uploads\/2026\/03\/Julia_Korzec-scaled.jpg?w=2000 2000w\" sizes=\"(max-width: 479px) 100vw, 230px\">\n  <\/div>\n<h3 class=\"c-people__item-title\">Julia Korzec<\/h3>\n<\/a>\n\n\n<a class=\"c-people__item\" href=\"https:\/\/agrafa.asp.katowice.pl\/en\/osoba\/tadeusz-niziolek\/\">\n<div class=\"c-people__item-media\">\n    <img decoding=\"async\" class=\"c-people__item-image\" alt=\"Tadeusz Nizio\u0142ek\" loading=\"lazy\" src=\"https:\/\/i0.wp.com\/agrafa.asp.katowice.pl\/wp-content\/uploads\/2026\/03\/Tadeusz_Niziolek-scaled.jpg?fit=1884%2C2560&#038;ssl=1\" srcset=\"https:\/\/i0.wp.com\/agrafa.asp.katowice.pl\/wp-content\/uploads\/2026\/03\/Tadeusz_Niziolek-scaled.jpg?w=1884&#038;ssl=1 1884w, https:\/\/i0.wp.com\/agrafa.asp.katowice.pl\/wp-content\/uploads\/2026\/03\/Tadeusz_Niziolek-scaled.jpg?resize=320%2C435&#038;ssl=1 320w, https:\/\/i0.wp.com\/agrafa.asp.katowice.pl\/wp-content\/uploads\/2026\/03\/Tadeusz_Niziolek-scaled.jpg?resize=1024%2C1391&#038;ssl=1 1024w, https:\/\/i0.wp.com\/agrafa.asp.katowice.pl\/wp-content\/uploads\/2026\/03\/Tadeusz_Niziolek-scaled.jpg?resize=768%2C1043&#038;ssl=1 768w, https:\/\/i0.wp.com\/agrafa.asp.katowice.pl\/wp-content\/uploads\/2026\/03\/Tadeusz_Niziolek-scaled.jpg?resize=1131%2C1536&#038;ssl=1 1131w, https:\/\/i0.wp.com\/agrafa.asp.katowice.pl\/wp-content\/uploads\/2026\/03\/Tadeusz_Niziolek-scaled.jpg?resize=1507%2C2048&#038;ssl=1 1507w, https:\/\/i0.wp.com\/agrafa.asp.katowice.pl\/wp-content\/uploads\/2026\/03\/Tadeusz_Niziolek-scaled.jpg?resize=1600%2C2174&#038;ssl=1 1600w, https:\/\/i0.wp.com\/agrafa.asp.katowice.pl\/wp-content\/uploads\/2026\/03\/Tadeusz_Niziolek-scaled.jpg?resize=360%2C489&#038;ssl=1 360w\" sizes=\"(max-width: 479px) 100vw, 230px\">\n  <\/div>\n<h3 class=\"c-people__item-title\">Tadeusz Nizio\u0142ek<\/h3>\n<\/a>\n\n\n<a class=\"c-people__item\" href=\"https:\/\/agrafa.asp.katowice.pl\/en\/osoba\/david-normington\/\">\n<div class=\"c-people__item-media\">\n    <img decoding=\"async\" class=\"c-people__item-image\" alt=\"David Normington\" loading=\"lazy\" src=\"https:\/\/i0.wp.com\/agrafa.asp.katowice.pl\/wp-content\/uploads\/2026\/03\/David-Normington.jpg?fit=1056%2C1320&#038;ssl=1\" srcset=\"https:\/\/i0.wp.com\/agrafa.asp.katowice.pl\/wp-content\/uploads\/2026\/03\/David-Normington.jpg?w=1056&#038;ssl=1 1056w, https:\/\/i0.wp.com\/agrafa.asp.katowice.pl\/wp-content\/uploads\/2026\/03\/David-Normington.jpg?resize=320%2C400&#038;ssl=1 320w, https:\/\/i0.wp.com\/agrafa.asp.katowice.pl\/wp-content\/uploads\/2026\/03\/David-Normington.jpg?resize=1024%2C1280&#038;ssl=1 1024w, https:\/\/i0.wp.com\/agrafa.asp.katowice.pl\/wp-content\/uploads\/2026\/03\/David-Normington.jpg?resize=768%2C960&#038;ssl=1 768w, https:\/\/i0.wp.com\/agrafa.asp.katowice.pl\/wp-content\/uploads\/2026\/03\/David-Normington.jpg?resize=360%2C450&#038;ssl=1 360w\" sizes=\"(max-width: 479px) 100vw, 230px\">\n  <\/div>\n<h3 class=\"c-people__item-title\">David Normington<\/h3>\n<\/a>\n\n\n<a class=\"c-people__item\" href=\"https:\/\/agrafa.asp.katowice.pl\/en\/osoba\/yaroslava-onokhina\/\">\n<div class=\"c-people__item-media\">\n    <img decoding=\"async\" class=\"c-people__item-image\" alt=\"Yaroslava Onokhina\" loading=\"lazy\" src=\"https:\/\/i0.wp.com\/agrafa.asp.katowice.pl\/wp-content\/uploads\/2026\/03\/Yaroslava_Onokhina_zdj.jpg?fit=634%2C788&#038;ssl=1\" srcset=\"https:\/\/i0.wp.com\/agrafa.asp.katowice.pl\/wp-content\/uploads\/2026\/03\/Yaroslava_Onokhina_zdj.jpg?w=634&#038;ssl=1 634w, https:\/\/i0.wp.com\/agrafa.asp.katowice.pl\/wp-content\/uploads\/2026\/03\/Yaroslava_Onokhina_zdj.jpg?resize=320%2C398&#038;ssl=1 320w, https:\/\/i0.wp.com\/agrafa.asp.katowice.pl\/wp-content\/uploads\/2026\/03\/Yaroslava_Onokhina_zdj.jpg?resize=360%2C447&#038;ssl=1 360w\" sizes=\"(max-width: 479px) 100vw, 230px\">\n  <\/div>\n<h3 class=\"c-people__item-title\">Yaroslava Onokhina<\/h3>\n<\/a>\n\n\n<a class=\"c-people__item\" href=\"https:\/\/agrafa.asp.katowice.pl\/en\/osoba\/wiktoria-slowik\/\">\n<div class=\"c-people__item-media\">\n    <img decoding=\"async\" class=\"c-people__item-image\" alt=\"Wiktoria S\u0142owik\" loading=\"lazy\" src=\"https:\/\/i0.wp.com\/agrafa.asp.katowice.pl\/wp-content\/uploads\/2026\/03\/Wiktoria-Slowik-scaled.jpg?fit=1920%2C2560&#038;ssl=1\" srcset=\"https:\/\/i0.wp.com\/agrafa.asp.katowice.pl\/wp-content\/uploads\/2026\/03\/Wiktoria-Slowik-scaled.jpg?w=1920&#038;ssl=1 1920w, https:\/\/i0.wp.com\/agrafa.asp.katowice.pl\/wp-content\/uploads\/2026\/03\/Wiktoria-Slowik-scaled.jpg?resize=320%2C427&#038;ssl=1 320w, https:\/\/i0.wp.com\/agrafa.asp.katowice.pl\/wp-content\/uploads\/2026\/03\/Wiktoria-Slowik-scaled.jpg?resize=1024%2C1365&#038;ssl=1 1024w, https:\/\/i0.wp.com\/agrafa.asp.katowice.pl\/wp-content\/uploads\/2026\/03\/Wiktoria-Slowik-scaled.jpg?resize=768%2C1024&#038;ssl=1 768w, https:\/\/i0.wp.com\/agrafa.asp.katowice.pl\/wp-content\/uploads\/2026\/03\/Wiktoria-Slowik-scaled.jpg?resize=1152%2C1536&#038;ssl=1 1152w, https:\/\/i0.wp.com\/agrafa.asp.katowice.pl\/wp-content\/uploads\/2026\/03\/Wiktoria-Slowik-scaled.jpg?resize=1536%2C2048&#038;ssl=1 1536w, https:\/\/i0.wp.com\/agrafa.asp.katowice.pl\/wp-content\/uploads\/2026\/03\/Wiktoria-Slowik-scaled.jpg?resize=1600%2C2133&#038;ssl=1 1600w, https:\/\/i0.wp.com\/agrafa.asp.katowice.pl\/wp-content\/uploads\/2026\/03\/Wiktoria-Slowik-scaled.jpg?resize=360%2C480&#038;ssl=1 360w\" sizes=\"(max-width: 479px) 100vw, 230px\">\n  <\/div>\n<h3 class=\"c-people__item-title\">Wiktoria S\u0142owik<\/h3>\n<\/a>\n\n\n<a class=\"c-people__item\" href=\"https:\/\/agrafa.asp.katowice.pl\/en\/osoba\/amelia-trzaska\/\">\n<div class=\"c-people__item-media\">\n    <img decoding=\"async\" class=\"c-people__item-image\" alt=\"Amelia Trzaska\" loading=\"lazy\" src=\"https:\/\/i0.wp.com\/agrafa.asp.katowice.pl\/wp-content\/uploads\/2026\/03\/Amelia_Trzaska-scaled.jpeg?fit=2149%2C2560&#038;ssl=1\" srcset=\"https:\/\/i0.wp.com\/agrafa.asp.katowice.pl\/wp-content\/uploads\/2026\/03\/Amelia_Trzaska-scaled.jpeg?w=2149&#038;ssl=1 2149w, https:\/\/i0.wp.com\/agrafa.asp.katowice.pl\/wp-content\/uploads\/2026\/03\/Amelia_Trzaska-scaled.jpeg?resize=320%2C381&#038;ssl=1 320w, https:\/\/i0.wp.com\/agrafa.asp.katowice.pl\/wp-content\/uploads\/2026\/03\/Amelia_Trzaska-scaled.jpeg?resize=1024%2C1220&#038;ssl=1 1024w, https:\/\/i0.wp.com\/agrafa.asp.katowice.pl\/wp-content\/uploads\/2026\/03\/Amelia_Trzaska-scaled.jpeg?resize=768%2C915&#038;ssl=1 768w, https:\/\/i0.wp.com\/agrafa.asp.katowice.pl\/wp-content\/uploads\/2026\/03\/Amelia_Trzaska-scaled.jpeg?resize=1290%2C1536&#038;ssl=1 1290w, https:\/\/i0.wp.com\/agrafa.asp.katowice.pl\/wp-content\/uploads\/2026\/03\/Amelia_Trzaska-scaled.jpeg?resize=1720%2C2048&#038;ssl=1 1720w, https:\/\/i0.wp.com\/agrafa.asp.katowice.pl\/wp-content\/uploads\/2026\/03\/Amelia_Trzaska-scaled.jpeg?resize=1600%2C1906&#038;ssl=1 1600w, https:\/\/i0.wp.com\/agrafa.asp.katowice.pl\/wp-content\/uploads\/2026\/03\/Amelia_Trzaska-scaled.jpeg?resize=360%2C429&#038;ssl=1 360w, https:\/\/i0.wp.com\/agrafa.asp.katowice.pl\/wp-content\/uploads\/2026\/03\/Amelia_Trzaska-scaled.jpeg?w=2000 2000w\" sizes=\"(max-width: 479px) 100vw, 230px\">\n  <\/div>\n<h3 class=\"c-people__item-title\">Amelia Trzaska<\/h3>\n<\/a>\n\n\n<a class=\"c-people__item\" href=\"https:\/\/agrafa.asp.katowice.pl\/en\/osoba\/agnieszka-wagner\/\">\n<div class=\"c-people__item-media\">\n    <img decoding=\"async\" class=\"c-people__item-image\" alt=\"Agnieszka Wagner\" loading=\"lazy\" src=\"https:\/\/i0.wp.com\/agrafa.asp.katowice.pl\/wp-content\/uploads\/2026\/03\/AgnieszkaWagner-Photo.jpg?fit=841%2C1040&#038;ssl=1\" srcset=\"https:\/\/i0.wp.com\/agrafa.asp.katowice.pl\/wp-content\/uploads\/2026\/03\/AgnieszkaWagner-Photo.jpg?w=841&#038;ssl=1 841w, https:\/\/i0.wp.com\/agrafa.asp.katowice.pl\/wp-content\/uploads\/2026\/03\/AgnieszkaWagner-Photo.jpg?resize=320%2C396&#038;ssl=1 320w, https:\/\/i0.wp.com\/agrafa.asp.katowice.pl\/wp-content\/uploads\/2026\/03\/AgnieszkaWagner-Photo.jpg?resize=768%2C950&#038;ssl=1 768w, https:\/\/i0.wp.com\/agrafa.asp.katowice.pl\/wp-content\/uploads\/2026\/03\/AgnieszkaWagner-Photo.jpg?resize=360%2C445&#038;ssl=1 360w\" sizes=\"(max-width: 479px) 100vw, 230px\">\n  <\/div>\n<h3 class=\"c-people__item-title\">Agnieszka Wagner<\/h3>\n<\/a>\n\n\n<a class=\"c-people__item\" href=\"https:\/\/agrafa.asp.katowice.pl\/en\/osoba\/ziw-zespol-interwencji-wizualnej\/\">\n<div class=\"c-people__item-media\">\n    <img decoding=\"async\" class=\"c-people__item-image\" alt=\"ZIW \u2013 Zesp\u00f3\u0142 Interwencji Wizualnej\" loading=\"lazy\" src=\"https:\/\/i0.wp.com\/agrafa.asp.katowice.pl\/wp-content\/uploads\/2026\/03\/ZIW-scaled.jpg?fit=2560%2C1707&#038;ssl=1\" srcset=\"https:\/\/i0.wp.com\/agrafa.asp.katowice.pl\/wp-content\/uploads\/2026\/03\/ZIW-scaled.jpg?w=2560&#038;ssl=1 2560w, https:\/\/i0.wp.com\/agrafa.asp.katowice.pl\/wp-content\/uploads\/2026\/03\/ZIW-scaled.jpg?resize=320%2C213&#038;ssl=1 320w, https:\/\/i0.wp.com\/agrafa.asp.katowice.pl\/wp-content\/uploads\/2026\/03\/ZIW-scaled.jpg?resize=1024%2C683&#038;ssl=1 1024w, https:\/\/i0.wp.com\/agrafa.asp.katowice.pl\/wp-content\/uploads\/2026\/03\/ZIW-scaled.jpg?resize=768%2C512&#038;ssl=1 768w, https:\/\/i0.wp.com\/agrafa.asp.katowice.pl\/wp-content\/uploads\/2026\/03\/ZIW-scaled.jpg?resize=1536%2C1024&#038;ssl=1 1536w, https:\/\/i0.wp.com\/agrafa.asp.katowice.pl\/wp-content\/uploads\/2026\/03\/ZIW-scaled.jpg?resize=2048%2C1365&#038;ssl=1 2048w, https:\/\/i0.wp.com\/agrafa.asp.katowice.pl\/wp-content\/uploads\/2026\/03\/ZIW-scaled.jpg?resize=1600%2C1067&#038;ssl=1 1600w, https:\/\/i0.wp.com\/agrafa.asp.katowice.pl\/wp-content\/uploads\/2026\/03\/ZIW-scaled.jpg?resize=360%2C240&#038;ssl=1 360w\" sizes=\"(max-width: 479px) 100vw, 230px\">\n  <\/div>\n<h3 class=\"c-people__item-title\">ZIW \u2013 Zesp\u00f3\u0142 Interwencji Wizualnej<\/h3>\n<\/a>\n\n\n<a class=\"c-people__item\" href=\"https:\/\/agrafa.asp.katowice.pl\/en\/osoba\/oliwia-zypser\/\">\n<div class=\"c-people__item-media\">\n    <img decoding=\"async\" class=\"c-people__item-image\" alt=\"Oliwia Zypser\" loading=\"lazy\" src=\"https:\/\/i0.wp.com\/agrafa.asp.katowice.pl\/wp-content\/uploads\/2026\/03\/OliwiaZypser.png?fit=617%2C742&#038;ssl=1\" srcset=\"https:\/\/i0.wp.com\/agrafa.asp.katowice.pl\/wp-content\/uploads\/2026\/03\/OliwiaZypser.png?w=617&#038;ssl=1 617w, https:\/\/i0.wp.com\/agrafa.asp.katowice.pl\/wp-content\/uploads\/2026\/03\/OliwiaZypser.png?resize=320%2C385&#038;ssl=1 320w, https:\/\/i0.wp.com\/agrafa.asp.katowice.pl\/wp-content\/uploads\/2026\/03\/OliwiaZypser.png?resize=360%2C433&#038;ssl=1 360w\" sizes=\"(max-width: 479px) 100vw, 230px\">\n  <\/div>\n<h3 class=\"c-people__item-title\">Oliwia Zypser<\/h3>\n<\/a>\n<\/div><\/section>\n\n\n\n\n<div style=\"height:100px\" aria-hidden=\"true\" class=\"wp-block-spacer\"><\/div>\n\n\n\n<div style=\"height:100px\" aria-hidden=\"true\" class=\"wp-block-spacer\"><\/div>\n\n\n\n<p class=\"has-h-2-smaller-font-size\">New information coming soon, but in the meantime, here&#8217;s a reminder from the previous edition.<\/p>\n\n\n\n<figure class=\"wp-block-embed is-type-video is-provider-youtube wp-block-embed-youtube wp-embed-aspect-16-9 wp-has-aspect-ratio\"><div class=\"wp-block-embed__wrapper\">\n<div class=\"c-embed c-embed--video\"><iframe loading=\"lazy\" title=\"Agrafa 24 All 90sek\" width=\"500\" height=\"281\" src=\"https:\/\/www.youtube.com\/embed\/mvnz_lvbk_M?start=19&#038;feature=oembed\" frameborder=\"0\" allow=\"accelerometer; autoplay; clipboard-write; encrypted-media; gyroscope; picture-in-picture; web-share\" referrerpolicy=\"strict-origin-when-cross-origin\" allowfullscreen><\/iframe><\/div>\n<\/div><\/figure>\n\n\n\n<figure class=\"wp-block-embed is-type-video is-provider-youtube wp-block-embed-youtube wp-embed-aspect-16-9 wp-has-aspect-ratio\"><div class=\"wp-block-embed__wrapper\">\n<div class=\"c-embed c-embed--video\"><iframe loading=\"lazy\" title=\"Agrafa 24 Conference 120sek\" width=\"500\" height=\"281\" src=\"https:\/\/www.youtube.com\/embed\/2HyvRWLnmG4?feature=oembed\" frameborder=\"0\" allow=\"accelerometer; autoplay; clipboard-write; encrypted-media; gyroscope; picture-in-picture; web-share\" referrerpolicy=\"strict-origin-when-cross-origin\" allowfullscreen><\/iframe><\/div>\n<\/div><\/figure>\n\n\n\n<figure class=\"wp-block-embed is-type-video is-provider-youtube wp-block-embed-youtube wp-embed-aspect-16-9 wp-has-aspect-ratio\"><div class=\"wp-block-embed__wrapper\">\n<div class=\"c-embed c-embed--video\"><iframe loading=\"lazy\" title=\"Agrafa 24 Young Agrafa 90sek\" width=\"500\" height=\"281\" src=\"https:\/\/www.youtube.com\/embed\/oxRkDp91VJI?feature=oembed\" frameborder=\"0\" allow=\"accelerometer; autoplay; clipboard-write; encrypted-media; gyroscope; picture-in-picture; web-share\" referrerpolicy=\"strict-origin-when-cross-origin\" allowfullscreen><\/iframe><\/div>\n<\/div><\/figure>\n\n\n\n<div style=\"height:100px\" aria-hidden=\"true\" class=\"wp-block-spacer\"><\/div>\n\n\n\n<h1 class=\"wp-block-heading\" id=\"agrafateam\">Team<\/h1>\n\n\n\n<h2 class=\"wp-block-heading\">Curators <\/h2>\n\n\n\n<section class=\"wp-block-agrafa-people c-people o-wrapper-right-small alignfull u-text-smaller\"><div class=\"c-people__items\"><a class=\"c-people__item\" href=\"https:\/\/agrafa.asp.katowice.pl\/en\/osoba\/justyna-szklarczyk-lauer-2\/\">\n<div class=\"c-people__item-media\">\n    <img decoding=\"async\" class=\"c-people__item-image\" alt=\"Justyna Szklarczyk-Lauer\" loading=\"lazy\" src=\"https:\/\/i0.wp.com\/agrafa.asp.katowice.pl\/wp-content\/uploads\/2025\/10\/Justyna_Szklarczyk-Lauer_fot_Anna_Harazmus-scaled-e1760875503598.jpg?fit=1672%2C1664&#038;ssl=1\" srcset=\"https:\/\/i0.wp.com\/agrafa.asp.katowice.pl\/wp-content\/uploads\/2025\/10\/Justyna_Szklarczyk-Lauer_fot_Anna_Harazmus-scaled-e1760875503598.jpg?w=1672&#038;ssl=1 1672w, https:\/\/i0.wp.com\/agrafa.asp.katowice.pl\/wp-content\/uploads\/2025\/10\/Justyna_Szklarczyk-Lauer_fot_Anna_Harazmus-scaled-e1760875503598.jpg?resize=320%2C318&#038;ssl=1 320w, https:\/\/i0.wp.com\/agrafa.asp.katowice.pl\/wp-content\/uploads\/2025\/10\/Justyna_Szklarczyk-Lauer_fot_Anna_Harazmus-scaled-e1760875503598.jpg?resize=1024%2C1019&#038;ssl=1 1024w, https:\/\/i0.wp.com\/agrafa.asp.katowice.pl\/wp-content\/uploads\/2025\/10\/Justyna_Szklarczyk-Lauer_fot_Anna_Harazmus-scaled-e1760875503598.jpg?resize=150%2C150&#038;ssl=1 150w, https:\/\/i0.wp.com\/agrafa.asp.katowice.pl\/wp-content\/uploads\/2025\/10\/Justyna_Szklarczyk-Lauer_fot_Anna_Harazmus-scaled-e1760875503598.jpg?resize=768%2C764&#038;ssl=1 768w, https:\/\/i0.wp.com\/agrafa.asp.katowice.pl\/wp-content\/uploads\/2025\/10\/Justyna_Szklarczyk-Lauer_fot_Anna_Harazmus-scaled-e1760875503598.jpg?resize=1536%2C1529&#038;ssl=1 1536w, https:\/\/i0.wp.com\/agrafa.asp.katowice.pl\/wp-content\/uploads\/2025\/10\/Justyna_Szklarczyk-Lauer_fot_Anna_Harazmus-scaled-e1760875503598.jpg?resize=1600%2C1592&#038;ssl=1 1600w, https:\/\/i0.wp.com\/agrafa.asp.katowice.pl\/wp-content\/uploads\/2025\/10\/Justyna_Szklarczyk-Lauer_fot_Anna_Harazmus-scaled-e1760875503598.jpg?resize=360%2C358&#038;ssl=1 360w\" sizes=\"(max-width: 479px) 100vw, 230px\">\n  <\/div>\n<h3 class=\"c-people__item-title\">Justyna Szklarczyk-Lauer<\/h3>\n<\/a>\n\n\n<a class=\"c-people__item\" href=\"https:\/\/agrafa.asp.katowice.pl\/en\/osoba\/agnieszka-nawrocka-2\/\">\n<div class=\"c-people__item-media\">\n    <img decoding=\"async\" class=\"c-people__item-image\" alt=\"Agnieszka Nawrocka\" loading=\"lazy\" src=\"https:\/\/i0.wp.com\/agrafa.asp.katowice.pl\/wp-content\/uploads\/2024\/05\/Agnieszka-Nawrocka.png?fit=704%2C702&#038;ssl=1\" srcset=\"https:\/\/i0.wp.com\/agrafa.asp.katowice.pl\/wp-content\/uploads\/2024\/05\/Agnieszka-Nawrocka.png?w=704&#038;ssl=1 704w, https:\/\/i0.wp.com\/agrafa.asp.katowice.pl\/wp-content\/uploads\/2024\/05\/Agnieszka-Nawrocka.png?resize=320%2C319&#038;ssl=1 320w, https:\/\/i0.wp.com\/agrafa.asp.katowice.pl\/wp-content\/uploads\/2024\/05\/Agnieszka-Nawrocka.png?resize=150%2C150&#038;ssl=1 150w, https:\/\/i0.wp.com\/agrafa.asp.katowice.pl\/wp-content\/uploads\/2024\/05\/Agnieszka-Nawrocka.png?resize=360%2C359&#038;ssl=1 360w\" sizes=\"(max-width: 479px) 100vw, 230px\">\n  <\/div>\n<h3 class=\"c-people__item-title\">Agnieszka Nawrocka<\/h3>\n<\/a>\n\n\n<a class=\"c-people__item\" href=\"https:\/\/agrafa.asp.katowice.pl\/en\/osoba\/zofia-oslislo-piekarska\/\">\n<div class=\"c-people__item-media\">\n    <img decoding=\"async\" class=\"c-people__item-image\" alt=\"Zofia Oslislo-Piekarska\" loading=\"lazy\" src=\"https:\/\/i0.wp.com\/agrafa.asp.katowice.pl\/wp-content\/uploads\/2025\/10\/Zofia_Oslislo_czb-e1760794802601.png?fit=2000%2C2000&#038;ssl=1\" srcset=\"\" sizes=\"(max-width: 479px) 100vw, 230px\">\n  <\/div>\n<h3 class=\"c-people__item-title\">Zofia Oslislo-Piekarska<\/h3>\n<\/a>\n\n\n<a class=\"c-people__item\" href=\"https:\/\/agrafa.asp.katowice.pl\/en\/osoba\/agnieszka-malecka-kwiatkowska\/\">\n<div class=\"c-people__item-media\">\n    <img decoding=\"async\" class=\"c-people__item-image\" alt=\"Agnieszka Ma\u0142ecka-Kwiatkowska\" loading=\"lazy\" src=\"https:\/\/i0.wp.com\/agrafa.asp.katowice.pl\/wp-content\/uploads\/2025\/10\/AgnieszkaMalecka.png?fit=344%2C340&#038;ssl=1\" srcset=\"https:\/\/i0.wp.com\/agrafa.asp.katowice.pl\/wp-content\/uploads\/2025\/10\/AgnieszkaMalecka.png?w=344&#038;ssl=1 344w, https:\/\/i0.wp.com\/agrafa.asp.katowice.pl\/wp-content\/uploads\/2025\/10\/AgnieszkaMalecka.png?resize=320%2C316&#038;ssl=1 320w\" sizes=\"(max-width: 479px) 100vw, 230px\">\n  <\/div>\n<h3 class=\"c-people__item-title\">Agnieszka Ma\u0142ecka-Kwiatkowska<\/h3>\n<\/a>\n\n\n<a class=\"c-people__item\" href=\"https:\/\/agrafa.asp.katowice.pl\/en\/osoba\/marcin-nowrotek-2\/\">\n<div class=\"c-people__item-media\">\n    <img decoding=\"async\" class=\"c-people__item-image\" alt=\"Marcin Nowrotek\" loading=\"lazy\" src=\"https:\/\/i0.wp.com\/agrafa.asp.katowice.pl\/wp-content\/uploads\/2024\/05\/Marcin-Nowrotek.jpg?fit=800%2C800&#038;ssl=1\" srcset=\"https:\/\/i0.wp.com\/agrafa.asp.katowice.pl\/wp-content\/uploads\/2024\/05\/Marcin-Nowrotek.jpg?w=800&#038;ssl=1 800w, https:\/\/i0.wp.com\/agrafa.asp.katowice.pl\/wp-content\/uploads\/2024\/05\/Marcin-Nowrotek.jpg?resize=320%2C320&#038;ssl=1 320w, https:\/\/i0.wp.com\/agrafa.asp.katowice.pl\/wp-content\/uploads\/2024\/05\/Marcin-Nowrotek.jpg?resize=150%2C150&#038;ssl=1 150w, https:\/\/i0.wp.com\/agrafa.asp.katowice.pl\/wp-content\/uploads\/2024\/05\/Marcin-Nowrotek.jpg?resize=768%2C768&#038;ssl=1 768w, https:\/\/i0.wp.com\/agrafa.asp.katowice.pl\/wp-content\/uploads\/2024\/05\/Marcin-Nowrotek.jpg?resize=360%2C360&#038;ssl=1 360w\" sizes=\"(max-width: 479px) 100vw, 230px\">\n  <\/div>\n<h3 class=\"c-people__item-title\">Marcin Nowrotek<\/h3>\n<\/a>\n\n\n<a class=\"c-people__item\" href=\"https:\/\/agrafa.asp.katowice.pl\/en\/osoba\/joanna-pastusinska-2\/\">\n<div class=\"c-people__item-media\">\n    <img decoding=\"async\" class=\"c-people__item-image\" alt=\"Joanna Pastusi\u0144ska\" loading=\"lazy\" src=\"https:\/\/i0.wp.com\/agrafa.asp.katowice.pl\/wp-content\/uploads\/2022\/02\/Pastusinska-Asia-scaled-e1760865066960.jpg?fit=1040%2C1058&#038;ssl=1\" srcset=\"https:\/\/i0.wp.com\/agrafa.asp.katowice.pl\/wp-content\/uploads\/2022\/02\/Pastusinska-Asia-scaled-e1760865066960.jpg?w=1040&#038;ssl=1 1040w, https:\/\/i0.wp.com\/agrafa.asp.katowice.pl\/wp-content\/uploads\/2022\/02\/Pastusinska-Asia-scaled-e1760865066960.jpg?resize=320%2C326&#038;ssl=1 320w, https:\/\/i0.wp.com\/agrafa.asp.katowice.pl\/wp-content\/uploads\/2022\/02\/Pastusinska-Asia-scaled-e1760865066960.jpg?resize=1024%2C1042&#038;ssl=1 1024w, https:\/\/i0.wp.com\/agrafa.asp.katowice.pl\/wp-content\/uploads\/2022\/02\/Pastusinska-Asia-scaled-e1760865066960.jpg?resize=768%2C781&#038;ssl=1 768w, https:\/\/i0.wp.com\/agrafa.asp.katowice.pl\/wp-content\/uploads\/2022\/02\/Pastusinska-Asia-scaled-e1760865066960.jpg?resize=360%2C366&#038;ssl=1 360w\" sizes=\"(max-width: 479px) 100vw, 230px\">\n  <\/div>\n<h3 class=\"c-people__item-title\">Joanna Pastusi\u0144ska<\/h3>\n<\/a>\n\n\n<a class=\"c-people__item\" href=\"https:\/\/agrafa.asp.katowice.pl\/en\/osoba\/julianna-zych-luty\/\">\n<div class=\"c-people__item-media\">\n    <img decoding=\"async\" class=\"c-people__item-image\" alt=\"Julianna Zych-Luty\" loading=\"lazy\" src=\"https:\/\/i0.wp.com\/agrafa.asp.katowice.pl\/wp-content\/uploads\/2025\/10\/jzychluty-e1760875918254.jpg?fit=545%2C544&#038;ssl=1\" srcset=\"https:\/\/i0.wp.com\/agrafa.asp.katowice.pl\/wp-content\/uploads\/2025\/10\/jzychluty-e1760875918254.jpg?w=545&#038;ssl=1 545w, https:\/\/i0.wp.com\/agrafa.asp.katowice.pl\/wp-content\/uploads\/2025\/10\/jzychluty-e1760875918254.jpg?resize=320%2C319&#038;ssl=1 320w, https:\/\/i0.wp.com\/agrafa.asp.katowice.pl\/wp-content\/uploads\/2025\/10\/jzychluty-e1760875918254.jpg?resize=150%2C150&#038;ssl=1 150w, https:\/\/i0.wp.com\/agrafa.asp.katowice.pl\/wp-content\/uploads\/2025\/10\/jzychluty-e1760875918254.jpg?resize=360%2C359&#038;ssl=1 360w\" sizes=\"(max-width: 479px) 100vw, 230px\">\n  <\/div>\n<h3 class=\"c-people__item-title\">Julianna Zych-Luty<\/h3>\n<\/a>\n<\/div><\/section>\n\n\n\n\n<h2 class=\"wp-block-heading\">Program Council<\/h2>\n\n\n\n<section class=\"wp-block-agrafa-people c-people o-wrapper-right-small alignfull u-text-smaller\"><div class=\"c-people__items\"><a class=\"c-people__item\" href=\"https:\/\/agrafa.asp.katowice.pl\/en\/osoba\/justyna-kucharczyk-4\/\">\n<div class=\"c-people__item-media\">\n    <img decoding=\"async\" class=\"c-people__item-image\" alt=\"Justyna Kucharczyk\" loading=\"lazy\" src=\"https:\/\/i0.wp.com\/agrafa.asp.katowice.pl\/wp-content\/uploads\/2022\/02\/Justyna-kucharczyk.png?fit=1000%2C1000&#038;ssl=1\" srcset=\"https:\/\/i0.wp.com\/agrafa.asp.katowice.pl\/wp-content\/uploads\/2022\/02\/Justyna-kucharczyk.png?w=1000&#038;ssl=1 1000w, https:\/\/i0.wp.com\/agrafa.asp.katowice.pl\/wp-content\/uploads\/2022\/02\/Justyna-kucharczyk.png?resize=320%2C320&#038;ssl=1 320w, https:\/\/i0.wp.com\/agrafa.asp.katowice.pl\/wp-content\/uploads\/2022\/02\/Justyna-kucharczyk.png?resize=150%2C150&#038;ssl=1 150w, https:\/\/i0.wp.com\/agrafa.asp.katowice.pl\/wp-content\/uploads\/2022\/02\/Justyna-kucharczyk.png?resize=768%2C768&#038;ssl=1 768w\" sizes=\"(max-width: 479px) 100vw, 230px\">\n  <\/div>\n<h3 class=\"c-people__item-title\">Justyna Kucharczyk<\/h3>\n<\/a>\n\n\n<a class=\"c-people__item\" href=\"https:\/\/agrafa.asp.katowice.pl\/en\/osoba\/jacek-mrowczyk-3\/\">\n<div class=\"c-people__item-media\">\n    <img decoding=\"async\" class=\"c-people__item-image\" alt=\"Jacek Mrowczyk\" loading=\"lazy\" src=\"https:\/\/i0.wp.com\/agrafa.asp.katowice.pl\/wp-content\/uploads\/2022\/01\/Jacek-Mrowczyk.png?fit=1000%2C1000&#038;ssl=1\" srcset=\"https:\/\/i0.wp.com\/agrafa.asp.katowice.pl\/wp-content\/uploads\/2022\/01\/Jacek-Mrowczyk.png?w=1000&#038;ssl=1 1000w, https:\/\/i0.wp.com\/agrafa.asp.katowice.pl\/wp-content\/uploads\/2022\/01\/Jacek-Mrowczyk.png?resize=320%2C320&#038;ssl=1 320w, https:\/\/i0.wp.com\/agrafa.asp.katowice.pl\/wp-content\/uploads\/2022\/01\/Jacek-Mrowczyk.png?resize=150%2C150&#038;ssl=1 150w, https:\/\/i0.wp.com\/agrafa.asp.katowice.pl\/wp-content\/uploads\/2022\/01\/Jacek-Mrowczyk.png?resize=768%2C768&#038;ssl=1 768w\" sizes=\"(max-width: 479px) 100vw, 230px\">\n  <\/div>\n<h3 class=\"c-people__item-title\">Jacek Mrowczyk<\/h3>\n<\/a>\n\n\n<a class=\"c-people__item\" href=\"https:\/\/agrafa.asp.katowice.pl\/en\/osoba\/anna-pohl-2\/\">\n<div class=\"c-people__item-media\">\n    <img decoding=\"async\" class=\"c-people__item-image\" alt=\"Anna Pohl\" loading=\"lazy\" src=\"https:\/\/i0.wp.com\/agrafa.asp.katowice.pl\/wp-content\/uploads\/2022\/01\/Anna-Pohl.png?fit=1000%2C1000&#038;ssl=1\" srcset=\"https:\/\/i0.wp.com\/agrafa.asp.katowice.pl\/wp-content\/uploads\/2022\/01\/Anna-Pohl.png?w=1000&#038;ssl=1 1000w, https:\/\/i0.wp.com\/agrafa.asp.katowice.pl\/wp-content\/uploads\/2022\/01\/Anna-Pohl.png?resize=320%2C320&#038;ssl=1 320w, https:\/\/i0.wp.com\/agrafa.asp.katowice.pl\/wp-content\/uploads\/2022\/01\/Anna-Pohl.png?resize=150%2C150&#038;ssl=1 150w, https:\/\/i0.wp.com\/agrafa.asp.katowice.pl\/wp-content\/uploads\/2022\/01\/Anna-Pohl.png?resize=768%2C768&#038;ssl=1 768w\" sizes=\"(max-width: 479px) 100vw, 230px\">\n  <\/div>\n<h3 class=\"c-people__item-title\">Anna Pohl<\/h3>\n<\/a>\n<\/div><\/section>\n\n\n\n\n<h2 class=\"wp-block-heading\">Graphics and promotion<\/h2>\n\n\n\n<section class=\"wp-block-agrafa-people c-people o-wrapper-right-small alignfull u-text-smaller\"><div class=\"c-people__items\"><a class=\"c-people__item\" href=\"https:\/\/agrafa.asp.katowice.pl\/en\/osoba\/agata-korzenska-3\/\">\n<div class=\"c-people__item-media\">\n    <img decoding=\"async\" class=\"c-people__item-image\" alt=\"Agata Korze\u0144ska\" loading=\"lazy\" src=\"https:\/\/i0.wp.com\/agrafa.asp.katowice.pl\/wp-content\/uploads\/2024\/05\/Agata-Korzenska.jpg?fit=800%2C800&#038;ssl=1\" srcset=\"https:\/\/i0.wp.com\/agrafa.asp.katowice.pl\/wp-content\/uploads\/2024\/05\/Agata-Korzenska.jpg?w=800&#038;ssl=1 800w, https:\/\/i0.wp.com\/agrafa.asp.katowice.pl\/wp-content\/uploads\/2024\/05\/Agata-Korzenska.jpg?resize=320%2C320&#038;ssl=1 320w, https:\/\/i0.wp.com\/agrafa.asp.katowice.pl\/wp-content\/uploads\/2024\/05\/Agata-Korzenska.jpg?resize=150%2C150&#038;ssl=1 150w, https:\/\/i0.wp.com\/agrafa.asp.katowice.pl\/wp-content\/uploads\/2024\/05\/Agata-Korzenska.jpg?resize=768%2C768&#038;ssl=1 768w, https:\/\/i0.wp.com\/agrafa.asp.katowice.pl\/wp-content\/uploads\/2024\/05\/Agata-Korzenska.jpg?resize=360%2C360&#038;ssl=1 360w\" sizes=\"(max-width: 479px) 100vw, 230px\">\n  <\/div>\n<h3 class=\"c-people__item-title\">Agata Korze\u0144ska<\/h3>\n<\/a>\n\n\n<a class=\"c-people__item\" href=\"https:\/\/agrafa.asp.katowice.pl\/en\/osoba\/wojciech-bugaryn\/\">\n<div class=\"c-people__item-media\">\n    <img decoding=\"async\" class=\"c-people__item-image\" alt=\"Wojciech Bugaryn\" loading=\"lazy\" src=\"https:\/\/i0.wp.com\/agrafa.asp.katowice.pl\/wp-content\/uploads\/2025\/10\/Wojciech_Bugaryn_zdjecie_agrafa_czb-scaled-e1760794759573.jpg?fit=2048%2C2560&#038;ssl=1\" srcset=\"\" sizes=\"(max-width: 479px) 100vw, 230px\">\n  <\/div>\n<h3 class=\"c-people__item-title\">Wojciech Bugaryn<\/h3>\n<\/a>\n\n\n<a class=\"c-people__item\" href=\"https:\/\/agrafa.asp.katowice.pl\/en\/osoba\/kamila-mauch\/\">\n<div class=\"c-people__item-media\">\n    <img decoding=\"async\" class=\"c-people__item-image\" alt=\"Kamila Mauch\" loading=\"lazy\" src=\"https:\/\/i0.wp.com\/agrafa.asp.katowice.pl\/wp-content\/uploads\/2025\/10\/kamila_m_agrafa_czb-scaled-e1760795426898.jpg?fit=1708%2C2560&#038;ssl=1\" srcset=\"\" sizes=\"(max-width: 479px) 100vw, 230px\">\n  <\/div>\n<h3 class=\"c-people__item-title\">Kamila Mauch<\/h3>\n<\/a>\n\n\n<a class=\"c-people__item\" href=\"https:\/\/agrafa.asp.katowice.pl\/en\/osoba\/dawid-mortka\/\">\n<div class=\"c-people__item-media\">\n    <img decoding=\"async\" class=\"c-people__item-image\" alt=\"Dawid Mortka\" loading=\"lazy\" src=\"https:\/\/i0.wp.com\/agrafa.asp.katowice.pl\/wp-content\/uploads\/2025\/10\/Dawid_Mortka_zdjecie_agrafa_czb-scaled-e1760794722333.jpg?fit=1920%2C2560&#038;ssl=1\" srcset=\"\" sizes=\"(max-width: 479px) 100vw, 230px\">\n  <\/div>\n<h3 class=\"c-people__item-title\">Dawid Mortka<\/h3>\n<\/a>\n\n\n<a class=\"c-people__item\" href=\"https:\/\/agrafa.asp.katowice.pl\/en\/osoba\/weronika-sinska\/\">\n<div class=\"c-people__item-media\">\n    <img decoding=\"async\" class=\"c-people__item-image\" alt=\"Weronika Si\u0144ska\" loading=\"lazy\" src=\"https:\/\/i0.wp.com\/agrafa.asp.katowice.pl\/wp-content\/uploads\/2025\/10\/weronika_sinska_zdjecie_agrafa_czb-e1760795582763.jpg?fit=1556%2C2075&#038;ssl=1\" srcset=\"\" sizes=\"(max-width: 479px) 100vw, 230px\">\n  <\/div>\n<h3 class=\"c-people__item-title\">Weronika Si\u0144ska<\/h3>\n<\/a>\n\n\n<a class=\"c-people__item\" href=\"https:\/\/agrafa.asp.katowice.pl\/en\/osoba\/jan-wolak\/\">\n<div class=\"c-people__item-media\">\n    <img decoding=\"async\" class=\"c-people__item-image\" alt=\"Jan Wolak\" loading=\"lazy\" src=\"https:\/\/i0.wp.com\/agrafa.asp.katowice.pl\/wp-content\/uploads\/2025\/10\/Jan_Wolak_zdjecie_agrafa.jpg?fit=960%2C958&#038;ssl=1\" srcset=\"https:\/\/i0.wp.com\/agrafa.asp.katowice.pl\/wp-content\/uploads\/2025\/10\/Jan_Wolak_zdjecie_agrafa.jpg?w=960&#038;ssl=1 960w, https:\/\/i0.wp.com\/agrafa.asp.katowice.pl\/wp-content\/uploads\/2025\/10\/Jan_Wolak_zdjecie_agrafa.jpg?resize=320%2C319&#038;ssl=1 320w, https:\/\/i0.wp.com\/agrafa.asp.katowice.pl\/wp-content\/uploads\/2025\/10\/Jan_Wolak_zdjecie_agrafa.jpg?resize=150%2C150&#038;ssl=1 150w, https:\/\/i0.wp.com\/agrafa.asp.katowice.pl\/wp-content\/uploads\/2025\/10\/Jan_Wolak_zdjecie_agrafa.jpg?resize=768%2C766&#038;ssl=1 768w, https:\/\/i0.wp.com\/agrafa.asp.katowice.pl\/wp-content\/uploads\/2025\/10\/Jan_Wolak_zdjecie_agrafa.jpg?resize=360%2C359&#038;ssl=1 360w\" sizes=\"(max-width: 479px) 100vw, 230px\">\n  <\/div>\n<h3 class=\"c-people__item-title\">Jan Wolak<\/h3>\n<\/a>\n<\/div><\/section>\n\n\n\n\n<h2 class=\"wp-block-heading\">Organizing<\/h2>\n\n\n\n<section class=\"wp-block-agrafa-people c-people o-wrapper-right-small alignfull u-text-smaller\"><div class=\"c-people__items\"><a class=\"c-people__item\" href=\"https:\/\/agrafa.asp.katowice.pl\/en\/osoba\/agnieszka-czardybon-2\/\">\n<div class=\"c-people__item-media\">\n    <img decoding=\"async\" class=\"c-people__item-image\" alt=\"Agnieszka Czardybon\" loading=\"lazy\" src=\"https:\/\/i0.wp.com\/agrafa.asp.katowice.pl\/wp-content\/uploads\/2022\/04\/A_Czardybon-1-scaled.jpg?fit=2560%2C2508&#038;ssl=1\" srcset=\"https:\/\/i0.wp.com\/agrafa.asp.katowice.pl\/wp-content\/uploads\/2022\/04\/A_Czardybon-1-scaled.jpg?w=2560&#038;ssl=1 2560w, https:\/\/i0.wp.com\/agrafa.asp.katowice.pl\/wp-content\/uploads\/2022\/04\/A_Czardybon-1-scaled.jpg?resize=320%2C313&#038;ssl=1 320w, https:\/\/i0.wp.com\/agrafa.asp.katowice.pl\/wp-content\/uploads\/2022\/04\/A_Czardybon-1-scaled.jpg?resize=1024%2C1003&#038;ssl=1 1024w, https:\/\/i0.wp.com\/agrafa.asp.katowice.pl\/wp-content\/uploads\/2022\/04\/A_Czardybon-1-scaled.jpg?resize=768%2C752&#038;ssl=1 768w, https:\/\/i0.wp.com\/agrafa.asp.katowice.pl\/wp-content\/uploads\/2022\/04\/A_Czardybon-1-scaled.jpg?resize=1536%2C1505&#038;ssl=1 1536w, https:\/\/i0.wp.com\/agrafa.asp.katowice.pl\/wp-content\/uploads\/2022\/04\/A_Czardybon-1-scaled.jpg?resize=2048%2C2006&#038;ssl=1 2048w, https:\/\/i0.wp.com\/agrafa.asp.katowice.pl\/wp-content\/uploads\/2022\/04\/A_Czardybon-1-scaled.jpg?resize=1600%2C1567&#038;ssl=1 1600w, https:\/\/i0.wp.com\/agrafa.asp.katowice.pl\/wp-content\/uploads\/2022\/04\/A_Czardybon-1-scaled.jpg?resize=360%2C353&#038;ssl=1 360w\" sizes=\"(max-width: 479px) 100vw, 230px\">\n  <\/div>\n<h3 class=\"c-people__item-title\">Agnieszka Czardybon<\/h3>\n<\/a>\n\n\n<a class=\"c-people__item\" href=\"https:\/\/agrafa.asp.katowice.pl\/en\/osoba\/renata-lipczak-2\/\">\n<div class=\"c-people__item-media\">\n    <img decoding=\"async\" class=\"c-people__item-image\" alt=\"Renata Lipczak\" loading=\"lazy\" src=\"https:\/\/i0.wp.com\/agrafa.asp.katowice.pl\/wp-content\/uploads\/2024\/05\/Renata-Lipczak-scaled.jpg?fit=2560%2C2560&#038;ssl=1\" srcset=\"https:\/\/i0.wp.com\/agrafa.asp.katowice.pl\/wp-content\/uploads\/2024\/05\/Renata-Lipczak-scaled.jpg?w=2560&#038;ssl=1 2560w, https:\/\/i0.wp.com\/agrafa.asp.katowice.pl\/wp-content\/uploads\/2024\/05\/Renata-Lipczak-scaled.jpg?resize=320%2C320&#038;ssl=1 320w, https:\/\/i0.wp.com\/agrafa.asp.katowice.pl\/wp-content\/uploads\/2024\/05\/Renata-Lipczak-scaled.jpg?resize=1024%2C1024&#038;ssl=1 1024w, https:\/\/i0.wp.com\/agrafa.asp.katowice.pl\/wp-content\/uploads\/2024\/05\/Renata-Lipczak-scaled.jpg?resize=150%2C150&#038;ssl=1 150w, https:\/\/i0.wp.com\/agrafa.asp.katowice.pl\/wp-content\/uploads\/2024\/05\/Renata-Lipczak-scaled.jpg?resize=768%2C768&#038;ssl=1 768w, https:\/\/i0.wp.com\/agrafa.asp.katowice.pl\/wp-content\/uploads\/2024\/05\/Renata-Lipczak-scaled.jpg?resize=1536%2C1536&#038;ssl=1 1536w, https:\/\/i0.wp.com\/agrafa.asp.katowice.pl\/wp-content\/uploads\/2024\/05\/Renata-Lipczak-scaled.jpg?resize=2048%2C2048&#038;ssl=1 2048w, https:\/\/i0.wp.com\/agrafa.asp.katowice.pl\/wp-content\/uploads\/2024\/05\/Renata-Lipczak-scaled.jpg?resize=1600%2C1600&#038;ssl=1 1600w, https:\/\/i0.wp.com\/agrafa.asp.katowice.pl\/wp-content\/uploads\/2024\/05\/Renata-Lipczak-scaled.jpg?resize=360%2C360&#038;ssl=1 360w\" sizes=\"(max-width: 479px) 100vw, 230px\">\n  <\/div>\n<h3 class=\"c-people__item-title\">Renata Lipczak<\/h3>\n<\/a>\n\n\n<a class=\"c-people__item\" href=\"https:\/\/agrafa.asp.katowice.pl\/en\/osoba\/anna-maraszkiewicz-2\/\">\n<div class=\"c-people__item-media\">\n    <img decoding=\"async\" class=\"c-people__item-image\" alt=\"Anna Maraszkiewicz\" loading=\"lazy\" src=\"https:\/\/i0.wp.com\/agrafa.asp.katowice.pl\/wp-content\/uploads\/2022\/03\/A_Maraszkiewicz_jpg-e1760802474541.jpg?fit=809%2C1080&#038;ssl=1\" srcset=\"\" sizes=\"(max-width: 479px) 100vw, 230px\">\n  <\/div>\n<h3 class=\"c-people__item-title\">Anna Maraszkiewicz<\/h3>\n<\/a>\n<\/div><\/section>\n\n\n\n\n<p class=\"has-h-2-font-size\">Volunteers<\/p>\n\n\n\n<section class=\"wp-block-agrafa-people c-people o-wrapper-right-small alignfull u-text-smaller\"><div class=\"c-people__items\"><a class=\"c-people__item\" href=\"https:\/\/agrafa.asp.katowice.pl\/en\/osoba\/karina-basiura\/\">\n<div class=\"c-people__item-media\">\n    <img decoding=\"async\" class=\"c-people__item-image\" alt=\"Karina Basiura\" loading=\"lazy\" src=\"https:\/\/i0.wp.com\/agrafa.asp.katowice.pl\/wp-content\/uploads\/2026\/03\/Karina_Basiura-1-e1772968314854.jpeg?fit=797%2C930&#038;ssl=1\" srcset=\"https:\/\/i0.wp.com\/agrafa.asp.katowice.pl\/wp-content\/uploads\/2026\/03\/Karina_Basiura-1-e1772968314854.jpeg?w=797&#038;ssl=1 797w, https:\/\/i0.wp.com\/agrafa.asp.katowice.pl\/wp-content\/uploads\/2026\/03\/Karina_Basiura-1-e1772968314854.jpeg?resize=320%2C373&#038;ssl=1 320w, https:\/\/i0.wp.com\/agrafa.asp.katowice.pl\/wp-content\/uploads\/2026\/03\/Karina_Basiura-1-e1772968314854.jpeg?resize=768%2C896&#038;ssl=1 768w, https:\/\/i0.wp.com\/agrafa.asp.katowice.pl\/wp-content\/uploads\/2026\/03\/Karina_Basiura-1-e1772968314854.jpeg?resize=360%2C420&#038;ssl=1 360w\" sizes=\"(max-width: 479px) 100vw, 230px\">\n  <\/div>\n<h3 class=\"c-people__item-title\">Karina Basiura<\/h3>\n<\/a>\n\n\n<a class=\"c-people__item\" href=\"https:\/\/agrafa.asp.katowice.pl\/en\/osoba\/karolina-ciebiada\/\">\n<div class=\"c-people__item-media\">\n    <img decoding=\"async\" class=\"c-people__item-image\" alt=\"Karolina Ciebiada\" loading=\"lazy\" src=\"https:\/\/i0.wp.com\/agrafa.asp.katowice.pl\/wp-content\/uploads\/2026\/03\/Karolina_Ciebiada-1.jpg?fit=500%2C625&#038;ssl=1\" srcset=\"https:\/\/i0.wp.com\/agrafa.asp.katowice.pl\/wp-content\/uploads\/2026\/03\/Karolina_Ciebiada-1.jpg?w=500&#038;ssl=1 500w, https:\/\/i0.wp.com\/agrafa.asp.katowice.pl\/wp-content\/uploads\/2026\/03\/Karolina_Ciebiada-1.jpg?resize=320%2C400&#038;ssl=1 320w, https:\/\/i0.wp.com\/agrafa.asp.katowice.pl\/wp-content\/uploads\/2026\/03\/Karolina_Ciebiada-1.jpg?resize=360%2C450&#038;ssl=1 360w\" sizes=\"(max-width: 479px) 100vw, 230px\">\n  <\/div>\n<h3 class=\"c-people__item-title\">Karolina Ciebiada<\/h3>\n<\/a>\n\n\n<a class=\"c-people__item\" href=\"https:\/\/agrafa.asp.katowice.pl\/en\/osoba\/martyna-mietlowska\/\">\n<div class=\"c-people__item-media\">\n    <img decoding=\"async\" class=\"c-people__item-image\" alt=\"Martyna Mietlowska\" loading=\"lazy\" src=\"https:\/\/i0.wp.com\/agrafa.asp.katowice.pl\/wp-content\/uploads\/2026\/03\/Martyna_Mietlowska-1-e1772968437950.jpg?fit=685%2C868&#038;ssl=1\" srcset=\"https:\/\/i0.wp.com\/agrafa.asp.katowice.pl\/wp-content\/uploads\/2026\/03\/Martyna_Mietlowska-1-e1772968437950.jpg?w=685&#038;ssl=1 685w, https:\/\/i0.wp.com\/agrafa.asp.katowice.pl\/wp-content\/uploads\/2026\/03\/Martyna_Mietlowska-1-e1772968437950.jpg?resize=320%2C405&#038;ssl=1 320w, https:\/\/i0.wp.com\/agrafa.asp.katowice.pl\/wp-content\/uploads\/2026\/03\/Martyna_Mietlowska-1-e1772968437950.jpg?resize=360%2C456&#038;ssl=1 360w\" sizes=\"(max-width: 479px) 100vw, 230px\">\n  <\/div>\n<h3 class=\"c-people__item-title\">Martyna Mietlowska<\/h3>\n<\/a>\n\n\n<a class=\"c-people__item\" href=\"https:\/\/agrafa.asp.katowice.pl\/en\/osoba\/zofia-nowak\/\">\n<div class=\"c-people__item-media\">\n    <img decoding=\"async\" class=\"c-people__item-image\" alt=\"Zofia Nowak\" loading=\"lazy\" src=\"https:\/\/i0.wp.com\/agrafa.asp.katowice.pl\/wp-content\/uploads\/2026\/03\/Zofia_Nowak-1-scaled-e1772968161983.jpg?fit=977%2C1153&#038;ssl=1\" srcset=\"https:\/\/i0.wp.com\/agrafa.asp.katowice.pl\/wp-content\/uploads\/2026\/03\/Zofia_Nowak-1-scaled-e1772968161983.jpg?w=977&#038;ssl=1 977w, https:\/\/i0.wp.com\/agrafa.asp.katowice.pl\/wp-content\/uploads\/2026\/03\/Zofia_Nowak-1-scaled-e1772968161983.jpg?resize=320%2C378&#038;ssl=1 320w, https:\/\/i0.wp.com\/agrafa.asp.katowice.pl\/wp-content\/uploads\/2026\/03\/Zofia_Nowak-1-scaled-e1772968161983.jpg?resize=768%2C906&#038;ssl=1 768w, https:\/\/i0.wp.com\/agrafa.asp.katowice.pl\/wp-content\/uploads\/2026\/03\/Zofia_Nowak-1-scaled-e1772968161983.jpg?resize=360%2C425&#038;ssl=1 360w\" sizes=\"(max-width: 479px) 100vw, 230px\">\n  <\/div>\n<h3 class=\"c-people__item-title\">Zofia Nowak<\/h3>\n<\/a>\n<\/div><\/section>\n\n\n\n\n<p>and: Dominika Brze\u0144ska, Maria Czopek, Amelia Dziedzic, Julia Groborz, Daria Guzik, Celina Hess, Edyta Honkisz, Kinga Klisz, Zuzanna Kubok, Marta Kwiecie\u0144, Zuzanna Ludwig, Mateusz Mikoszek, Klaudia Mura, Klaudia Musialik, Weronika Najduch, Urszula Osoli\u0144ska, Emilia Pi\u0105tek, Alicja Pohl, Zuzanna Pruchniak, Apolonia Reclik, Wiktoria Rejowska, Weronika Sadza, Zofia S\u0142owik, Marta Swoszowska, Dobromir Wojewoda<\/p>\n\n\n\n<div style=\"height:100px\" aria-hidden=\"true\" class=\"wp-block-spacer\"><\/div>\n\n\n\n<h2 class=\"wp-block-heading\">Organiser<\/h2>\n\n\n\n<section class=\"wp-block-agrafa-partners c-partners\"><div class=\"c-partners__items\">\n<a class=\"wp-block-agrafa-partners-item c-partners__item\" href=\"https:\/\/asp.katowice.pl\/en\" target=\"_blank\" rel=\"noreferrer noopener\"><img decoding=\"async\" class=\"c-partners__image\" src=\"http:\/\/agrafa.asp.katowice.pl\/wp-content\/uploads\/2022\/03\/asp\u2014katowice-logo.svg\" alt=\"asp katowice logo\"\/><\/a>\n<\/div><\/section>\n\n\n\n<h2 class=\"wp-block-heading\">Partners<\/h2>\n\n\n\n<section class=\"wp-block-agrafa-partners c-partners\"><div class=\"c-partners__items\">\n<a class=\"wp-block-agrafa-partners-item c-partners__item\" href=\"https:\/\/www.hotelediament.pl\/\" target=\"_blank\" rel=\"noreferrer noopener\"><img data-recalc-dims=\"1\" decoding=\"async\" class=\"c-partners__image\" src=\"https:\/\/i0.wp.com\/agrafa.asp.katowice.pl\/wp-content\/uploads\/2025\/12\/hotele-diament.png\" alt=\"hotele-diament\"\/><\/a>\n<\/div><\/section>\n\n\n\n<h2 class=\"wp-block-heading\">Media patronage<\/h2>\n\n\n\n<section class=\"wp-block-agrafa-partners c-partners\"><div class=\"c-partners__items\">\n<a class=\"wp-block-agrafa-partners-item c-partners__item\" href=\"https:\/\/contemporarylynx.co.uk\/\" target=\"_blank\" rel=\"noreferrer noopener\"><img data-recalc-dims=\"1\" decoding=\"async\" class=\"c-partners__image\" src=\"https:\/\/i0.wp.com\/agrafa.asp.katowice.pl\/wp-content\/uploads\/2025\/11\/contemporary-lynx-3-scaled.png\" alt=\"contemporary-lynx-3-scaled\"\/><\/a>\n\n\n\n<a class=\"wp-block-agrafa-partners-item c-partners__item\" href=\"https:\/\/formy.xyz\/\" target=\"_blank\" rel=\"noreferrer noopener\"><img data-recalc-dims=\"1\" decoding=\"async\" class=\"c-partners__image\" src=\"https:\/\/i0.wp.com\/agrafa.asp.katowice.pl\/wp-content\/uploads\/2025\/12\/formy-1.png?ssl=1\" alt=\"formy-1\"\/><\/a>\n<\/div><\/section>\n\n\n\n<div style=\"height:100px\" aria-hidden=\"true\" class=\"wp-block-spacer\"><\/div>\n\n\n\n<figure class=\"wp-block-gallery alignfull has-nested-images columns-default is-cropped is-style-slideshow wp-block-gallery-2 is-layout-flex wp-block-gallery-is-layout-flex\">\n<figure class=\"wp-block-image size-large\"><img data-recalc-dims=\"1\" loading=\"lazy\" decoding=\"async\" width=\"1024\" height=\"365\" data-id=\"113\" src=\"https:\/\/i0.wp.com\/agrafa.asp.katowice.pl\/wp-content\/uploads\/2021\/11\/2021-gallery-1.jpg?resize=1024%2C365\" alt=\"alt=&quot;&quot;\" class=\"wp-image-113\" srcset=\"https:\/\/i0.wp.com\/agrafa.asp.katowice.pl\/wp-content\/uploads\/2021\/11\/2021-gallery-1-scaled.jpg?resize=1024%2C365&amp;ssl=1 1024w, https:\/\/i0.wp.com\/agrafa.asp.katowice.pl\/wp-content\/uploads\/2021\/11\/2021-gallery-1-scaled.jpg?resize=320%2C114&amp;ssl=1 320w, https:\/\/i0.wp.com\/agrafa.asp.katowice.pl\/wp-content\/uploads\/2021\/11\/2021-gallery-1-scaled.jpg?resize=768%2C274&amp;ssl=1 768w, https:\/\/i0.wp.com\/agrafa.asp.katowice.pl\/wp-content\/uploads\/2021\/11\/2021-gallery-1-scaled.jpg?resize=1536%2C548&amp;ssl=1 1536w, https:\/\/i0.wp.com\/agrafa.asp.katowice.pl\/wp-content\/uploads\/2021\/11\/2021-gallery-1-scaled.jpg?resize=2048%2C730&amp;ssl=1 2048w, https:\/\/i0.wp.com\/agrafa.asp.katowice.pl\/wp-content\/uploads\/2021\/11\/2021-gallery-1-scaled.jpg?resize=1600%2C570&amp;ssl=1 1600w\" sizes=\"auto, (max-width: 1000px) 100vw, 1000px\" \/><\/figure>\n\n\n\n<figure class=\"wp-block-image size-large\"><img data-recalc-dims=\"1\" loading=\"lazy\" decoding=\"async\" width=\"1024\" height=\"366\" data-id=\"11115\" src=\"https:\/\/i0.wp.com\/agrafa.asp.katowice.pl\/wp-content\/uploads\/2025\/12\/2021-gallery-2-1024x366.jpg?resize=1024%2C366&#038;ssl=1\" alt=\"\" class=\"wp-image-11115\" srcset=\"https:\/\/i0.wp.com\/agrafa.asp.katowice.pl\/wp-content\/uploads\/2025\/12\/2021-gallery-2.jpg?resize=1024%2C366&amp;ssl=1 1024w, https:\/\/i0.wp.com\/agrafa.asp.katowice.pl\/wp-content\/uploads\/2025\/12\/2021-gallery-2.jpg?resize=320%2C114&amp;ssl=1 320w, https:\/\/i0.wp.com\/agrafa.asp.katowice.pl\/wp-content\/uploads\/2025\/12\/2021-gallery-2.jpg?resize=768%2C274&amp;ssl=1 768w, https:\/\/i0.wp.com\/agrafa.asp.katowice.pl\/wp-content\/uploads\/2025\/12\/2021-gallery-2.jpg?resize=1536%2C548&amp;ssl=1 1536w, https:\/\/i0.wp.com\/agrafa.asp.katowice.pl\/wp-content\/uploads\/2025\/12\/2021-gallery-2.jpg?resize=2048%2C731&amp;ssl=1 2048w, https:\/\/i0.wp.com\/agrafa.asp.katowice.pl\/wp-content\/uploads\/2025\/12\/2021-gallery-2.jpg?resize=1600%2C571&amp;ssl=1 1600w, https:\/\/i0.wp.com\/agrafa.asp.katowice.pl\/wp-content\/uploads\/2025\/12\/2021-gallery-2.jpg?resize=360%2C129&amp;ssl=1 360w\" sizes=\"auto, (max-width: 1000px) 100vw, 1000px\" \/><\/figure>\n<\/figure>\n\n\n<div class=\"wp-block alignfull c-google-maps\" id=\"map\">\n      <iframe class=\"c-google-maps__map\" loading=\"lazy\" allowfullscreen\n            src=\"https:\/\/www.google.com\/maps\/embed\/v1\/view?center=,&#038;zoom=&#038;key=AIzaSyBbCFJlSeUYCopT6WosURAd6qRwR4S8p9c\"><\/iframe>\n  <\/div>\n\n\n","protected":false},"excerpt":{"rendered":"<p>14.5.\u201315.5. 20269th International Design Conference &amp; 16th Review of Student Design AGRAFA 2026 \u2013 Cycles This time, we would like to invite you to explore the multidimensional meaning of cycles in the world of design. We focus on a systemic approach to design, where every action generates complex reactions in interconnected areas. Our attention is centered on sustainable development and the circular economy, as well as natural cycles as a source of inspiration for contemporary design. The event reflects on the iterative nature of the design process and the role of time in design, exploring the tension between linear and [&hellip;]<\/p>\n","protected":false},"author":11,"featured_media":10437,"parent":0,"menu_order":0,"comment_status":"closed","ping_status":"closed","template":"","meta":{"_acf_changed":false,"footnotes":""},"edition":[44],"class_list":["post-12080","page","type-page","status-publish","has-post-thumbnail","hentry","edition-cycles26"],"acf":[],"yoast_head":"<!-- This site is optimized with the Yoast SEO plugin v27.3 - https:\/\/yoast.com\/product\/yoast-seo-wordpress\/ -->\n<title>Conference AGRAFA - AGRAFA<\/title>\n<meta name=\"robots\" content=\"index, follow, max-snippet:-1, max-image-preview:large, max-video-preview:-1\" \/>\n<link rel=\"canonical\" href=\"https:\/\/agrafa.asp.katowice.pl\/en\/\" \/>\n<meta property=\"og:locale\" content=\"en_US\" \/>\n<meta property=\"og:type\" content=\"article\" \/>\n<meta property=\"og:title\" content=\"Conference AGRAFA - AGRAFA\" \/>\n<meta property=\"og:description\" content=\"14.5.\u201315.5. 20269th International Design Conference &amp; 16th Review of Student Design AGRAFA 2026 \u2013 Cycles This time, we would like to invite you to explore the multidimensional meaning of cycles in the world of design. We focus on a systemic approach to design, where every action generates complex reactions in interconnected areas. Our attention is centered on sustainable development and the circular economy, as well as natural cycles as a source of inspiration for contemporary design. The event reflects on the iterative nature of the design process and the role of time in design, exploring the tension between linear and [&hellip;]\" \/>\n<meta property=\"og:url\" content=\"https:\/\/agrafa.asp.katowice.pl\/en\/\" \/>\n<meta property=\"og:site_name\" content=\"AGRAFA\" \/>\n<meta property=\"article:modified_time\" content=\"2026-04-29T04:35:58+00:00\" \/>\n<meta property=\"og:image\" content=\"http:\/\/agrafa.asp.katowice.pl\/wp-content\/uploads\/2025\/10\/agrafa-baner-czarny-GIF.gif\" \/>\n\t<meta property=\"og:image:width\" content=\"576\" \/>\n\t<meta property=\"og:image:height\" content=\"324\" \/>\n\t<meta property=\"og:image:type\" content=\"image\/gif\" \/>\n<meta name=\"twitter:card\" content=\"summary_large_image\" \/>\n<meta name=\"twitter:label1\" content=\"Est. reading time\" \/>\n\t<meta name=\"twitter:data1\" content=\"23 minutes\" \/>\n<script type=\"application\/ld+json\" class=\"yoast-schema-graph\">{\"@context\":\"https:\\\/\\\/schema.org\",\"@graph\":[{\"@type\":\"WebPage\",\"@id\":\"https:\\\/\\\/agrafa.asp.katowice.pl\\\/en\\\/\",\"url\":\"https:\\\/\\\/agrafa.asp.katowice.pl\\\/en\\\/\",\"name\":\"Conference AGRAFA - AGRAFA\",\"isPartOf\":{\"@id\":\"https:\\\/\\\/agrafa.asp.katowice.pl\\\/#website\"},\"primaryImageOfPage\":{\"@id\":\"https:\\\/\\\/agrafa.asp.katowice.pl\\\/en\\\/#primaryimage\"},\"image\":{\"@id\":\"https:\\\/\\\/agrafa.asp.katowice.pl\\\/en\\\/#primaryimage\"},\"thumbnailUrl\":\"https:\\\/\\\/i0.wp.com\\\/agrafa.asp.katowice.pl\\\/wp-content\\\/uploads\\\/2025\\\/10\\\/agrafa-baner-czarny-GIF.gif?fit=576%2C324&ssl=1\",\"datePublished\":\"2026-04-18T11:00:03+00:00\",\"dateModified\":\"2026-04-29T04:35:58+00:00\",\"breadcrumb\":{\"@id\":\"https:\\\/\\\/agrafa.asp.katowice.pl\\\/en\\\/#breadcrumb\"},\"inLanguage\":\"en-US\",\"potentialAction\":[{\"@type\":\"ReadAction\",\"target\":[\"https:\\\/\\\/agrafa.asp.katowice.pl\\\/en\\\/\"]}]},{\"@type\":\"ImageObject\",\"inLanguage\":\"en-US\",\"@id\":\"https:\\\/\\\/agrafa.asp.katowice.pl\\\/en\\\/#primaryimage\",\"url\":\"https:\\\/\\\/i0.wp.com\\\/agrafa.asp.katowice.pl\\\/wp-content\\\/uploads\\\/2025\\\/10\\\/agrafa-baner-czarny-GIF.gif?fit=576%2C324&ssl=1\",\"contentUrl\":\"https:\\\/\\\/i0.wp.com\\\/agrafa.asp.katowice.pl\\\/wp-content\\\/uploads\\\/2025\\\/10\\\/agrafa-baner-czarny-GIF.gif?fit=576%2C324&ssl=1\",\"width\":576,\"height\":324,\"caption\":\"alt=\\\"cycles.\\\"\"},{\"@type\":\"BreadcrumbList\",\"@id\":\"https:\\\/\\\/agrafa.asp.katowice.pl\\\/en\\\/#breadcrumb\",\"itemListElement\":[{\"@type\":\"ListItem\",\"position\":1,\"name\":\"Home\",\"item\":\"https:\\\/\\\/agrafa.asp.katowice.pl\\\/en\\\/\"},{\"@type\":\"ListItem\",\"position\":2,\"name\":\"Conference AGRAFA\"}]},{\"@type\":\"WebSite\",\"@id\":\"https:\\\/\\\/agrafa.asp.katowice.pl\\\/#website\",\"url\":\"https:\\\/\\\/agrafa.asp.katowice.pl\\\/\",\"name\":\"AGRAFA\",\"description\":\"International design conference &amp; review\",\"potentialAction\":[{\"@type\":\"SearchAction\",\"target\":{\"@type\":\"EntryPoint\",\"urlTemplate\":\"https:\\\/\\\/agrafa.asp.katowice.pl\\\/?s={search_term_string}\"},\"query-input\":{\"@type\":\"PropertyValueSpecification\",\"valueRequired\":true,\"valueName\":\"search_term_string\"}}],\"inLanguage\":\"en-US\"}]}<\/script>\n<!-- \/ Yoast SEO plugin. -->","yoast_head_json":{"title":"Conference AGRAFA - AGRAFA","robots":{"index":"index","follow":"follow","max-snippet":"max-snippet:-1","max-image-preview":"max-image-preview:large","max-video-preview":"max-video-preview:-1"},"canonical":"https:\/\/agrafa.asp.katowice.pl\/en\/","og_locale":"en_US","og_type":"article","og_title":"Conference AGRAFA - AGRAFA","og_description":"14.5.\u201315.5. 20269th International Design Conference &amp; 16th Review of Student Design AGRAFA 2026 \u2013 Cycles This time, we would like to invite you to explore the multidimensional meaning of cycles in the world of design. We focus on a systemic approach to design, where every action generates complex reactions in interconnected areas. Our attention is centered on sustainable development and the circular economy, as well as natural cycles as a source of inspiration for contemporary design. The event reflects on the iterative nature of the design process and the role of time in design, exploring the tension between linear and [&hellip;]","og_url":"https:\/\/agrafa.asp.katowice.pl\/en\/","og_site_name":"AGRAFA","article_modified_time":"2026-04-29T04:35:58+00:00","og_image":[{"url":"http:\/\/agrafa.asp.katowice.pl\/wp-content\/uploads\/2025\/10\/agrafa-baner-czarny-GIF.gif","width":576,"height":324,"type":"image\/gif"}],"twitter_card":"summary_large_image","twitter_misc":{"Est. reading time":"23 minutes"},"schema":{"@context":"https:\/\/schema.org","@graph":[{"@type":"WebPage","@id":"https:\/\/agrafa.asp.katowice.pl\/en\/","url":"https:\/\/agrafa.asp.katowice.pl\/en\/","name":"Conference AGRAFA - AGRAFA","isPartOf":{"@id":"https:\/\/agrafa.asp.katowice.pl\/#website"},"primaryImageOfPage":{"@id":"https:\/\/agrafa.asp.katowice.pl\/en\/#primaryimage"},"image":{"@id":"https:\/\/agrafa.asp.katowice.pl\/en\/#primaryimage"},"thumbnailUrl":"https:\/\/i0.wp.com\/agrafa.asp.katowice.pl\/wp-content\/uploads\/2025\/10\/agrafa-baner-czarny-GIF.gif?fit=576%2C324&ssl=1","datePublished":"2026-04-18T11:00:03+00:00","dateModified":"2026-04-29T04:35:58+00:00","breadcrumb":{"@id":"https:\/\/agrafa.asp.katowice.pl\/en\/#breadcrumb"},"inLanguage":"en-US","potentialAction":[{"@type":"ReadAction","target":["https:\/\/agrafa.asp.katowice.pl\/en\/"]}]},{"@type":"ImageObject","inLanguage":"en-US","@id":"https:\/\/agrafa.asp.katowice.pl\/en\/#primaryimage","url":"https:\/\/i0.wp.com\/agrafa.asp.katowice.pl\/wp-content\/uploads\/2025\/10\/agrafa-baner-czarny-GIF.gif?fit=576%2C324&ssl=1","contentUrl":"https:\/\/i0.wp.com\/agrafa.asp.katowice.pl\/wp-content\/uploads\/2025\/10\/agrafa-baner-czarny-GIF.gif?fit=576%2C324&ssl=1","width":576,"height":324,"caption":"alt=\"cycles.\""},{"@type":"BreadcrumbList","@id":"https:\/\/agrafa.asp.katowice.pl\/en\/#breadcrumb","itemListElement":[{"@type":"ListItem","position":1,"name":"Home","item":"https:\/\/agrafa.asp.katowice.pl\/en\/"},{"@type":"ListItem","position":2,"name":"Conference AGRAFA"}]},{"@type":"WebSite","@id":"https:\/\/agrafa.asp.katowice.pl\/#website","url":"https:\/\/agrafa.asp.katowice.pl\/","name":"AGRAFA","description":"International design conference &amp; review","potentialAction":[{"@type":"SearchAction","target":{"@type":"EntryPoint","urlTemplate":"https:\/\/agrafa.asp.katowice.pl\/?s={search_term_string}"},"query-input":{"@type":"PropertyValueSpecification","valueRequired":true,"valueName":"search_term_string"}}],"inLanguage":"en-US"}]}},"_links":{"self":[{"href":"https:\/\/agrafa.asp.katowice.pl\/en\/wp-json\/wp\/v2\/pages\/12080","targetHints":{"allow":["GET"]}}],"collection":[{"href":"https:\/\/agrafa.asp.katowice.pl\/en\/wp-json\/wp\/v2\/pages"}],"about":[{"href":"https:\/\/agrafa.asp.katowice.pl\/en\/wp-json\/wp\/v2\/types\/page"}],"author":[{"embeddable":true,"href":"https:\/\/agrafa.asp.katowice.pl\/en\/wp-json\/wp\/v2\/users\/11"}],"replies":[{"embeddable":true,"href":"https:\/\/agrafa.asp.katowice.pl\/en\/wp-json\/wp\/v2\/comments?post=12080"}],"version-history":[{"count":104,"href":"https:\/\/agrafa.asp.katowice.pl\/en\/wp-json\/wp\/v2\/pages\/12080\/revisions"}],"predecessor-version":[{"id":14551,"href":"https:\/\/agrafa.asp.katowice.pl\/en\/wp-json\/wp\/v2\/pages\/12080\/revisions\/14551"}],"wp:featuredmedia":[{"embeddable":true,"href":"https:\/\/agrafa.asp.katowice.pl\/en\/wp-json\/wp\/v2\/media\/10437"}],"wp:attachment":[{"href":"https:\/\/agrafa.asp.katowice.pl\/en\/wp-json\/wp\/v2\/media?parent=12080"}],"wp:term":[{"taxonomy":"edition","embeddable":true,"href":"https:\/\/agrafa.asp.katowice.pl\/en\/wp-json\/wp\/v2\/edition?post=12080"}],"curies":[{"name":"wp","href":"https:\/\/api.w.org\/{rel}","templated":true}]}}